{"id":6,"date":"2018-01-14T09:07:17","date_gmt":"2018-01-14T09:07:17","guid":{"rendered":"https:\/\/clubdepoesia.com\/pablomoraguillem\/?page_id=6"},"modified":"2018-01-14T12:29:03","modified_gmt":"2018-01-14T12:29:03","slug":"pablo-mora-guillem-libro-de-poesia-los-versos-de-un-alferez","status":"publish","type":"page","link":"https:\/\/clubdepoesia.com\/pablomoraguillem\/","title":{"rendered":"Pablo Mora Guillem acaba de publicar un libro Los versos de un Alf\u00e9rez"},"content":{"rendered":"<div class=\"wpb-content-wrapper\">[vc_row][vc_column extend=&#8221;false&#8221;][vc_column_text css=&#8221;.vc_custom_1515924981295{margin-top: -30000px !important;}&#8221;]<span style=\"text-decoration: underline;\"><em style=\"text-decoration-line: underline;\"><strong><img fetchpriority=\"high\" decoding=\"async\" class=\"size-full wp-image-7 aligncenter\" src=\"https:\/\/clubdepoesia.com\/pablomoraguillem\/files\/2018\/01\/0PortadaLosversosdeunAlferez.jpg\" alt=\"Los versos de un Alf\u00e9rez de Pablo Mora Guillem\" width=\"211\" height=\"300\" \/>PABLO MORA GUILLEM<\/strong><\/em><u> es el <\/u><em style=\"text-decoration-line: underline;\"><strong>escritor<\/strong><\/em><em><u> de LOS VERSOS DE UN ALF\u00c9REZ<\/u><\/em><u>. <\/u><em style=\"text-decoration-line: underline;\"><strong>El poeta <\/strong><\/em><u>acaba de <\/u><a style=\"text-decoration-line: underline;\" href=\"http:\/\/publicarunlibro.gdn\"><em><strong>publicar un libro <\/strong><\/em><\/a><u>de poes\u00eda con la <\/u><em style=\"text-decoration-line: underline;\"><strong>Editorial Poes\u00eda eres t\u00fa.\u00a0 Considerado como uno de los mejores poetas de Valencia, algunos afirman que es el mejor poeta de Valencia<br \/>\n<\/strong><\/em><\/span><\/p>\n<p>&nbsp;<\/p>\n<h1><\/h1>\n<h1><\/h1>\n<h1><span style=\"text-decoration: underline;\"><em><strong><b><u>LOS VERSOS DE UN ALF\u00c9REZ\u00a0<\/u><\/b>ha sido escrito por PABLO MORA GUILLEM Considerado como uno de los mejores poetas de Valencia, algunos afirman que es el mejor poeta de Valencia<\/strong><\/em><em><strong>. El escritor sabe como <a href=\"http:\/\/publicarunlibro.ovh\">publicar un libro<\/a> de poes\u00eda con la Editorial Poes\u00eda eres t\u00fa<\/strong><\/em><\/span><\/h1>\n<p><em><strong>Trabajamos con distribuidoras de libros que acercan los libros a las librer\u00edas, pero contamos tambi\u00e9n con las siguientes librerias de apoyo en internet para que ning\u00fan lector se quede sin su <a href=\"http:\/\/librodepoesia.com\" target=\"_blank\" rel=\"noopener noreferrer\">libro de poes\u00eda<\/a>: Libreria GEPA, Libreria Website, La librer\u00eda del escritor, El rinc\u00f3n de los libros.<\/strong><\/em><\/p>\n<p><em><strong>Informamos de como publicar un libro y el precio de publicar un libro<\/strong><\/em><\/p>\n<p><em><strong>As\u00ed mismo colaboramos con la <a href=\"http:\/\/editorespoesia.com\">Asociaci\u00f3n de editores de poes\u00eda<\/a> y la <a href=\"http:\/\/escritoresycriticos.com\" target=\"_blank\" rel=\"noopener noreferrer\">Asociaci\u00f3n Madrile\u00f1a de escritores y cr\u00edticos literarios<\/a> (<a href=\"http:\/\/escritoresycriticos.com\" target=\"_blank\" rel=\"noopener noreferrer\">Cr\u00edtica de Madrid<\/a>).<\/strong><\/em><\/p>\n<p><em><strong>Trabajamos con varias imprentas y contamos con nuestra propia <a href=\"http:\/\/artesgraficas.info\/\">imprenta<\/a> Herederos de Izquierdo y Madrid impresores.<\/strong><\/em><\/p>\n<p><em><strong>Puedes conocernos en nuestra p\u00e1gina del Grupo Editorial. Contamos con una sede en Madrid y otra en Jumilla (Murcia)<\/strong><\/em><\/p>\n<p><em><strong>Somos especialitas en la edici\u00f3n del <a href=\"http:\/\/libropoesia.com\/\" target=\"_blank\" rel=\"noopener noreferrer\">libro de poes\u00eda<\/a><\/strong><\/em><\/p>\n<h2><span style=\"text-decoration: underline;\"><em><strong>PABLO MORA GUILLEM Considerado como uno de los mejores poetas de Valencia, algunos afirman que es el mejor poeta de Valencia es el escritor de <\/strong><\/em><\/span><span style=\"text-decoration: underline;\"><em><strong><u><b><\/b><\/u>LOS VERSOS DE UN ALF\u00c9REZ. El poeta conoce el precio de <a href=\"http:\/\/publicarunlibro.pro\">publicar un libro<\/a> de poes\u00eda con la Editorial Poes\u00eda eres t\u00fa<\/strong><\/em><\/span><\/h2>\n<h3><span style=\"text-decoration: underline;\"><em><strong>PABLO MORA GUILLEM Considerado como uno de los mejores poetas de Valencia, algunos afirman que es el mejor poeta de Valencia es el escritor de <u><b><\/b>LOS VERSOS DE UN ALF\u00c9REZ<\/u><\/strong><\/em><em><strong>. <\/strong><\/em><em><strong>La poeta <\/strong><\/em><em><strong>sabe como <a href=\"http:\/\/publicarunlibro.xyz\">publicar un libro<\/a> de poes\u00eda con la Editorial Poes\u00eda eres t\u00fa<\/strong><\/em><\/span><\/h3>\n<h3><span style=\"text-decoration: underline;\"><em><strong>PABLO MORA GUILLEM considerado como uno de los mejores poetas de Valencia, algunos afirman que es el mejor poeta de Valencia es el escritor de <u><b><\/b><\/u><\/strong><\/em><em><strong>LOS VERSOS DE UN ALF\u00c9REZ. La poeta sabe el precio de <a href=\"http:\/\/publicarunlibro.info\">publicar un libro<\/a> de poes\u00eda con la Editorial Poes\u00eda eres t\u00fa<\/strong><\/em><\/span><\/h3>\n<p>&nbsp;<\/p>\n<p><span style=\"text-decoration: underline;\"><em><strong>El <a href=\"http:\/\/grupoeditorialperezayala.com\">Grupo Editorial P\u00e9rez-Ayala<\/a>, est\u00e1 formado por los siguientes sellos <a href=\"http:\/\/editorialpoesia.com\" target=\"_blank\" rel=\"noopener noreferrer\">editoriales<\/a>: <a href=\"http:\/\/poesiaerestu.com\" target=\"_blank\" rel=\"noopener noreferrer\">Editorial Poes\u00eda eres t\u00fa<\/a>, <a href=\"http:\/\/edicionesrilke.com\" target=\"_blank\" rel=\"noopener noreferrer\">Ediciones Rilke<\/a> <a href=\"http:\/\/editorialpoesia.com\" target=\"_blank\" rel=\"noopener noreferrer\">Editorial poes\u00eda<\/a>, <a href=\"http:\/\/editorial.org.es\" target=\"_blank\" rel=\"noopener noreferrer\">Editorial<\/a> <a href=\"http:\/\/edicionesamaniel.com\" target=\"_blank\" rel=\"noopener noreferrer\">Ediciones Amaniel<\/a>, <a href=\"http:\/\/editorial.org.es\" target=\"_blank\" rel=\"noopener noreferrer\">Editorial<\/a> <a href=\"http:\/\/edicionesazorin.com\" target=\"_blank\" rel=\"noopener noreferrer\">Ediciones Azor\u00edn un sello regional para Alicante y Murcia<\/a>.<\/strong><\/em><\/span><\/p>\n<p><span style=\"text-decoration: underline;\"><em><strong>Para ayudar a la promoci\u00f3n de los libros contamos con diferentes plataformas en internet como <a href=\"http:\/\/poesiatv.com\" target=\"_blank\" rel=\"noopener noreferrer\">Poes\u00eda Televisi\u00f3n<\/a>, <a href=\"http:\/\/librodepoesia.com\" target=\"_blank\" rel=\"noopener noreferrer\">libro de poes\u00eda<\/a>, Club de poes\u00eda, Blog de escritor, Blog de poes\u00eda, <a href=\"https:\/\/agenciadellibro.com\" target=\"_blank\" rel=\"noopener noreferrer\">Agencia del libro<\/a>, Plataforma IV Centenario, Primer centenario, Nuestras librerias, <a href=\"http:\/\/publicarlibro.com.es\" target=\"_blank\" rel=\"noopener noreferrer\">Publicar libro<\/a> &#8211; <a href=\"http:\/\/publicarlibro.es\" target=\"_blank\" rel=\"noopener noreferrer\">Publicar un libro<\/a>, Revista Poes\u00eda eres t\u00fa, Antolog\u00edas po\u00e9ticas, <a href=\"http:\/\/poesiapoetas.com\" target=\"_blank\" rel=\"noopener noreferrer\">Poes\u00eda y poetas<\/a>, Gloria Fuertes, Blas de Otero, Rub\u00e9n Dar\u00edo, <a href=\"https:\/\/carmenconde.es\">Carmen Conde<\/a>.<br \/>\n<\/strong><\/em><\/span>[\/vc_column_text][\/vc_column][\/vc_row][vc_row][vc_column extend=&#8221;false&#8221;][layerslider_vc id=&#8221;1&#8243;][\/vc_column][\/vc_row][vc_row][vc_column extend=&#8221;false&#8221; width=&#8221;1\/2&#8243;]<div class=\"ult-content-box-container \" >\t\t<div class=\"ult-content-box\" style=\"background-color:rgba(255,255,255,0.49);box-shadow: px px 8px px #f2f2f2 none;border-style:none;-webkit-transition: all 700ms ease;-moz-transition: all 700ms ease;-ms-transition: all 700ms ease;-o-transition: all 700ms ease;transition: all 700ms ease;\"  data-hover_box_shadow=\"none\"     data-bg=\"rgba(255,255,255,0.49)\"  data-border_color=\"\" >[vc_column_text css=&#8221;.vc_custom_1515917306246{padding-top: 15% !important;padding-right: 15% !important;padding-bottom: 15% !important;padding-left: 15% !important;}&#8221;]Pablo Mora Guillem (Valencia, 1995), es descendiente de una familia de pastores de Valdemeca, pueblo ubicado en la Serran\u00eda Alta de Cuenca. En el a\u00f1o 2013, ingres\u00f3 en la escala de Oficiales de las Fuerzas Armadas y actualmente contin\u00faa su formaci\u00f3n en la Academia General Militar de Zaragoza, ostentando el empleo de Alf\u00e9rez del Cuerpo General del Ej\u00e9rcito de Tierra. Sus or\u00edgenes provenientes de un mundo rural ya olvidado, las circunstancias de su vida soldadesca y su gran admiraci\u00f3n a los cl\u00e1sicos de la literatura espa\u00f1ola, han sido las influencias que han resultado en un estilo po\u00e9tico ajeno al verso libre y las tendencias m\u00e1s contempor\u00e1neas, llegando a mezclar las tintas del pasado con las actuales.<\/p>\n<p>&nbsp;<\/p>\n<span class='bctt-click-to-tweet'><span class='bctt-ctt-text'><a href='https:\/\/x.com\/intent\/tweet?url=https%3A%2F%2Fclubdepoesia.com%2Fpablomoraguillem%2F&#038;text=Pablo%20Mora%20Guillem.%20Escritor%20y%20poeta%20de%20Valencia.&#038;related' target='_blank'rel=\"noopener noreferrer\">Pablo Mora Guillem. Escritor y poeta de Valencia. <\/a><\/span><a href='https:\/\/x.com\/intent\/tweet?url=https%3A%2F%2Fclubdepoesia.com%2Fpablomoraguillem%2F&#038;text=Pablo%20Mora%20Guillem.%20Escritor%20y%20poeta%20de%20Valencia.&#038;related' target='_blank' class='bctt-ctt-btn'rel=\"noopener noreferrer\">Compartir en X<\/a><\/span>[\/vc_column_text]\t\t<\/div><\/div>[\/vc_column][vc_column extend=&#8221;false&#8221; width=&#8221;1\/2&#8243;][vc_single_image image=&#8221;10&#8243; img_size=&#8221;full&#8221; alignment=&#8221;center&#8221;][\/vc_column][\/vc_row][vc_row][vc_column extend=&#8221;false&#8221;]<div class=\"gambit_fullheight_row\" data-content-location=\"center\" style=\"display: none\"><\/div><div class='gambit_parallax_row' data-bg-align='' data-direction='fixed' data-opacity='100' data-velocity='-0.3' data-mobile-enabled='parallax-enable-mobile' data-bg-height='768' data-bg-width='1151' data-bg-image='https:\/\/clubdepoesia.com\/pablomoraguillem\/files\/2018\/01\/davide-cantelli-153517.jpg' data-bg-repeat='false' data-id='' style='display: none'><\/div>[\/vc_column][\/vc_row][vc_row][vc_column extend=&#8221;false&#8221;]<div class=\"gambit_fullheight_row\" data-content-location=\"center\" style=\"display: none\"><\/div><div id=\"uvc-type-wrap-3884\"  data-ultimate-target='#uvc-type-wrap-3884'  data-responsive-json-new='{\"font-size\":\"\",\"line-height\":\"\"}'  class=\"uvc-type-wrap vc_custom_1515917329352 ult-adjust-bottom-margin ult-responsive  uvc-type-align-center uvc-type-no-prefix uvc-wrap-34269328569eed713e02aa\" style=\"text-align:center;\"><span id=\"typed-34269328569eed713e02aa\" class=\"ultimate-typed-main \" style=\" font-weight:normal; text-transform: unset;\"><\/span><script type=\"text\/javascript\">\n\t\t\t\t\t\tjQuery(function($){ \n\t\t\t\t\t\t\t$(document).ready(function(){\n\t\t\t\t\t\t\t\tif( typeof jQuery(\"#typed-34269328569eed713e02aa\").typed == \"function\"){\n\t\t\t\t\t\t\t\t\t$(\"#typed-34269328569eed713e02aa\").typed({\n\t\t\t\t\t\t\t\t\t\tstrings: [\"Los versos de un Alf\u00e9rez, es una recopilaci\u00f3n de poemas con tem\u00e1tica muy diversa. No obstante, cuentan con un denominador com\u00fan, nos hablan desde la juventud. Abrazar la vida en cada instante, aprovechar el ef\u00edmero momento, valorar a la libertad como principal bien del hombre, vivir el amor con intensidad o apreciar la belleza que la naturaleza nos ofrece, son algunas de las muchas ideas que nos transmite esta obra, mayormente autobiogr\u00e1fica.\"],\n\t\t\t\t\t\t\t\t\t\ttypeSpeed: 35,\n\t\t\t\t\t\t\t\t\t\tbackSpeed: 0,\n\t\t\t\t\t\t\t\t\t\tstartDelay: \"200\",\n\t\t\t\t\t\t\t\t\t\tbackDelay: \"1500\",\n\t\t\t\t\t\t\t\t\t\tloop: true,\n\t\t\t\t\t\t\t\t\t\tloopCount: false,\n\t\t\t\t\t\t\t\t\t\tshowCursor: true,\n\t\t\t\t\t\t\t\t\t\tcursorChar: \"|\",\n\t\t\t\t\t\t\t\t\t\tattr: null\n\t\t\t\t\t\t\t\t\t});\n\t\t\t\t\t\t\t\t}\n\t\t\t\t\t\t\t});\n\t\t\t\t\t\t});\n\t\t\t\t\t<\/script><\/div>[\/vc_column][\/vc_row][vc_row][vc_column extend=&#8221;false&#8221;]<div class=\"gambit_fullheight_row\" data-content-location=\"center\" style=\"display: none\"><\/div><div class='gambit_parallax_row' data-bg-align='' data-direction='fixed' data-opacity='100' data-velocity='-0.3' data-mobile-enabled='parallax-enable-mobile' data-bg-height='768' data-bg-width='1151' data-bg-image='https:\/\/clubdepoesia.com\/pablomoraguillem\/files\/2018\/01\/ehud-neuhaus-153527.jpg' data-bg-repeat='false' data-id='' style='display: none'><\/div>[\/vc_column][\/vc_row][vc_row][vc_column extend=&#8221;false&#8221;][vc_column_text css=&#8221;.vc_custom_1515925096177{margin-top: -30000px !important;}&#8221;]<span style=\"text-decoration: underline;\"><em style=\"text-decoration-line: underline;\"><strong><img fetchpriority=\"high\" decoding=\"async\" class=\"size-full wp-image-7 aligncenter\" src=\"https:\/\/clubdepoesia.com\/pablomoraguillem\/files\/2018\/01\/0PortadaLosversosdeunAlferez.jpg\" alt=\"Los versos de un Alf\u00e9rez de Pablo Mora Guillem\" width=\"211\" height=\"300\" \/><\/strong><\/em><\/span><\/p>\n<p><em><strong>El <a href=\"http:\/\/grupoeditorialperezayala.com\">Grupo Editorial P\u00e9rez-Ayala<\/a>, est\u00e1 formado por los siguientes sellos <a href=\"http:\/\/editorialpoesia.com\" target=\"_blank\" rel=\"noopener noreferrer\">editoriales<\/a>: <a href=\"http:\/\/poesiaerestu.com\" target=\"_blank\" rel=\"noopener noreferrer\">Editorial Poes\u00eda eres t\u00fa<\/a>, <a href=\"http:\/\/edicionesrilke.com\" target=\"_blank\" rel=\"noopener noreferrer\">Ediciones Rilke<\/a> <a href=\"http:\/\/editorialpoesia.com\" target=\"_blank\" rel=\"noopener noreferrer\">Editorial poes\u00eda<\/a>, <a href=\"http:\/\/editorial.org.es\" target=\"_blank\" rel=\"noopener noreferrer\">Editorial<\/a> <a href=\"http:\/\/edicionesamaniel.com\" target=\"_blank\" rel=\"noopener noreferrer\">Ediciones Amaniel<\/a>, <a href=\"http:\/\/editorial.org.es\" target=\"_blank\" rel=\"noopener noreferrer\">Editorial<\/a> <a href=\"http:\/\/edicionesazorin.com\" target=\"_blank\" rel=\"noopener noreferrer\">Ediciones Azor\u00edn un sello regional para Alicante y Murcia<\/a>.<\/strong><\/em><\/p>\n<p><em><strong>Para ayudar a la promoci\u00f3n de los libros contamos con diferentes plataformas en internet como <a href=\"http:\/\/poesiatv.com\" target=\"_blank\" rel=\"noopener noreferrer\">Poes\u00eda Televisi\u00f3n<\/a>, <a href=\"http:\/\/librodepoesia.com\" target=\"_blank\" rel=\"noopener noreferrer\">libro de poes\u00eda<\/a>, Club de poes\u00eda, Blog de escritor, Blog de poes\u00eda, <a href=\"https:\/\/agenciadellibro.com\" target=\"_blank\" rel=\"noopener noreferrer\">Agencia del libro<\/a>, Plataforma IV Centenario, Primer centenario, Nuestras librerias, <a href=\"http:\/\/publicarlibro.com.es\" target=\"_blank\" rel=\"noopener noreferrer\">Publicar libro<\/a> &#8211; <a href=\"http:\/\/publicarlibro.es\" target=\"_blank\" rel=\"noopener noreferrer\">Publicar un libro<\/a>, Revista Poes\u00eda eres t\u00fa, Antolog\u00edas po\u00e9ticas, <a href=\"http:\/\/poesiapoetas.com\" target=\"_blank\" rel=\"noopener noreferrer\">Poes\u00eda y poetas<\/a>, Gloria Fuertes, Blas de Otero, Rub\u00e9n Dar\u00edo, <a href=\"https:\/\/carmenconde.es\">Carmen Conde<\/a>.<\/strong><\/em><\/p>\n<p>&nbsp;<\/p>\n<p><span style=\"text-decoration: underline;\"><em style=\"text-decoration-line: underline;\"><strong>PABLO MORA GUILLEM<\/strong><\/em><u> es el <\/u><em style=\"text-decoration-line: underline;\"><strong>escritor<\/strong><\/em><em><u> de LOS VERSOS DE UN ALF\u00c9REZ<\/u><\/em><u>. <\/u><em style=\"text-decoration-line: underline;\"><strong>El poeta <\/strong><\/em><u>acaba de <\/u><a style=\"text-decoration-line: underline;\" href=\"http:\/\/publicarunlibro.gdn\"><em><strong>publicar un libro <\/strong><\/em><\/a><u>de poes\u00eda con la <\/u><em style=\"text-decoration-line: underline;\"><strong>Editorial Poes\u00eda eres t\u00fa<\/strong><\/em><\/span><\/p>\n<p>&nbsp;<\/p>\n<h1><\/h1>\n<h1><\/h1>\n<h1><span style=\"text-decoration: underline;\"><em><strong><b><u>LOS VERSOS DE UN ALF\u00c9REZ\u00a0<\/u><\/b>ha sido escrito por PABLO MORA GUILLEM considerado como uno de los mejores poetas de Valencia, algunos afirman que es el mejor poeta de Valencia<\/strong><\/em><em><strong>. El escritor sabe como <a href=\"http:\/\/publicarunlibro.ovh\">publicar un libro<\/a> de poes\u00eda con la Editorial Poes\u00eda eres t\u00fa<\/strong><\/em><\/span><\/h1>\n<p><em><strong>Trabajamos con distribuidoras de libros que acercan los libros a las librer\u00edas, pero contamos tambi\u00e9n con las siguientes librerias de apoyo en internet para que ning\u00fan lector se quede sin su <a href=\"http:\/\/librodepoesia.com\" target=\"_blank\" rel=\"noopener noreferrer\">libro de poes\u00eda<\/a>: Libreria GEPA, Libreria Website, La librer\u00eda del escritor, El rinc\u00f3n de los libros.<\/strong><\/em><\/p>\n<p><em><strong>Informamos de como publicar un libro y el precio de publicar un libro<\/strong><\/em><\/p>\n<p><em><strong>As\u00ed mismo colaboramos con la <a href=\"http:\/\/editorespoesia.com\">Asociaci\u00f3n de editores de poes\u00eda<\/a> y la <a href=\"http:\/\/escritoresycriticos.com\" target=\"_blank\" rel=\"noopener noreferrer\">Asociaci\u00f3n Madrile\u00f1a de escritores y cr\u00edticos literarios<\/a> (<a href=\"http:\/\/escritoresycriticos.com\" target=\"_blank\" rel=\"noopener noreferrer\">Cr\u00edtica de Madrid<\/a>).<\/strong><\/em><\/p>\n<p><em><strong>Trabajamos con varias imprentas y contamos con nuestra propia <a href=\"http:\/\/artesgraficas.info\/\">imprenta<\/a> Herederos de Izquierdo y Madrid impresores.<\/strong><\/em><\/p>\n<p><em><strong>Puedes conocernos en nuestra p\u00e1gina del Grupo Editorial. Contamos con una sede en Madrid y otra en Jumilla (Murcia)<\/strong><\/em><\/p>\n<p><em><strong>Somos especialitas en la edici\u00f3n del <a href=\"http:\/\/libropoesia.com\/\" target=\"_blank\" rel=\"noopener noreferrer\">libro de poes\u00eda<\/a><\/strong><\/em><\/p>\n<h2><span style=\"text-decoration: underline;\"><em><strong>PABLO MORA GUILLEM considerado como uno de los mejores poetas de Valencia, algunos afirman que es el mejor poeta de Valenciaes el escritor de <\/strong><\/em><\/span><span style=\"text-decoration: underline;\"><em><strong><u><b><\/b><\/u>LOS VERSOS DE UN ALF\u00c9REZ. El poeta conoce el precio de <a href=\"http:\/\/publicarunlibro.pro\">publicar un libro<\/a> de poes\u00eda con la Editorial Poes\u00eda eres t\u00fa<\/strong><\/em><\/span><\/h2>\n<h3><span style=\"text-decoration: underline;\"><em><strong>PABLO MORA GUILLEM considerado como uno de los mejores poetas de Valencia, algunos afirman que es el mejor poeta de Valencia es el escritor de <u><b><\/b>LOS VERSOS DE UN ALF\u00c9REZ<\/u><\/strong><\/em><em><strong>. <\/strong><\/em><em><strong>La poeta <\/strong><\/em><em><strong>sabe como <a href=\"http:\/\/publicarunlibro.xyz\">publicar un libro<\/a> de poes\u00eda con la Editorial Poes\u00eda eres t\u00fa<\/strong><\/em><\/span><\/h3>\n<h3><span style=\"text-decoration: underline;\"><em><strong>PABLO MORA GUILLEM considerado como uno de los mejores poetas de Valencia, algunos afirman que es el mejor poeta de Valencia es el escritor de <u><b><\/b><\/u><\/strong><\/em><em><strong>LOS VERSOS DE UN ALF\u00c9REZ. La poeta sabe el precio de <a href=\"http:\/\/publicarunlibro.info\">publicar un libro<\/a> de poes\u00eda con la Editorial Poes\u00eda eres t\u00fa<\/strong><\/em><\/span><\/h3>\n<p>&nbsp;<\/p>\n<p><span style=\"text-decoration: underline;\"><em><strong>\u00a0<\/strong><\/em><\/span>[\/vc_column_text][\/vc_column][\/vc_row]\n<\/div>","protected":false},"excerpt":{"rendered":"<p>[vc_row][vc_column extend=&#8221;false&#8221;][vc_column_text css=&#8221;.vc_custom_1515924981295{margin-top: -30000px !important;}&#8221;]PABLO MORA GUILLEM es el escritor de LOS VERSOS DE UN ALF\u00c9REZ. El poeta acaba de publicar un libro de poes\u00eda con la Editorial Poes\u00eda eres t\u00fa.\u00a0 Considerado como uno de los mejores poetas de Valencia, algunos afirman que es el mejor poeta de Valencia &nbsp; LOS VERSOS DE UN ALF\u00c9REZ\u00a0ha [&hellip;]<\/p>\n","protected":false},"author":24,"featured_media":0,"parent":0,"menu_order":0,"comment_status":"closed","ping_status":"closed","template":"","meta":{"footnotes":"","_links_to":"","_links_to_target":""},"class_list":["post-6","page","type-page","status-publish","hentry"],"_links":{"self":[{"href":"https:\/\/clubdepoesia.com\/pablomoraguillem\/wp-json\/wp\/v2\/pages\/6","targetHints":{"allow":["GET"]}}],"collection":[{"href":"https:\/\/clubdepoesia.com\/pablomoraguillem\/wp-json\/wp\/v2\/pages"}],"about":[{"href":"https:\/\/clubdepoesia.com\/pablomoraguillem\/wp-json\/wp\/v2\/types\/page"}],"author":[{"embeddable":true,"href":"https:\/\/clubdepoesia.com\/pablomoraguillem\/wp-json\/wp\/v2\/users\/24"}],"replies":[{"embeddable":true,"href":"https:\/\/clubdepoesia.com\/pablomoraguillem\/wp-json\/wp\/v2\/comments?post=6"}],"version-history":[{"count":0,"href":"https:\/\/clubdepoesia.com\/pablomoraguillem\/wp-json\/wp\/v2\/pages\/6\/revisions"}],"wp:attachment":[{"href":"https:\/\/clubdepoesia.com\/pablomoraguillem\/wp-json\/wp\/v2\/media?parent=6"}],"curies":[{"name":"wp","href":"https:\/\/api.w.org\/{rel}","templated":true}]}}