{"id":5,"date":"2018-01-14T11:45:34","date_gmt":"2018-01-14T11:45:34","guid":{"rendered":"https:\/\/clubdepoesia.com\/pablomoraguillem\/?page_id=5"},"modified":"2018-01-14T11:50:15","modified_gmt":"2018-01-14T11:50:15","slug":"poesia-pablo-mora-guillem-del-libro-los-versos-alferez","status":"publish","type":"page","link":"https:\/\/clubdepoesia.com\/pablomoraguillem\/poesia-pablo-mora-guillem-del-libro-los-versos-alferez\/","title":{"rendered":"Poes\u00eda de Pablo Mora Guill\u00e9m del libro Los versos de un Alf\u00e9rez"},"content":{"rendered":"<div class=\"wpb-content-wrapper\">[vc_row][vc_column extend=&#8221;false&#8221;][vc_column_text css=&#8221;.vc_custom_1515928769784{margin-top: -30000px !important;}&#8221;]<span style=\"text-decoration: underline;\"><em><strong>Poes\u00eda del libro LOS VERSOS DE UN ALF\u00c9REZ\u00a0 de Pablo Mora Guillem. El autor nos da una muestra tras <a href=\"http:\/\/poesiaerestu.com\">publicar un libro<\/a>.<\/strong><\/em><\/span><\/p>\n<h1><span style=\"text-decoration: underline;\"><em><strong><img fetchpriority=\"high\" decoding=\"async\" class=\"aligncenter size-full wp-image-23\" src=\"https:\/\/clubdepoesia.com\/pablomoraguillem\/files\/2018\/01\/book5losversosdeunalferez.png\" alt=\"LOS VERSOS DE UN ALF\u00c9REZ\" width=\"839\" height=\"794\" srcset=\"https:\/\/clubdepoesia.com\/pablomoraguillem\/files\/2018\/01\/book5losversosdeunalferez.png 839w, https:\/\/clubdepoesia.com\/pablomoraguillem\/files\/2018\/01\/book5losversosdeunalferez-300x284.png 300w, https:\/\/clubdepoesia.com\/pablomoraguillem\/files\/2018\/01\/book5losversosdeunalferez-768x727.png 768w\" sizes=\"(max-width: 839px) 100vw, 839px\" \/>Poes\u00eda del libro LOS VERSOS DE UN ALF\u00c9REZ de Pablo Mora Guillem . El autor nos da una muestra tras <a href=\"https:\/\/agenciadellibro.com\">publicar un libro<\/a>.<\/strong><\/em><\/span><\/h1>\n<h2><span style=\"text-decoration: underline;\"><em><strong>Poes\u00eda del libro LOS VERSOS DE UN ALF\u00c9REZ de Pablo Mora Guillem. El autor nos da una muestra tras <a href=\"http:\/\/edicionesmaniel.com\">publicar un libro<\/a>.<\/strong><\/em><\/span><\/h2>\n<h3><span style=\"text-decoration: underline;\"><em><strong>Poes\u00eda del libro LOS VERSOS DE UN ALF\u00c9REZ de Pablo Mora Guillem. El autor nos da una muestra tras <a href=\"http:\/\/edicionesrilke.com\">publicar un libro<\/a>.<\/strong><\/em><\/span><\/h3>\n<h4><span style=\"text-decoration: underline;\"><em><strong>Poes\u00eda del libro LOS VERSOS DE UN ALF\u00c9REZ de Pablo Mora Guillem . El autor nos da una muestra tras <a href=\"http:\/\/edicionesazorin.com\">publicar un libro<\/a>.<\/strong><\/em><\/span><\/h4>\n[\/vc_column_text][\/vc_column][\/vc_row][vc_row][vc_column extend=&#8221;false&#8221;]<div class='gambit_parallax_row' data-bg-align='' data-direction='fixed' data-opacity='100' data-velocity='-0.3' data-mobile-enabled='' data-bg-height='768' data-bg-width='1152' data-bg-image='https:\/\/clubdepoesia.com\/pablomoraguillem\/files\/2018\/01\/72-Medium_WEB.jpg' data-bg-repeat='false' data-id='' style='display: none'><\/div><div class=\"gambit_fullheight_row\" data-content-location=\"center\" style=\"display: none\"><\/div>[\/vc_column][\/vc_row][vc_row][vc_column extend=&#8221;false&#8221;][vc_column_text]\n<h1><strong>Estudio<\/strong><\/h1>\n<p>&nbsp;<\/p>\n<p>Lejos de la realidad,<\/p>\n<p>privado de libertad<\/p>\n<p>entre cuatro paredes preso<\/p>\n<p>y estudiando en exceso.<\/p>\n<p>&nbsp;<\/p>\n<p>Pasan mil d\u00edas semejantes,<\/p>\n<p>tu espacio se hace m\u00e1s peque\u00f1o,<\/p>\n<p>acabar\u00e1s perdiendo el sue\u00f1o<\/p>\n<p>en pesadillas delirantes.<\/p>\n<p>&nbsp;<\/p>\n<p>Si tu camisa es gris<\/p>\n<p>tu vida lo ser\u00e1 m\u00e1s,<\/p>\n<p>pero alg\u00fan d\u00eda, Cadete,<\/p>\n<p>Oficial de Espa\u00f1a ser\u00e1s.<\/p>\n<p>&nbsp;<\/p>\n<span class='bctt-click-to-tweet'><span class='bctt-ctt-text'><a href='https:\/\/x.com\/intent\/tweet?url=https%3A%2F%2Fclubdepoesia.com%2Fpablomoraguillem%2Fpoesia-pablo-mora-guillem-del-libro-los-versos-alferez%2F&#038;text=Estudio%20del%20libro%20Los%20versos%20de%20un%20Alf%C3%A9rez%20de%20Pablo%20Mora%20Guillem&#038;via=poesiaerestu&#038;related=poesiaerestu' target='_blank'rel=\"noopener noreferrer\">Estudio del libro Los versos de un Alf\u00e9rez de Pablo Mora Guillem <\/a><\/span><a href='https:\/\/x.com\/intent\/tweet?url=https%3A%2F%2Fclubdepoesia.com%2Fpablomoraguillem%2Fpoesia-pablo-mora-guillem-del-libro-los-versos-alferez%2F&#038;text=Estudio%20del%20libro%20Los%20versos%20de%20un%20Alf%C3%A9rez%20de%20Pablo%20Mora%20Guillem&#038;via=poesiaerestu&#038;related=poesiaerestu' target='_blank' class='bctt-ctt-btn'rel=\"noopener noreferrer\">Compartir en X<\/a><\/span>[\/vc_column_text][\/vc_column][\/vc_row][vc_row][vc_column extend=&#8221;false&#8221;]<div class='gambit_parallax_row' data-bg-align='' data-direction='fixed' data-opacity='100' data-velocity='-0.3' data-mobile-enabled='' data-bg-height='768' data-bg-width='553' data-bg-image='https:\/\/clubdepoesia.com\/pablomoraguillem\/files\/2018\/01\/dakota-corbin-271468.jpg' data-bg-repeat='false' data-id='' style='display: none'><\/div><div class=\"gambit_fullheight_row\" data-content-location=\"center\" style=\"display: none\"><\/div>[\/vc_column][\/vc_row][vc_row][vc_column extend=&#8221;false&#8221;][vc_column_text]\n<h1><strong>Euforia<\/strong><\/h1>\n<p>&nbsp;<\/p>\n<p>Cuando el mundo todo, cabe en la mano,<\/p>\n<p>los mares son cuesti\u00f3n de un salo trago,<\/p>\n<p>cualquier acto menudo no es en vano<\/p>\n<p>y hasta los infortunios, son halagos.<\/p>\n<p>&nbsp;<\/p>\n<p>Puedes sentir m\u00e1s fuerza que un gigante<\/p>\n<p>porque aquesta no viene de los brazos,<\/p>\n<p>que en el de la euforia, desmedido instante,<\/p>\n<p>hasta el peque\u00f1o obra grandes trazos.<\/p>\n<p>&nbsp;<\/p>\n<p>La m\u00e1s cuerda de todas las locuras,<\/p>\n<p>no es mejor que el momento aqu\u00ed descrito,<\/p>\n<p>nacido de pasi\u00f3n y bravuras.<\/p>\n<p>&nbsp;<\/p>\n<p>\u00a1Corre, grita, saborea la gloria!<\/p>\n<p>\u00a1Vuela y baila en el presente infinito!<\/p>\n<p>\u00a1Siente en tus venas rugir a la euforia!<\/p>\n<span class='bctt-click-to-tweet'><span class='bctt-ctt-text'><a href='https:\/\/x.com\/intent\/tweet?url=https%3A%2F%2Fclubdepoesia.com%2Fpablomoraguillem%2Fpoesia-pablo-mora-guillem-del-libro-los-versos-alferez%2F&#038;text=Euforia%20del%20libro%20Los%20versos%20de%20un%20Alf%C3%A9rez%20de%20Pablo%20Mora%20Guillem&#038;via=poesiaerestu&#038;related=poesiaerestu' target='_blank'rel=\"noopener noreferrer\">Euforia del libro Los versos de un Alf\u00e9rez de Pablo Mora Guillem <\/a><\/span><a href='https:\/\/x.com\/intent\/tweet?url=https%3A%2F%2Fclubdepoesia.com%2Fpablomoraguillem%2Fpoesia-pablo-mora-guillem-del-libro-los-versos-alferez%2F&#038;text=Euforia%20del%20libro%20Los%20versos%20de%20un%20Alf%C3%A9rez%20de%20Pablo%20Mora%20Guillem&#038;via=poesiaerestu&#038;related=poesiaerestu' target='_blank' class='bctt-ctt-btn'rel=\"noopener noreferrer\">Compartir en X<\/a><\/span>[\/vc_column_text][\/vc_column][\/vc_row][vc_row][vc_column extend=&#8221;false&#8221;]<div class='gambit_parallax_row' data-bg-align='' data-direction='fixed' data-opacity='100' data-velocity='-0.3' data-mobile-enabled='' data-bg-height='768' data-bg-width='1202' data-bg-image='https:\/\/clubdepoesia.com\/pablomoraguillem\/files\/2018\/01\/mj-s-71657-Medium.jpg' data-bg-repeat='false' data-id='' style='display: none'><\/div><div class=\"gambit_fullheight_row\" data-content-location=\"center\" style=\"display: none\"><\/div>[\/vc_column][\/vc_row][vc_row][vc_column extend=&#8221;false&#8221;][vc_column_text]\n<h1><a name=\"_Toc501195515\"><\/a><strong>A Masha<\/strong><\/h1>\n<p>&nbsp;<\/p>\n<h1><a name=\"_Toc501195516\"><\/a><strong>I<\/strong><\/h1>\n<p>&nbsp;<\/p>\n<p>Por siglo que pase, este amor incierto<\/p>\n<p>sin dar cuenta al tiempo amor habr\u00e1 sido,<\/p>\n<p>que mi coraz\u00f3n mantendr\u00e1s asido<\/p>\n<p>aun cuando del sue\u00f1o me halle despierto.<\/p>\n<p>&nbsp;<\/p>\n<p>Quien arriesga no sabe del acierto,<\/p>\n<p>y arriesgando mi ser y centro herido,<\/p>\n<p>a\u00fan m\u00e1s lejos de Mosc\u00fa hubiera ido<\/p>\n<p>por dar a tu estima mayor concierto.<\/p>\n<p>&nbsp;<\/p>\n<p>J\u00fazgame como soy, enamorado,<\/p>\n<p>que en este estado no hay acto discreto<\/p>\n<p>y mi fe y locura no han mudado,<\/p>\n<p>&nbsp;<\/p>\n<p>ni mi juicio sin verte andar\u00e1 quieto,<\/p>\n<p>y aunque es verso cada d\u00eda esperado<\/p>\n<p>no dormir\u00e9 hasta acabar tu soneto.<\/p>\n<p>&nbsp;<\/p>\n<p>&nbsp;<\/p>\n<p>&nbsp;<\/p>\n<span class='bctt-click-to-tweet'><span class='bctt-ctt-text'><a href='https:\/\/x.com\/intent\/tweet?url=https%3A%2F%2Fclubdepoesia.com%2Fpablomoraguillem%2Fpoesia-pablo-mora-guillem-del-libro-los-versos-alferez%2F&#038;text=A%20Masha%20del%20libro%20Los%20versos%20de%20un%20Alf%C3%A9rez%20de%20Pablo%20Mora%20Guillem&#038;via=poesiaerestu&#038;related=poesiaerestu' target='_blank'rel=\"noopener noreferrer\">A Masha del libro Los versos de un Alf\u00e9rez de Pablo Mora Guillem <\/a><\/span><a href='https:\/\/x.com\/intent\/tweet?url=https%3A%2F%2Fclubdepoesia.com%2Fpablomoraguillem%2Fpoesia-pablo-mora-guillem-del-libro-los-versos-alferez%2F&#038;text=A%20Masha%20del%20libro%20Los%20versos%20de%20un%20Alf%C3%A9rez%20de%20Pablo%20Mora%20Guillem&#038;via=poesiaerestu&#038;related=poesiaerestu' target='_blank' class='bctt-ctt-btn'rel=\"noopener noreferrer\">Compartir en X<\/a><\/span>[\/vc_column_text][\/vc_column][\/vc_row][vc_row][vc_column extend=&#8221;false&#8221;]<div class='gambit_parallax_row' data-bg-align='' data-direction='fixed' data-opacity='100' data-velocity='-0.3' data-mobile-enabled='' data-bg-height='768' data-bg-width='1151' data-bg-image='https:\/\/clubdepoesia.com\/pablomoraguillem\/files\/2018\/01\/daniel-jacobs-269258-Medium.jpg' data-bg-repeat='false' data-id='' style='display: none'><\/div><div class=\"gambit_fullheight_row\" data-content-location=\"center\" style=\"display: none\"><\/div>[\/vc_column][\/vc_row][vc_row][vc_column extend=&#8221;false&#8221;][vc_column_text]\n<h1><a name=\"_Toc501195522\"><\/a><strong>A la Madurez<\/strong><\/h1>\n<p>&nbsp;<\/p>\n<p>Las ra\u00edces sin agua jam\u00e1s crecen<\/p>\n<p>y el hombre, sin vivir nueva experiencia<\/p>\n<p>no muda ni raz\u00f3n ni de conciencia,<\/p>\n<p>que unos maduran, y otros envejecen.<\/p>\n<p>&nbsp;<\/p>\n<p>Algunos por la edad sabios parecen,<\/p>\n<p>mas ni juventud, de juicio es ausencia,<\/p>\n<p>ni con el tiempo solo se escribe ciencia,<\/p>\n<p>pues muchas mentes temprano florecen.<\/p>\n<p>&nbsp;<\/p>\n<p>Madurar es encontrarse a uno mismo,<\/p>\n<p>es saber del mundo en el que se vive<\/p>\n<p>sin sufrir en demas\u00eda realismo.<\/p>\n<p>&nbsp;<\/p>\n<p>Es menester que la ni\u00f1ez prescribe<\/p>\n<p>y el saber abandona el ego\u00edsmo,<\/p>\n<p>que un acto avaro, necedad describe.<\/p>\n<p>&nbsp;<\/p>\n<p>&nbsp;<\/p>\n<p>&nbsp;<\/p>\n<span class='bctt-click-to-tweet'><span class='bctt-ctt-text'><a href='https:\/\/x.com\/intent\/tweet?url=https%3A%2F%2Fclubdepoesia.com%2Fpablomoraguillem%2Fpoesia-pablo-mora-guillem-del-libro-los-versos-alferez%2F&#038;text=A%20la%20Madurez%20del%20libro%20Los%20versos%20de%20un%20Alf%C3%A9rez%20de%20Pablo%20Mora%20Guillem&#038;via=poesiaerestu&#038;related=poesiaerestu' target='_blank'rel=\"noopener noreferrer\">A la Madurez del libro Los versos de un Alf\u00e9rez de Pablo Mora Guillem <\/a><\/span><a href='https:\/\/x.com\/intent\/tweet?url=https%3A%2F%2Fclubdepoesia.com%2Fpablomoraguillem%2Fpoesia-pablo-mora-guillem-del-libro-los-versos-alferez%2F&#038;text=A%20la%20Madurez%20del%20libro%20Los%20versos%20de%20un%20Alf%C3%A9rez%20de%20Pablo%20Mora%20Guillem&#038;via=poesiaerestu&#038;related=poesiaerestu' target='_blank' class='bctt-ctt-btn'rel=\"noopener noreferrer\">Compartir en X<\/a><\/span>[\/vc_column_text][\/vc_column][\/vc_row][vc_row][vc_column extend=&#8221;false&#8221;]<div class='gambit_parallax_row' data-bg-align='' data-direction='fixed' data-opacity='100' data-velocity='-0.3' data-mobile-enabled='' data-bg-height='768' data-bg-width='510' data-bg-image='https:\/\/clubdepoesia.com\/pablomoraguillem\/files\/2018\/01\/41.jpg' data-bg-repeat='false' data-id='' style='display: none'><\/div><div class=\"gambit_fullheight_row\" data-content-location=\"center\" style=\"display: none\"><\/div>[\/vc_column][\/vc_row][vc_row][vc_column extend=&#8221;false&#8221;][vc_column_text css=&#8221;.vc_custom_1515928769784{margin-top: -30000px !important;}&#8221;]<span style=\"text-decoration: underline;\"><em><strong>Poes\u00eda del libro LOS VERSOS DE UN ALF\u00c9REZ\u00a0 de Pablo Mora Guillem. El autor nos da una muestra tras <a href=\"http:\/\/poesiaerestu.com\">publicar un libro<\/a>.<\/strong><\/em><\/span><\/p>\n<h1><span style=\"text-decoration: underline;\"><em><strong><img fetchpriority=\"high\" decoding=\"async\" class=\"aligncenter size-full wp-image-23\" src=\"https:\/\/clubdepoesia.com\/pablomoraguillem\/files\/2018\/01\/book5losversosdeunalferez.png\" alt=\"LOS VERSOS DE UN ALF\u00c9REZ\" width=\"839\" height=\"794\" srcset=\"https:\/\/clubdepoesia.com\/pablomoraguillem\/files\/2018\/01\/book5losversosdeunalferez.png 839w, https:\/\/clubdepoesia.com\/pablomoraguillem\/files\/2018\/01\/book5losversosdeunalferez-300x284.png 300w, https:\/\/clubdepoesia.com\/pablomoraguillem\/files\/2018\/01\/book5losversosdeunalferez-768x727.png 768w\" sizes=\"(max-width: 839px) 100vw, 839px\" \/>Poes\u00eda del libro LOS VERSOS DE UN ALF\u00c9REZ de Pablo Mora Guillem . El autor nos da una muestra tras <a href=\"https:\/\/agenciadellibro.com\">publicar un libro<\/a>.<\/strong><\/em><\/span><\/h1>\n<h2><span style=\"text-decoration: underline;\"><em><strong>Poes\u00eda del libro LOS VERSOS DE UN ALF\u00c9REZ de Pablo Mora Guillem. El autor nos da una muestra tras <a href=\"http:\/\/edicionesmaniel.com\">publicar un libro<\/a>.<\/strong><\/em><\/span><\/h2>\n<h3><span style=\"text-decoration: underline;\"><em><strong>Poes\u00eda del libro LOS VERSOS DE UN ALF\u00c9REZ de Pablo Mora Guillem. El autor nos da una muestra tras <a href=\"http:\/\/edicionesrilke.com\">publicar un libro<\/a>.<\/strong><\/em><\/span><\/h3>\n<h4><span style=\"text-decoration: underline;\"><em><strong>Poes\u00eda del libro LOS VERSOS DE UN ALF\u00c9REZ de Pablo Mora Guillem . El autor nos da una muestra tras <a href=\"http:\/\/edicionesazorin.com\">publicar un libro<\/a>.<\/strong><\/em><\/span><\/h4>\n[\/vc_column_text][\/vc_column][\/vc_row]\n<\/div>","protected":false},"excerpt":{"rendered":"<p>[vc_row][vc_column extend=&#8221;false&#8221;][vc_column_text css=&#8221;.vc_custom_1515928769784{margin-top: -30000px !important;}&#8221;]Poes\u00eda del libro LOS VERSOS DE UN ALF\u00c9REZ\u00a0 de Pablo Mora Guillem. El autor nos da una muestra tras publicar un libro. Poes\u00eda del libro LOS VERSOS DE UN ALF\u00c9REZ de Pablo Mora Guillem . El autor nos da una muestra tras publicar un libro. Poes\u00eda del libro LOS VERSOS DE [&hellip;]<\/p>\n","protected":false},"author":24,"featured_media":0,"parent":0,"menu_order":3,"comment_status":"closed","ping_status":"closed","template":"","meta":{"footnotes":"","_links_to":"","_links_to_target":""},"class_list":["post-5","page","type-page","status-publish","hentry"],"_links":{"self":[{"href":"https:\/\/clubdepoesia.com\/pablomoraguillem\/wp-json\/wp\/v2\/pages\/5","targetHints":{"allow":["GET"]}}],"collection":[{"href":"https:\/\/clubdepoesia.com\/pablomoraguillem\/wp-json\/wp\/v2\/pages"}],"about":[{"href":"https:\/\/clubdepoesia.com\/pablomoraguillem\/wp-json\/wp\/v2\/types\/page"}],"author":[{"embeddable":true,"href":"https:\/\/clubdepoesia.com\/pablomoraguillem\/wp-json\/wp\/v2\/users\/24"}],"replies":[{"embeddable":true,"href":"https:\/\/clubdepoesia.com\/pablomoraguillem\/wp-json\/wp\/v2\/comments?post=5"}],"version-history":[{"count":0,"href":"https:\/\/clubdepoesia.com\/pablomoraguillem\/wp-json\/wp\/v2\/pages\/5\/revisions"}],"wp:attachment":[{"href":"https:\/\/clubdepoesia.com\/pablomoraguillem\/wp-json\/wp\/v2\/media?parent=5"}],"curies":[{"name":"wp","href":"https:\/\/api.w.org\/{rel}","templated":true}]}}