{"id":54,"date":"2018-06-15T21:25:24","date_gmt":"2018-06-15T21:25:24","guid":{"rendered":"https:\/\/clubdepoesia.com\/martinparedesaparicio\/?page_id=54"},"modified":"2018-06-15T22:03:29","modified_gmt":"2018-06-15T22:03:29","slug":"poesias","status":"publish","type":"page","link":"https:\/\/clubdepoesia.com\/martinparedesaparicio\/poesias\/","title":{"rendered":"Poes\u00edas"},"content":{"rendered":"<div class=\"wpb-content-wrapper\">[vc_row][vc_column extend=&#8221;false&#8221;][vc_column_text css=&#8221;.vc_custom_1529096904455{margin-top: -30000px !important;}&#8221;]\n<h1><strong><em><u>Poes\u00eda del libro La voz de los callados de Mart\u00edn P\u00e9rez Aparicio. El escritor nos da una muestra tras publicar un libro.<\/u><\/em><\/strong><\/h1>\n<h2><strong><em><u><img fetchpriority=\"high\" decoding=\"async\" class=\"aligncenter size-full wp-image-10\" src=\"https:\/\/clubdepoesia.com\/martinparedesaparicio\/files\/2018\/06\/book5lavozdeloscallados.png\" alt=\"\" width=\"839\" height=\"794\" srcset=\"https:\/\/clubdepoesia.com\/martinparedesaparicio\/files\/2018\/06\/book5lavozdeloscallados.png 839w, https:\/\/clubdepoesia.com\/martinparedesaparicio\/files\/2018\/06\/book5lavozdeloscallados-300x284.png 300w, https:\/\/clubdepoesia.com\/martinparedesaparicio\/files\/2018\/06\/book5lavozdeloscallados-768x727.png 768w\" sizes=\"(max-width: 839px) 100vw, 839px\" \/>Poes\u00eda del libro La voz de los callados de Mart\u00edn P\u00e9rez Aparicio El poeta nos da una muestra tras publicar un libro.<\/u><\/em><\/strong><\/h2>\n<h3><strong><em><u>Poes\u00eda del libro La voz de los callados de Mart\u00edn P\u00e9rez Aparicio El autor nos da una muestra tras publicar un libro.<\/u><\/em><\/strong><\/h3>\n<h4><strong><em><u>Poes\u00eda del libro La voz de los callados de Mart\u00edn P\u00e9rez Aparicio El autor nos da una muestra tras publicar un libro.<\/u><\/em><\/strong><\/h4>\n<h5><strong><em><u>Poes\u00eda del libro La voz de los callados de Mart\u00edn P\u00e9rez Aparicio El autor nos da una muestra tras publicar un libro.<\/u><\/em><\/strong><\/h5>\n[\/vc_column_text][\/vc_column][\/vc_row][vc_row][vc_column extend=&#8221;false&#8221;]<div class='gambit_parallax_row' data-bg-align='' data-direction='fixed' data-opacity='100' data-velocity='-0.3' data-mobile-enabled='' data-bg-height='768' data-bg-width='1024' data-bg-image='https:\/\/clubdepoesia.com\/martinparedesaparicio\/files\/2018\/06\/301.jpg' data-bg-repeat='false' data-id='' style='display: none'><\/div><div class=\"gambit_fullheight_row\" data-content-location=\"center\" style=\"display: none\"><\/div>[\/vc_column][\/vc_row][vc_row][vc_column extend=&#8221;false&#8221;][vc_column_text]\n<h1><a name=\"_Toc514170460\"><\/a><strong>PUESTA DE SOL<\/strong><\/h1>\n<p><strong>&nbsp;<\/strong><\/p>\n<h1><a name=\"_Toc514170461\"><\/a><strong>I<\/strong><\/h1>\n<p><strong>&nbsp;<\/strong><\/p>\n<p>Te derramas en el mar. Frente a m\u00ed. Luz de mi \u00faltimo<\/p>\n<p>suspiro.<\/p>\n<p>Un hombre camina ciego por la orilla.<\/p>\n<p>El perro corre, sin entender.<\/p>\n<p>La luz deja paso a la noche, aunque no se ven<\/p>\n<p>las estrellas.<\/p>\n<p>Es verdad que se ve el cielo y la luna asciende sin prisa.<\/p>\n<p>Sangre creciente que enciende los \u00faltimos sue\u00f1os<\/p>\n<p>de la tarde.<\/p>\n<p>A\u00fan existe la esperanza: el hombre ciego quiz\u00e1 pueda<\/p>\n<p>ver.<\/p>\n<p>No hay luz m\u00e1s fuerte que la de este poema.<\/p>\n<p>&nbsp;<\/p>\n<h1>&nbsp;<\/h1>\n<p>&nbsp;<\/p>\n<span class='bctt-click-to-tweet'><span class='bctt-ctt-text'><a href='https:\/\/x.com\/intent\/tweet?url=https%3A%2F%2Fclubdepoesia.com%2Fmartinparedesaparicio%2Fpoesias%2F&#038;text=PUESTA%20DE%20SOL%20del%20libro%20LA%20VOZ%20DE%20LOS%20CALLADOS%20de%20MART%C3%8DN%20PAREDES%20APARICIO&#038;via=poesiaerestu&#038;related=poesiaerestu' target='_blank'rel=\"noopener noreferrer\">PUESTA DE SOL del libro LA VOZ DE LOS CALLADOS de MART\u00cdN PAREDES APARICIO <\/a><\/span><a href='https:\/\/x.com\/intent\/tweet?url=https%3A%2F%2Fclubdepoesia.com%2Fmartinparedesaparicio%2Fpoesias%2F&#038;text=PUESTA%20DE%20SOL%20del%20libro%20LA%20VOZ%20DE%20LOS%20CALLADOS%20de%20MART%C3%8DN%20PAREDES%20APARICIO&#038;via=poesiaerestu&#038;related=poesiaerestu' target='_blank' class='bctt-ctt-btn'rel=\"noopener noreferrer\">Compartir en X<\/a><\/span>[\/vc_column_text][\/vc_column][\/vc_row][vc_row][vc_column extend=&#8221;false&#8221;]<div class='gambit_parallax_row' data-bg-align='' data-direction='fixed' data-opacity='100' data-velocity='-0.3' data-mobile-enabled='' data-bg-height='768' data-bg-width='1150' data-bg-image='https:\/\/clubdepoesia.com\/martinparedesaparicio\/files\/2018\/06\/joanna-kosinska-199299-Medium.jpg' data-bg-repeat='false' data-id='' style='display: none'><\/div><div class=\"gambit_fullheight_row\" data-content-location=\"center\" style=\"display: none\"><\/div>[\/vc_column][\/vc_row][vc_row][vc_column extend=&#8221;false&#8221;][vc_column_text]\n<h1><a name=\"_Toc514170466\"><\/a><strong>INVISIBLE<\/strong><\/h1>\n<p>&nbsp;<\/p>\n<p>Agazapado en tu banco. Solo con un litro que<\/p>\n<p>calma la sed de tu alma.<\/p>\n<p>Nadie repara en ti. Y eso te duele.<\/p>\n<p>Ser invisible es tu destino.<\/p>\n<p>La plaza en la que descansas es un cuadro que nadie mira.<\/p>\n<p>Hay l\u00e1grimas en tu rostro. Y una arruga eterna cuyo<\/p>\n<p>surco no compadece ni al coraz\u00f3n m\u00e1s<\/p>\n<p>d\u00e9bil.<\/p>\n<p>Y t\u00fa que siempre has buscado rosas en el coraz\u00f3n de<\/p>\n<p>los que amas, siempre te han dado<\/p>\n<p>espina<\/p>\n<p>s.<\/p>\n<p>Para que soportes el dolor y la indiferencia<\/p>\n<p>de una sociedad que ni a s\u00ed misma<\/p>\n<p>se soporta.<\/p>\n<p>&nbsp;<\/p>\n<span class='bctt-click-to-tweet'><span class='bctt-ctt-text'><a href='https:\/\/x.com\/intent\/tweet?url=https%3A%2F%2Fclubdepoesia.com%2Fmartinparedesaparicio%2Fpoesias%2F&#038;text=INVISIBLE%20del%20libro%20LA%20VOZ%20DE%20LOS%20CALLADOS%20de%20MART%C3%8DN%20PAREDES%20APARICIO&#038;via=poesiaerestu&#038;related=poesiaerestu' target='_blank'rel=\"noopener noreferrer\">INVISIBLE del libro LA VOZ DE LOS CALLADOS de MART\u00cdN PAREDES APARICIO <\/a><\/span><a href='https:\/\/x.com\/intent\/tweet?url=https%3A%2F%2Fclubdepoesia.com%2Fmartinparedesaparicio%2Fpoesias%2F&#038;text=INVISIBLE%20del%20libro%20LA%20VOZ%20DE%20LOS%20CALLADOS%20de%20MART%C3%8DN%20PAREDES%20APARICIO&#038;via=poesiaerestu&#038;related=poesiaerestu' target='_blank' class='bctt-ctt-btn'rel=\"noopener noreferrer\">Compartir en X<\/a><\/span>[\/vc_column_text][\/vc_column][\/vc_row][vc_row][vc_column extend=&#8221;false&#8221;]<div class='gambit_parallax_row' data-bg-align='' data-direction='fixed' data-opacity='100' data-velocity='-0.3' data-mobile-enabled='' data-bg-height='768' data-bg-width='1151' data-bg-image='https:\/\/clubdepoesia.com\/martinparedesaparicio\/files\/2018\/06\/daniel-jacobs-269258-Medium.jpg' data-bg-repeat='false' data-id='' style='display: none'><\/div><div class=\"gambit_fullheight_row\" data-content-location=\"center\" style=\"display: none\"><\/div>[\/vc_column][\/vc_row][vc_row][vc_column extend=&#8221;false&#8221;][vc_column_text]\n<h1><a name=\"_Toc512503044\"><\/a><\/h1>\n<h1><a name=\"_Toc509513456\"><\/a><\/h1>\n<p><a name=\"_Toc514170479\"><\/a><strong>LE LLAMAN QUICO<\/strong><\/p>\n<p><strong>&nbsp;<\/strong><\/p>\n<p><strong>(Le quieren poco en el barrio)<\/strong><\/p>\n<p>&nbsp;<\/p>\n<p><a name=\"_Toc514170480\"><\/a><strong>I<\/strong><\/p>\n<p>&nbsp;<\/p>\n<p>Al borde de la calle se desliza la voz del mendigo.<\/p>\n<p>No pide solo una moneda. Reza por una mirada,<\/p>\n<p>por un hola que interrumpa su monoton\u00eda.<\/p>\n<p>Quiz\u00e1 piense que es mejor estar muerto.<\/p>\n<p>Pero el bullicio de una ma\u00f1ana cualquiera le anima<\/p>\n<p>a intentar seguir viviendo , agarr\u00e1ndose al sonido futuro<\/p>\n<p>de esa palabra para volver a creer en s\u00ed mismo y en la humanidad.<\/p>\n<p>&nbsp;<\/p>\n<p>Alguien desde el cielo, desde el azul derramado, le obliga a aguantar; a\u00fan no ha llegado su hora.<\/p>\n<p>Y el mendigo piensa si su sacrificio nuevamente merecer\u00e1 la pena.<\/p>\n<p>Y por fin aparece esa voz acompa\u00f1ada por el suave tintineo de una moneda.<\/p>\n<p>Y libre de su c\u00edclica misi\u00f3n parte a ese cielo, como ya lo hizo dos mil a\u00f1os antes.<\/p>\n<p>Se renueva el pacto de amor y esperanza con el mundo.<\/p>\n<h1><strong>&nbsp;<\/strong><\/h1>\n<h1>&nbsp;<\/h1>\n<p>&nbsp;<\/p>\n<span class='bctt-click-to-tweet'><span class='bctt-ctt-text'><a href='https:\/\/x.com\/intent\/tweet?url=https%3A%2F%2Fclubdepoesia.com%2Fmartinparedesaparicio%2Fpoesias%2F&#038;text=Le%20llamar%C3%B3n%20Quico%20del%20libro%20LA%20VOZ%20DE%20LOS%20CALLADOS%20de%20MART%C3%8DN%20PAREDES%20APARICIO&#038;via=poesiaerestu&#038;related=poesiaerestu' target='_blank'rel=\"noopener noreferrer\">Le llamar\u00f3n Quico del libro LA VOZ DE LOS CALLADOS de MART\u00cdN PAREDES APARICIO <\/a><\/span><a href='https:\/\/x.com\/intent\/tweet?url=https%3A%2F%2Fclubdepoesia.com%2Fmartinparedesaparicio%2Fpoesias%2F&#038;text=Le%20llamar%C3%B3n%20Quico%20del%20libro%20LA%20VOZ%20DE%20LOS%20CALLADOS%20de%20MART%C3%8DN%20PAREDES%20APARICIO&#038;via=poesiaerestu&#038;related=poesiaerestu' target='_blank' class='bctt-ctt-btn'rel=\"noopener noreferrer\">Compartir en X<\/a><\/span>[\/vc_column_text][\/vc_column][\/vc_row][vc_row][vc_column extend=&#8221;false&#8221;]<div class='gambit_parallax_row' data-bg-align='' data-direction='fixed' data-opacity='100' data-velocity='-0.3' data-mobile-enabled='' data-bg-height='768' data-bg-width='1151' data-bg-image='https:\/\/clubdepoesia.com\/martinparedesaparicio\/files\/2018\/06\/240.jpg' data-bg-repeat='false' data-id='' style='display: none'><\/div><div class=\"gambit_fullheight_row\" data-content-location=\"center\" style=\"display: none\"><\/div>[\/vc_column][\/vc_row][vc_row][vc_column extend=&#8221;false&#8221;][vc_column_text]\n<h1>&nbsp;<\/h1>\n<h1><a name=\"_Toc514170495\"><\/a><strong>DIARIO DE UN REFUGIADO<\/strong><\/h1>\n<p><strong>&nbsp;<\/strong><\/p>\n<h2><strong>(Todos somos Siria)<\/strong><\/h2>\n<p>&nbsp;<\/p>\n<p>La tarde oscurece la sombra del reloj.<\/p>\n<p>Hay p\u00e1jaros en la torre grande de la Catedral.<\/p>\n<p>No consigo ver las agujas y no distingo la hora.<\/p>\n<p>La luz del ocaso ciega mis ojos.<\/p>\n<p>Otra vez suenan las mismas voces.<\/p>\n<p>Los mismos gritos.<\/p>\n<p>No hay sue\u00f1o m\u00e1s triste.<\/p>\n<p>En la esquina del acantilado reposa la felicidad que nunca tendremos.<\/p>\n<p>Despu\u00e9s de mucho tiempo, he vuelto a despertar en la orilla de esta playa.<\/p>\n<p>A mi lado yace alguien que ayer viv\u00eda.<\/p>\n<p>&nbsp;<\/p>\n<h1><strong>&nbsp;<\/strong><\/h1>\n<h1>&nbsp;<\/h1>\n<span class='bctt-click-to-tweet'><span class='bctt-ctt-text'><a href='https:\/\/x.com\/intent\/tweet?url=https%3A%2F%2Fclubdepoesia.com%2Fmartinparedesaparicio%2Fpoesias%2F&#038;text=Diario%20de%20un%20refugiado%20del%20libro%20LA%20VOZ%20DE%20LOS%20CALLADOS%20de%20MART%C3%8DN%20PAREDES%20APARICIO&#038;via=poesiaerestu&#038;related=poesiaerestu' target='_blank'rel=\"noopener noreferrer\">Diario de un refugiado del libro LA VOZ DE LOS CALLADOS de MART\u00cdN PAREDES APARICIO <\/a><\/span><a href='https:\/\/x.com\/intent\/tweet?url=https%3A%2F%2Fclubdepoesia.com%2Fmartinparedesaparicio%2Fpoesias%2F&#038;text=Diario%20de%20un%20refugiado%20del%20libro%20LA%20VOZ%20DE%20LOS%20CALLADOS%20de%20MART%C3%8DN%20PAREDES%20APARICIO&#038;via=poesiaerestu&#038;related=poesiaerestu' target='_blank' class='bctt-ctt-btn'rel=\"noopener noreferrer\">Compartir en X<\/a><\/span>[\/vc_column_text][\/vc_column][\/vc_row][vc_row][vc_column extend=&#8221;false&#8221;]<div class='gambit_parallax_row' data-bg-align='' data-direction='fixed' data-opacity='100' data-velocity='-0.3' data-mobile-enabled='' data-bg-height='768' data-bg-width='1023' data-bg-image='https:\/\/clubdepoesia.com\/martinparedesaparicio\/files\/2018\/06\/92.jpg' data-bg-repeat='false' data-id='' style='display: none'><\/div><div class=\"gambit_fullheight_row\" data-content-location=\"center\" style=\"display: none\"><\/div>[vc_column_text]\n<p style=\"text-align: center;\"><a class=\"fasc-button fasc-size-medium fasc-type-flat\" style=\"background-color: #33809e; color: #ffffff;\" href=\"https:\/\/librodepoesia.com\/producto\/la-voz-de-los-callados-martin-paredes-aparicio\/\">Comprar el libro<\/a><\/p>\n[\/vc_column_text][\/vc_column][\/vc_row][vc_row][vc_column extend=&#8221;false&#8221;][vc_column_text css=&#8221;.vc_custom_1526799164399{margin-top: -30000px !important;}&#8221;]\n<h1><strong><em><u>Poes\u00eda del libro LA VOZ DE LOS CALLADOS de MART\u00cdN PAREDES APARICIO. El escritor nos da una muestra tras publicar un libro.<\/u><\/em><\/strong><\/h1>\n<h2><strong><em><u><img decoding=\"async\" class=\"aligncenter size-full wp-image-8\" src=\"https:\/\/clubdepoesia.com\/ricardodieguezaguilar\/files\/2018\/05\/book3_69poesias.png\" alt=\"Poes\u00eda del libro 69 poes\u00edas de Ricardo Di\u00e9guez Aguilar.\" width=\"839\" height=\"794\">Poes\u00eda del libro LA VOZ DE LOS CALLADOS de MART\u00cdN PAREDES APARICIO El poeta nos da una muestra tras publicar un libro.<\/u><\/em><\/strong><\/h2>\n<h3><strong><em><u>Poes\u00eda del libro LA VOZ DE LOS CALLADOS de MART\u00cdN PAREDES APARICIO El autor nos da una muestra tras publicar un libro.<\/u><\/em><\/strong><\/h3>\n<h4><strong><em><u>Poes\u00eda del libro LA VOZ DE LOS CALLADOS de MART\u00cdN PAREDES APARICIO El autor nos da una muestra tras publicar un libro.<\/u><\/em><\/strong><\/h4>\n<h5><strong><em><u>Poes\u00eda del libro LA VOZ DE LOS CALLADOS de MART\u00cdN PAREDES APARICIO El autor nos da una muestra tras publicar un libro.<\/u><\/em><\/strong><\/h5>\n[\/vc_column_text][\/vc_column][\/vc_row]\n<\/div>","protected":false},"excerpt":{"rendered":"<p>[vc_row][vc_column extend=&#8221;false&#8221;][vc_column_text css=&#8221;.vc_custom_1529096904455{margin-top: -30000px !important;}&#8221;] Poes\u00eda del libro La voz de los callados de Mart\u00edn P\u00e9rez Aparicio. El escritor nos da una muestra tras publicar un libro. Poes\u00eda del libro La voz de los callados de Mart\u00edn P\u00e9rez Aparicio El poeta nos da una muestra tras publicar un libro. Poes\u00eda del libro La voz de [&hellip;]<\/p>\n","protected":false},"author":24,"featured_media":0,"parent":0,"menu_order":3,"comment_status":"closed","ping_status":"closed","template":"","meta":{"footnotes":"","_links_to":"","_links_to_target":""},"class_list":["post-54","page","type-page","status-publish","hentry"],"_links":{"self":[{"href":"https:\/\/clubdepoesia.com\/martinparedesaparicio\/wp-json\/wp\/v2\/pages\/54","targetHints":{"allow":["GET"]}}],"collection":[{"href":"https:\/\/clubdepoesia.com\/martinparedesaparicio\/wp-json\/wp\/v2\/pages"}],"about":[{"href":"https:\/\/clubdepoesia.com\/martinparedesaparicio\/wp-json\/wp\/v2\/types\/page"}],"author":[{"embeddable":true,"href":"https:\/\/clubdepoesia.com\/martinparedesaparicio\/wp-json\/wp\/v2\/users\/24"}],"replies":[{"embeddable":true,"href":"https:\/\/clubdepoesia.com\/martinparedesaparicio\/wp-json\/wp\/v2\/comments?post=54"}],"version-history":[{"count":0,"href":"https:\/\/clubdepoesia.com\/martinparedesaparicio\/wp-json\/wp\/v2\/pages\/54\/revisions"}],"wp:attachment":[{"href":"https:\/\/clubdepoesia.com\/martinparedesaparicio\/wp-json\/wp\/v2\/media?parent=54"}],"curies":[{"name":"wp","href":"https:\/\/api.w.org\/{rel}","templated":true}]}}