{"id":4,"date":"2016-06-10T21:21:25","date_gmt":"2016-06-10T21:21:25","guid":{"rendered":"http:\/\/clubdepoesia.com\/mariceldelahoz\/?page_id=4"},"modified":"2017-08-17T15:29:50","modified_gmt":"2017-08-17T15:29:50","slug":"maricel-la-hoz-escritora-poeta-acaba-publicar-libro","status":"publish","type":"page","link":"https:\/\/clubdepoesia.com\/mariceldelahoz\/","title":{"rendered":"Maricel de la Hoz.\u00a0Escritora. Poeta. Acaba de publicar un libro."},"content":{"rendered":"<div class=\"wpb-content-wrapper\">[vc_row][vc_column extend=&#8221;false&#8221;][vc_column_text css=&#8221;.vc_custom_1502983465249{margin-top: -30000px !important;}&#8221;]<span style=\"text-decoration: underline;\"><em style=\"text-decoration-line: underline;\"><strong>Maricel de la Hoz<\/strong><\/em><u>\u00a0es la\u00a0<\/u><em style=\"text-decoration-line: underline;\"><strong>escritora<\/strong><\/em><em><u> de <\/u><b><u><\/u><\/b><a href=\"https:\/\/clubdepoesia.com\/mariceldelahoz\/el-canto-dibujado\/\"><b><u>El canto dibujado<\/u><\/b><\/a><\/em><u>. <\/u><em style=\"text-decoration-line: underline;\"><strong>La poeta <\/strong><\/em><u>acaba de <\/u><a style=\"text-decoration-line: underline;\" href=\"http:\/\/publicarunlibro.gdn\"><em><strong>publicar un libro <\/strong><\/em><\/a><u>de poes\u00eda con la <\/u><em style=\"text-decoration-line: underline;\"><strong>Editorial Poes\u00eda eres t\u00fa<\/strong><\/em><\/span><\/p>\n<p>&nbsp;<\/p>\n<h1><\/h1>\n<h1>\u00a0<img fetchpriority=\"high\" decoding=\"async\" class=\"aligncenter size-full wp-image-25\" src=\"https:\/\/clubdepoesia.com\/mariceldelahoz\/files\/2016\/06\/book5Elcantodibujado.png\" alt=\"Maricel de la Hoz\u00a0es la\u00a0escritora de El canto dibujado. La poeta acaba de publicar un libro de poes\u00eda con la Editorial Poes\u00eda eres t\u00fa\" width=\"824\" height=\"782\" srcset=\"https:\/\/clubdepoesia.com\/mariceldelahoz\/files\/2016\/06\/book5Elcantodibujado.png 824w, https:\/\/clubdepoesia.com\/mariceldelahoz\/files\/2016\/06\/book5Elcantodibujado-300x285.png 300w, https:\/\/clubdepoesia.com\/mariceldelahoz\/files\/2016\/06\/book5Elcantodibujado-768x729.png 768w, https:\/\/clubdepoesia.com\/mariceldelahoz\/files\/2016\/06\/book5Elcantodibujado-500x475.png 500w\" sizes=\"(max-width: 824px) 100vw, 824px\" \/><\/h1>\n<h1><span style=\"text-decoration: underline;\"><em><strong><b><u><a href=\"https:\/\/clubdepoesia.com\/mariceldelahoz\/el-canto-dibujado\/\">El canto dibujado<\/a> <\/u><\/b>ha sido escrito por Maricel de la Hoz<\/strong><\/em><em><strong>. La escritora sabe como\u00a0<a href=\"http:\/\/publicarunlibro.ovh\">publicar un libro<\/a> de poes\u00eda con la Editorial Poes\u00eda eres t\u00fa<\/strong><\/em><\/span><\/h1>\n<h2><span style=\"text-decoration: underline;\"><em><strong>Maricel de la Hoz es la escritora de <a href=\"https:\/\/clubdepoesia.com\/mariceldelahoz\/el-canto-dibujado\/\"><b><u>El canto dibujado<\/u><\/b><\/a><\/strong><\/em><\/span><span style=\"text-decoration: underline;\"><em><strong>. La poeta conoce el precio de <a href=\"http:\/\/publicarunlibro.pro\">publicar un libro<\/a> de poes\u00eda con la Editorial Poes\u00eda eres t\u00fa<\/strong><\/em><\/span><\/h2>\n<h3><span style=\"text-decoration: underline;\"><em><strong>Maricel de la Hoz es la escritora de <a href=\"https:\/\/clubdepoesia.com\/mariceldelahoz\/el-canto-dibujado\/\"><b><u>El canto dibujado<\/u><\/b><\/a><\/strong><\/em><em><strong>. <\/strong><\/em><em><strong>La poeta <\/strong><\/em><em><strong>sabe como\u00a0<a href=\"http:\/\/publicarunlibro.xyz\">publicar un libro<\/a> de poes\u00eda con la Editorial Poes\u00eda eres t\u00fa<\/strong><\/em><\/span><\/h3>\n<h3><span style=\"text-decoration: underline;\"><em><strong>Maricel de la Hoz es la escritora de <a href=\"https:\/\/clubdepoesia.com\/mariceldelahoz\/el-canto-dibujado\/\"><b><u>El canto dibujado<\/u><\/b><\/a><\/strong><\/em><em><strong>. La poeta sabe el precio de\u00a0<a href=\"http:\/\/publicarunlibro.info\">publicar un libro<\/a> de poes\u00eda con la Editorial Poes\u00eda eres t\u00fa<\/strong><\/em><\/span><\/h3>\n<p>&nbsp;<\/p>\n<p><span style=\"text-decoration: underline;\"><em><strong>El <a href=\"http:\/\/grupoeditorialperezayala.com\">Grupo Editorial P\u00e9rez-Ayala<\/a>, est\u00e1 formado por los siguientes sellos <a href=\"http:\/\/editorialpoesia.com\" target=\"_blank\" rel=\"noopener noreferrer\">editoriales<\/a>: <a href=\"http:\/\/poesiaerestu.com\" target=\"_blank\" rel=\"noopener noreferrer\">Editorial Poes\u00eda eres t\u00fa<\/a>, <a href=\"http:\/\/edicionesrilke.com\" target=\"_blank\" rel=\"noopener noreferrer\">Ediciones Rilke<\/a> <a href=\"http:\/\/editorialpoesia.com\" target=\"_blank\" rel=\"noopener noreferrer\">Editorial poes\u00eda<\/a>, <a href=\"http:\/\/editorial.org.es\" target=\"_blank\" rel=\"noopener noreferrer\">Editorial<\/a> <a href=\"http:\/\/edicionesamaniel.com\" target=\"_blank\" rel=\"noopener noreferrer\">Ediciones Amaniel<\/a>, <a href=\"http:\/\/editorial.org.es\" target=\"_blank\" rel=\"noopener noreferrer\">Editorial<\/a> <a href=\"http:\/\/edicionesazorin.com\" target=\"_blank\" rel=\"noopener noreferrer\">Ediciones Azor\u00edn un sello regional para Alicante y Murcia<\/a>.<\/strong><\/em><\/span><\/p>\n<p><span style=\"text-decoration: underline;\"><em><strong>Para ayudar a la promoci\u00f3n de los libros contamos con diferentes plataformas en internet como <a href=\"http:\/\/poesiatv.com\" target=\"_blank\" rel=\"noopener noreferrer\">Poes\u00eda Televisi\u00f3n<\/a>, <a href=\"http:\/\/librodepoesia.com\" target=\"_blank\" rel=\"noopener noreferrer\">libro de poes\u00eda<\/a>, Club de poes\u00eda, Blog de escritor, Blog de poes\u00eda, <a href=\"https:\/\/agenciadellibro.com\" target=\"_blank\" rel=\"noopener noreferrer\">Agencia del libro<\/a>, Plataforma IV Centenario, Primer centenario, Nuestras librerias, <a href=\"http:\/\/publicarlibro.com.es\" target=\"_blank\" rel=\"noopener noreferrer\">Publicar libro<\/a> &#8211; <a href=\"http:\/\/publicarlibro.es\" target=\"_blank\" rel=\"noopener noreferrer\">Publicar un libro<\/a>, Revista Poes\u00eda eres t\u00fa, Antolog\u00edas po\u00e9ticas, <a href=\"http:\/\/poesiapoetas.com\" target=\"_blank\" rel=\"noopener noreferrer\">Poes\u00eda y poetas<\/a>, Gloria Fuertes, Blas de Otero, Rub\u00e9n Dar\u00edo<\/strong><\/em><\/span><\/p>\n<p><span style=\"text-decoration: underline;\"><em><strong>Trabajamos con distribuidoras de libros que acercan los libros a las librer\u00edas, pero contamos tambi\u00e9n con las siguientes librerias de apoyo en internet para que ning\u00fan lector se quede sin su <a href=\"http:\/\/librodepoesia.com\" target=\"_blank\" rel=\"noopener noreferrer\">libro de poes\u00eda<\/a>: Libreria GEPA, Libreria Website, La librer\u00eda del escritor, El rinc\u00f3n de los libros.<\/strong><\/em><\/span><\/p>\n<p><span style=\"text-decoration: underline;\"><em><strong>Informamos de como publicar un libro y el precio de publicar un libro<\/strong><\/em><\/span><\/p>\n<p><span style=\"text-decoration: underline;\"><em><strong>As\u00ed mismo colaboramos con la <a href=\"http:\/\/editorespoesia.com\">Asociaci\u00f3n de editores de poes\u00eda<\/a> y la <a href=\"http:\/\/escritoresycriticos.com\" target=\"_blank\" rel=\"noopener noreferrer\">Asociaci\u00f3n Madrile\u00f1a de escritores y cr\u00edticos literarios<\/a> (<a href=\"http:\/\/escritoresycriticos.com\" target=\"_blank\" rel=\"noopener noreferrer\">Cr\u00edtica de Madrid<\/a>).<\/strong><\/em><\/span><\/p>\n<p><span style=\"text-decoration: underline;\"><em><strong>Trabajamos con varias imprentas y contamos con nuestra propia <a href=\"http:\/\/artesgraficas.info\/\">imprenta<\/a> Herederos de Izquierdo y Madrid impresores.<\/strong><\/em><\/span><\/p>\n<p><span style=\"text-decoration: underline;\"><em><strong>Puedes conocernos en nuestra p\u00e1gina del Grupo Editorial. Contamos con una sede en Madrid y otra en Jumilla (Murcia)<\/strong><\/em><\/span><\/p>\n<p><span style=\"text-decoration: underline;\"><em><strong>Somos especialitas en la edici\u00f3n del <a href=\"http:\/\/libropoesia.com\/\" target=\"_blank\" rel=\"noopener noreferrer\">libro de poes\u00eda<\/a><\/strong><\/em><\/span>[\/vc_column_text][\/vc_column][\/vc_row][vc_row a_image_on=&#8221;&#8221; a_video_on=&#8221;&#8221; a_overlay_on=&#8221;&#8221; a_parallax_on=&#8221;&#8221; a_sep_on=&#8221;&#8221; a_full_height_on=&#8221;&#8221; offset_left=&#8221;&#8221; offset_right=&#8221;&#8221; margin_top=&#8221;&#8221; vcop_row_name=&#8221;uno&#8221; css=&#8221;.vc_custom_1444663835629{margin: 0px !important;border-width: 0px !important;padding: 0px !important;}&#8221;][vc_column extend=&#8221;false&#8221;][layerslider_vc id=&#8221;1&#8243;][\/vc_column][\/vc_row][vc_row a_image_on=&#8221;&#8221; a_video_on=&#8221;&#8221; a_overlay_on=&#8221;&#8221; a_parallax_on=&#8221;&#8221; a_sep_on=&#8221;&#8221; a_full_height_on=&#8221;&#8221; offset_left=&#8221;&#8221; offset_right=&#8221;&#8221; margin_top=&#8221;&#8221; css=&#8221;.vc_custom_1465593947154{margin-top: 0px !important;margin-right: 0px !important;margin-bottom: 0px !important;margin-left: 0px !important;border-top-width: 0px !important;border-right-width: 0px !important;border-bottom-width: 0px !important;border-left-width: 0px !important;padding-top: 0px !important;padding-right: 0px !important;padding-bottom: 0px !important;padding-left: 0px !important;background-color: #d8e9a5 !important;}&#8221;][vc_column extend=&#8221;false&#8221; width=&#8221;1\/2&#8243;]<div class='gambit_parallax_row' data-bg-align='right' data-direction='down' data-opacity='100' data-velocity='-0.5' data-mobile-enabled='' data-bg-height='782' data-bg-width='824' data-bg-image='https:\/\/clubdepoesia.com\/mariceldelahoz\/files\/2016\/06\/book1Elcantodibujado.png' data-bg-repeat='false' data-id='' style='display: none'><\/div><div class=\"gambit_fullheight_row\" data-content-location=\"top\" style=\"display: none\"><\/div>[\/vc_column][vc_column extend=&#8221;false&#8221; width=&#8221;1\/2&#8243;]<div class=\"gambit_fullheight_row\" data-content-location=\"top\" style=\"display: none\"><\/div><div class='gambit_background_row' style='background-image: url(https:\/\/clubdepoesia.com\/mariceldelahoz\/files\/2016\/06\/Fotolia_5644004_S.jpg);background-size: cover;background-position: center;'><\/div>[\/vc_column][\/vc_row][vc_row full_height=&#8221;yes&#8221; type_background=&#8221;parallax&#8221; background_pattern=&#8221;on&#8221; background_pattern_type=&#8221;color&#8221; background_pattern_color=&#8221;rgba(0,0,0,0.22)&#8221; vcop_height_row=&#8221;vcop_full&#8221; vcop_padding=&#8221;vcop_padding_null&#8221; responsive_mode=&#8221;true&#8221; a_image_on=&#8221;&#8221; a_video_on=&#8221;&#8221; a_overlay_on=&#8221;&#8221; a_parallax_on=&#8221;&#8221; a_sep_on=&#8221;&#8221; a_full_height_on=&#8221;&#8221; offset_left=&#8221;&#8221; offset_right=&#8221;&#8221; margin_top=&#8221;&#8221; vcop_row_name=&#8221;Tres&#8221; vcop_parallax_image=&#8221;377&#8243; css=&#8221;.vc_custom_1465593971276{padding-top: 200px !important;padding-right: 200px !important;padding-bottom: 200px !important;padding-left: 200px !important;background-color: #d8e9a5 !important;}&#8221;][vc_column extend=&#8221;false&#8221;][vcop_heading vcop_heading_text=&#8221;El libro&#8221; vcop_heading_text_color=&#8221;#000000&#8243;][vcop_heading vcop_heading_text=&#8221;EL CANTO DIBUJADO&#8221; vcop_heading_text_color=&#8221;#000000&#8243; vcop_heading_size=&#8221;50px&#8221;][vcop_heading vcop_heading_text=&#8221;Maricel de la Hoz&#8221; vcop_heading_text_color=&#8221;#4c4939&#8243;][row_scroll entrance=&#8221;content-fly-left&#8221; exit=&#8221;content-fly-left&#8221;][\/vc_column][\/vc_row][vc_row a_image_on=&#8221;&#8221; a_video_on=&#8221;&#8221; a_overlay_on=&#8221;&#8221; a_parallax_on=&#8221;&#8221; a_sep_on=&#8221;&#8221; a_full_height_on=&#8221;&#8221; offset_left=&#8221;&#8221; offset_right=&#8221;&#8221; margin_top=&#8221;&#8221; css=&#8221;.vc_custom_1448880093128{margin: 0px !important;border-width: 0px !important;padding: 0px !important;}&#8221;][vc_column extend=&#8221;false&#8221;]<div class='gambit_background_row' style='background-image: url(https:\/\/clubdepoesia.com\/mariceldelahoz\/files\/2016\/06\/72.jpg);background-size: cover;background-position: center;'><\/div><div class=\"gambit_fullheight_row\" data-content-location=\"top\" style=\"display: none\"><\/div>[\/vc_column][\/vc_row][vc_row vcop_padding=&#8221;vcop_padding_null&#8221; responsive_mode=&#8221;true&#8221; a_image_on=&#8221;&#8221; a_video_on=&#8221;&#8221; a_overlay_on=&#8221;&#8221; a_parallax_on=&#8221;&#8221; a_sep_on=&#8221;&#8221; a_full_height_on=&#8221;&#8221; offset_left=&#8221;&#8221; offset_right=&#8221;&#8221; margin_top=&#8221;&#8221; css=&#8221;.vc_custom_1465593994505{margin-top: 0px !important;margin-bottom: 0px !important;border-top-width: 0px !important;border-bottom-width: 0px !important;padding-top: 100px !important;padding-right: 100px !important;padding-bottom: 100px !important;padding-left: 100px !important;background-color: #d8e9a5 !important;}&#8221; vcop_row_name=&#8221;AboutUs&#8221;][vc_column extend=&#8221;false&#8221; width=&#8221;1\/3&#8243;][\/vc_column][vc_column extend=&#8221;false&#8221; width=&#8221;1\/3&#8243;][vcop_heading vcop_heading_text=&#8221;Ha sido publicado por la Editorial Poes\u00eda eres t\u00fa&#8221; vcop_heading_text_color=&#8221;#000000&#8243;]<div class=\"gambit_fullheight_row\" data-content-location=\"top\" style=\"display: none\"><\/div>[row_scroll entrance=&#8221;content-fly-right&#8221; exit=&#8221;content-fly-right&#8221;][\/vc_column][vc_column extend=&#8221;false&#8221; width=&#8221;1\/3&#8243;][\/vc_column][\/vc_row][vc_row a_image_on=&#8221;&#8221; a_video_on=&#8221;&#8221; a_overlay_on=&#8221;&#8221; a_parallax_on=&#8221;&#8221; a_sep_on=&#8221;&#8221; a_full_height_on=&#8221;&#8221; offset_left=&#8221;&#8221; offset_right=&#8221;&#8221; margin_top=&#8221;&#8221; css=&#8221;.vc_custom_1448880273506{margin-top: 0px !important;margin-right: 0px !important;margin-bottom: 0px !important;margin-left: 0px !important;border-top-width: 0px !important;border-right-width: 0px !important;border-bottom-width: 0px !important;border-left-width: 0px !important;padding-top: 0px !important;padding-right: 0px !important;padding-bottom: 0px !important;padding-left: 0px !important;}&#8221;][vc_column extend=&#8221;false&#8221;]<div class=\"gambit_fullheight_row\" data-content-location=\"top\" style=\"display: none\"><\/div><div class='gambit_background_row' style='background-image: url(https:\/\/clubdepoesia.com\/mariceldelahoz\/files\/2016\/06\/89.jpg);background-size: cover;background-position: center;'><\/div>[\/vc_column][\/vc_row][vc_row full_height=&#8221;yes&#8221; type_background=&#8221;parallax&#8221; background_pattern=&#8221;on&#8221; background_pattern_type=&#8221;color&#8221; background_pattern_color=&#8221;rgba(0,0,0,0.22)&#8221; vcop_height_row=&#8221;vcop_full&#8221; vcop_padding=&#8221;vcop_padding_null&#8221; responsive_mode=&#8221;true&#8221; a_image_on=&#8221;&#8221; a_video_on=&#8221;&#8221; a_overlay_on=&#8221;&#8221; a_parallax_on=&#8221;&#8221; a_sep_on=&#8221;&#8221; a_full_height_on=&#8221;&#8221; offset_left=&#8221;&#8221; offset_right=&#8221;&#8221; margin_top=&#8221;&#8221; vcop_row_name=&#8221;Tres&#8221; vcop_parallax_image=&#8221;377&#8243; css=&#8221;.vc_custom_1465594012530{margin-top: 0px !important;margin-right: 0px !important;margin-bottom: 0px !important;margin-left: 0px !important;border-top-width: 0px !important;border-right-width: 0px !important;border-bottom-width: 0px !important;border-left-width: 0px !important;padding-top: 200px !important;padding-right: 200px !important;padding-bottom: 200px !important;padding-left: 200px !important;background-color: #d8e9a5 !important;}&#8221;][vc_column extend=&#8221;false&#8221;][vcop_heading vcop_heading_text=&#8221;Maricel de la Hoz:&#8221; vcop_heading_text_color=&#8221;#000000&#8243;][vcop_space vcop_height=&#8221;70px&#8221;][row_scroll entrance=&#8221;content-fly-left&#8221; exit=&#8221;none&#8221;]<div id=\"uvc-type-wrap-5448\"  data-ultimate-target='#uvc-type-wrap-5448'  data-responsive-json-new='{\"font-size\":\"desktop:24px;\",\"line-height\":\"\"}'  class=\"uvc-type-wrap  ult-adjust-bottom-margin ult-responsive  uvc-type-align-center uvc-type-no-prefix uvc-wrap-276619822669efd8346c7df\" style=\"text-align:center;\"><span id=\"typed-276619822669efd8346c7df\" class=\"ultimate-typed-main \" style=\"color:#ffffff; font-weight:normal; text-transform: unset;\"><\/span><script type=\"text\/javascript\">\n\t\t\t\t\t\tjQuery(function($){ \n\t\t\t\t\t\t\t$(document).ready(function(){\n\t\t\t\t\t\t\t\tif( typeof jQuery(\"#typed-276619822669efd8346c7df\").typed == \"function\"){\n\t\t\t\t\t\t\t\t\t$(\"#typed-276619822669efd8346c7df\").typed({\n\t\t\t\t\t\t\t\t\t\tstrings: [\"En unidad de b\u00fasqueda te invito querido lector a dibujar el canto de la vida.\"],\n\t\t\t\t\t\t\t\t\t\ttypeSpeed: 1,\n\t\t\t\t\t\t\t\t\t\tbackSpeed: 1,\n\t\t\t\t\t\t\t\t\t\tstartDelay: \"200\",\n\t\t\t\t\t\t\t\t\t\tbackDelay: \"1500\",\n\t\t\t\t\t\t\t\t\t\tloop: true,\n\t\t\t\t\t\t\t\t\t\tloopCount: false,\n\t\t\t\t\t\t\t\t\t\tshowCursor: true,\n\t\t\t\t\t\t\t\t\t\tcursorChar: \"|\",\n\t\t\t\t\t\t\t\t\t\tattr: null\n\t\t\t\t\t\t\t\t\t});\n\t\t\t\t\t\t\t\t}\n\t\t\t\t\t\t\t});\n\t\t\t\t\t\t});\n\t\t\t\t\t<\/script><\/div>[vcop_space vcop_height=&#8221;70px&#8221;][\/vc_column][\/vc_row][vc_row a_image_on=&#8221;&#8221; a_video_on=&#8221;&#8221; a_overlay_on=&#8221;&#8221; a_parallax_on=&#8221;&#8221; a_sep_on=&#8221;&#8221; a_full_height_on=&#8221;&#8221; offset_left=&#8221;&#8221; offset_right=&#8221;&#8221; margin_top=&#8221;&#8221; css=&#8221;.vc_custom_1465594029886{margin-top: 0px !important;margin-right: 0px !important;margin-bottom: -50px !important;margin-left: 0px !important;border-top-width: 0px !important;border-right-width: 0px !important;border-bottom-width: 0px !important;border-left-width: 0px !important;padding-top: 0px !important;padding-right: 0px !important;padding-bottom: 0px !important;padding-left: 0px !important;background-color: #d8e9a5 !important;}&#8221;][vc_column extend=&#8221;false&#8221;]<div class=\"essb_links essb_counter_modern_right essb_displayed_shortcode essb_share essb_template_modern essb_149836476 essb_links_center print-no\" id=\"essb_displayed_shortcode_149836476\" data-essb-postid=\"4\" data-essb-position=\"shortcode\" data-essb-button-style=\"button\" data-essb-template=\"modern\" data-essb-counter-pos=\"right\" data-essb-url=\"https:\/\/clubdepoesia.com\/mariceldelahoz\/\" data-essb-fullurl=\"https:\/\/clubdepoesia.com\/mariceldelahoz\/\" data-essb-instance=\"149836476\"><ul class=\"essb_links_list\"><li class=\"essb_item essb_link_facebook nolightbox essb_link_svg_icon\"> <a href=\"https:\/\/www.facebook.com\/sharer\/sharer.php?u=https%3A%2F%2Fclubdepoesia.com%2Fmariceldelahoz%2F&t=Maricel+de+la+Hoz.%C2%A0Escritora.+Poeta.+Acaba+de+publicar+un+libro.\" title=\"Share on Facebook\" onclick=\"essb.window(&#39;https:\/\/www.facebook.com\/sharer\/sharer.php?u=https%3A%2F%2Fclubdepoesia.com%2Fmariceldelahoz%2F&t=Maricel+de+la+Hoz.%C2%A0Escritora.+Poeta.+Acaba+de+publicar+un+libro.&#39;,&#39;facebook&#39;,&#39;149836476&#39;); return false;\" target=\"_blank\" rel=\"nofollow\" class=\"nolightbox\" ><span class=\"essb_icon essb_icon_facebook\"><svg class=\"essb-svg-icon essb-svg-icon-facebook\" aria-hidden=\"true\" role=\"img\" focusable=\"false\" xmlns=\"http:\/\/www.w3.org\/2000\/svg\" width=\"16\" height=\"16\" viewBox=\"0 0 16 16\"><path d=\"M16 8.049c0-4.446-3.582-8.05-8-8.05C3.58 0-.002 3.603-.002 8.05c0 4.017 2.926 7.347 6.75 7.951v-5.625h-2.03V8.05H6.75V6.275c0-2.017 1.195-3.131 3.022-3.131.876 0 1.791.157 1.791.157v1.98h-1.009c-.993 0-1.303.621-1.303 1.258v1.51h2.218l-.354 2.326H9.25V16c3.824-.604 6.75-3.934 6.75-7.951\"><\/path><\/svg><\/span><span class=\"essb_network_name\">Facebook<\/span><\/a><\/li><li class=\"essb_item essb_link_twitter nolightbox essb_link_twitter_x essb_link_svg_icon\"> <a href=\"https:\/\/x.com\/intent\/post?text=Maricel%20de%20la%20Hoz.\u00a0Escritora.%20Poeta.%20Acaba%20de%20publicar%20un%20libro.&amp;url=https%3A%2F%2Fclubdepoesia.com%2Fmariceldelahoz%2F\" title=\"Share on Twitter\" onclick=\"essb.window(&#39;https:\/\/x.com\/intent\/post?text=Maricel%20de%20la%20Hoz.\u00a0Escritora.%20Poeta.%20Acaba%20de%20publicar%20un%20libro.&amp;url=https%3A%2F%2Fclubdepoesia.com%2Fmariceldelahoz%2F&#39;,&#39;twitter&#39;,&#39;149836476&#39;); return false;\" target=\"_blank\" rel=\"nofollow\" class=\"nolightbox\" ><span class=\"essb_icon essb_icon_twitter_x\"><svg class=\"essb-svg-icon essb-svg-icon-twitter_x\" aria-hidden=\"true\" role=\"img\" focusable=\"false\" viewBox=\"0 0 24 24\"><path d=\"M18.244 2.25h3.308l-7.227 8.26 8.502 11.24H16.17l-5.214-6.817L4.99 21.75H1.68l7.73-8.835L1.254 2.25H8.08l4.713 6.231zm-1.161 17.52h1.833L7.084 4.126H5.117z\"><\/path><\/svg><\/span><span class=\"essb_network_name\">Twitter<\/span><\/a><\/li><li class=\"essb_item essb_link_pinterest nolightbox essb_link_svg_icon\"> <a href=\"#\" title=\"Share on Pinterest\" onclick=\"essb.pinterest_picker(&#39;149836476&#39;); return false;\" target=\"_blank\" rel=\"nofollow\" class=\"nolightbox\" ><span class=\"essb_icon essb_icon_pinterest\"><svg class=\"essb-svg-icon essb-svg-icon-pinterest\" aria-hidden=\"true\" role=\"img\" focusable=\"false\" width=\"32\" height=\"32\" viewBox=\"0 0 32 32\" xmlns=\"http:\/\/www.w3.org\/2000\/svg\"><path d=\"M10.625 12.25c0-1.375 0.313-2.5 1.063-3.438 0.688-0.938 1.563-1.438 2.563-1.438 0.813 0 1.438 0.25 1.875 0.813s0.688 1.25 0.688 2.063c0 0.5-0.125 1.125-0.313 1.813-0.188 0.75-0.375 1.625-0.688 2.563-0.313 1-0.563 1.75-0.688 2.313-0.25 1-0.063 1.875 0.563 2.625 0.625 0.688 1.438 1.063 2.438 1.063 1.75 0 3.188-1 4.313-2.938 1.125-2 1.688-4.375 1.688-7.188 0-2.125-0.688-3.875-2.063-5.25-1.375-1.313-3.313-2-5.813-2-2.813 0-5.063 0.875-6.75 2.688-1.75 1.75-2.625 3.875-2.625 6.375 0 1.5 0.438 2.75 1.25 3.75 0.313 0.313 0.375 0.688 0.313 1.063-0.125 0.313-0.25 0.813-0.375 1.5-0.063 0.25-0.188 0.438-0.375 0.5s-0.375 0.063-0.563 0c-1.313-0.563-2.25-1.438-2.938-2.75s-1-2.813-1-4.5c0-1.125 0.188-2.188 0.563-3.313s0.875-2.188 1.625-3.188c0.75-1.063 1.688-1.938 2.688-2.75 1.063-0.813 2.313-1.438 3.875-1.938 1.5-0.438 3.125-0.688 4.813-0.688 1.813 0 3.438 0.313 4.938 0.938 1.5 0.563 2.813 1.375 3.813 2.375 1.063 1.063 1.813 2.188 2.438 3.5 0.563 1.313 0.875 2.688 0.875 4.063 0 3.75-0.938 6.875-2.875 9.313-1.938 2.5-4.375 3.688-7.375 3.688-1 0-1.938-0.188-2.813-0.688-0.875-0.438-1.5-1-1.875-1.688-0.688 2.938-1.125 4.688-1.313 5.25-0.375 1.438-1.25 3.188-2.688 5.25h-1.313c-0.25-2.563-0.188-4.688 0.188-6.375l2.438-10.313c-0.375-0.813-0.563-1.813-0.563-3.063z\"><\/path><\/svg><\/span><span class=\"essb_network_name\">Pinterest<\/span><\/a><\/li><li class=\"essb_item essb_link_linkedin nolightbox essb_link_svg_icon\"> <a href=\"https:\/\/www.linkedin.com\/shareArticle?mini=true&amp;ro=true&amp;trk=EasySocialShareButtons&amp;title=Maricel+de+la+Hoz.%C2%A0Escritora.+Poeta.+Acaba+de+publicar+un+libro.&amp;url=https%3A%2F%2Fclubdepoesia.com%2Fmariceldelahoz%2F\" title=\"Share on LinkedIn\" onclick=\"essb.window(&#39;https:\/\/www.linkedin.com\/shareArticle?mini=true&amp;ro=true&amp;trk=EasySocialShareButtons&amp;title=Maricel+de+la+Hoz.%C2%A0Escritora.+Poeta.+Acaba+de+publicar+un+libro.&amp;url=https%3A%2F%2Fclubdepoesia.com%2Fmariceldelahoz%2F&#39;,&#39;linkedin&#39;,&#39;149836476&#39;); return false;\" target=\"_blank\" rel=\"nofollow\" class=\"nolightbox\" ><span class=\"essb_icon essb_icon_linkedin\"><svg class=\"essb-svg-icon essb-svg-icon-linkedin\" aria-hidden=\"true\" role=\"img\" focusable=\"false\" width=\"32\" height=\"32\" viewBox=\"0 0 32 32\" xmlns=\"http:\/\/www.w3.org\/2000\/svg\"><path d=\"M23.938 16.375c-0.438-0.5-1.188-0.75-2.25-0.75-1.375 0-2.313 0.438-2.875 1.188-0.563 0.813-0.813 1.938-0.813 3.375v10.938c0 0.188-0.063 0.375-0.25 0.563-0.125 0.125-0.375 0.25-0.563 0.25h-5.75c-0.188 0-0.375-0.125-0.563-0.25-0.125-0.188-0.25-0.375-0.25-0.563v-20.188c0-0.188 0.125-0.375 0.25-0.563 0.188-0.125 0.375-0.25 0.563-0.25h5.563c0.188 0 0.375 0.063 0.5 0.125s0.188 0.25 0.25 0.438c0 0.188 0.063 0.375 0.063 0.438s0 0.25 0 0.5c1.438-1.375 3.375-2 5.688-2 2.688 0 4.75 0.625 6.25 1.938 1.5 1.375 2.25 3.313 2.25 5.938v13.625c0 0.188-0.063 0.375-0.25 0.563-0.125 0.125-0.375 0.25-0.563 0.25h-5.875c-0.188 0-0.375-0.125-0.563-0.25-0.125-0.188-0.25-0.375-0.25-0.563v-12.313c0-1.063-0.188-1.875-0.563-2.438zM6.625 6.688c-0.75 0.75-1.688 1.125-2.75 1.125s-2-0.375-2.75-1.125c-0.75-0.75-1.125-1.625-1.125-2.75 0-1.063 0.375-1.938 1.125-2.688s1.688-1.188 2.75-1.188c1.063 0 2 0.438 2.75 1.188s1.125 1.625 1.125 2.688c0 1.125-0.375 2-1.125 2.75zM7.563 10.938v20.188c0 0.188-0.125 0.375-0.25 0.563-0.188 0.125-0.375 0.25-0.563 0.25h-5.75c-0.188 0-0.375-0.125-0.563-0.25-0.125-0.188-0.25-0.375-0.25-0.563v-20.188c0-0.188 0.125-0.375 0.25-0.563 0.188-0.125 0.375-0.25 0.563-0.25h5.75c0.188 0 0.375 0.125 0.563 0.25 0.125 0.188 0.25 0.375 0.25 0.563z\"><\/path><\/svg><\/span><span class=\"essb_network_name\">LinkedIn<\/span><\/a><\/li><\/ul><\/div><div class=\"gambit_fullheight_row\" data-content-location=\"bottom\" style=\"display: none\"><\/div><div class='gambit_background_row' style='background-image: url(https:\/\/clubdepoesia.com\/mariceldelahoz\/files\/2016\/06\/223.jpg);background-size: cover;background-position: center;'><\/div>[\/vc_column][\/vc_row][vc_row][vc_column extend=&#8221;false&#8221;][vc_column_text css=&#8221;.vc_custom_1502983731763{margin-top: -30000px !important;}&#8221;]<em><strong>El <a href=\"http:\/\/grupoeditorialperezayala.com\">Grupo Editorial P\u00e9rez-Ayala<\/a>, est\u00e1 formado por los siguientes sellos <a href=\"http:\/\/editorialpoesia.com\" target=\"_blank\" rel=\"noopener noreferrer\">editoriales<\/a>: <a href=\"http:\/\/poesiaerestu.com\" target=\"_blank\" rel=\"noopener noreferrer\">Editorial Poes\u00eda eres t\u00fa<\/a>, <a href=\"http:\/\/edicionesrilke.com\" target=\"_blank\" rel=\"noopener noreferrer\">Ediciones Rilke<\/a> <a href=\"http:\/\/editorialpoesia.com\" target=\"_blank\" rel=\"noopener noreferrer\">Editorial poes\u00eda<\/a>, <a href=\"http:\/\/editorial.org.es\" target=\"_blank\" rel=\"noopener noreferrer\">Editorial<\/a> <a href=\"http:\/\/edicionesamaniel.com\" target=\"_blank\" rel=\"noopener noreferrer\">Ediciones Amaniel<\/a>, <a href=\"http:\/\/editorial.org.es\" target=\"_blank\" rel=\"noopener noreferrer\">Editorial<\/a> <a href=\"http:\/\/edicionesazorin.com\" target=\"_blank\" rel=\"noopener noreferrer\">Ediciones Azor\u00edn un sello regional para Alicante y Murcia<\/a>.<\/strong><\/em><\/p>\n<p><em><strong>Para ayudar a la promoci\u00f3n de los libros contamos con diferentes plataformas en internet como <a href=\"http:\/\/poesiatv.com\" target=\"_blank\" rel=\"noopener noreferrer\">Poes\u00eda Televisi\u00f3n<\/a>, <a href=\"http:\/\/librodepoesia.com\" target=\"_blank\" rel=\"noopener noreferrer\">libro de poes\u00eda<\/a>, Club de poes\u00eda, Blog de escritor, Blog de poes\u00eda, <a href=\"https:\/\/agenciadellibro.com\" target=\"_blank\" rel=\"noopener noreferrer\">Agencia del libro<\/a>, Plataforma IV Centenario, Primer centenario, Nuestras librerias, <a href=\"http:\/\/publicarlibro.com.es\" target=\"_blank\" rel=\"noopener noreferrer\">Publicar libro<\/a> &#8211; <a href=\"http:\/\/publicarlibro.es\" target=\"_blank\" rel=\"noopener noreferrer\">Publicar un libro<\/a>, Revista Poes\u00eda eres t\u00fa, Antolog\u00edas po\u00e9ticas, <a href=\"http:\/\/poesiapoetas.com\" target=\"_blank\" rel=\"noopener noreferrer\">Poes\u00eda y poetas<\/a>, Gloria Fuertes, Blas de Otero, Rub\u00e9n Dar\u00edo<\/strong><\/em><\/p>\n<p><em><strong>Trabajamos con distribuidoras de libros que acercan los libros a las librer\u00edas, pero contamos tambi\u00e9n con las siguientes librerias de apoyo en internet para que ning\u00fan lector se quede sin su <a href=\"http:\/\/librodepoesia.com\" target=\"_blank\" rel=\"noopener noreferrer\">libro de poes\u00eda<\/a>: Libreria GEPA, Libreria Website, La librer\u00eda del escritor, El rinc\u00f3n de los libros.<\/strong><\/em><\/p>\n<p><em><strong>Informamos de como publicar un libro y el precio de publicar un libro<\/strong><\/em><\/p>\n<p><em><strong>As\u00ed mismo colaboramos con la <a href=\"http:\/\/editorespoesia.com\">Asociaci\u00f3n de editores de poes\u00eda<\/a> y la <a href=\"http:\/\/escritoresycriticos.com\" target=\"_blank\" rel=\"noopener noreferrer\">Asociaci\u00f3n Madrile\u00f1a de escritores y cr\u00edticos literarios<\/a> (<a href=\"http:\/\/escritoresycriticos.com\" target=\"_blank\" rel=\"noopener noreferrer\">Cr\u00edtica de Madrid<\/a>).<\/strong><\/em><\/p>\n<p><em><strong>Trabajamos con varias imprentas y contamos con nuestra propia <a href=\"http:\/\/artesgraficas.info\/\">imprenta<\/a> Herederos de Izquierdo y Madrid impresores.<\/strong><\/em><\/p>\n<p><em><strong>Puedes conocernos en nuestra p\u00e1gina del Grupo Editorial. Contamos con una sede en Madrid y otra en Jumilla (Murcia)<\/strong><\/em><\/p>\n<p><em><strong>Somos especialitas en la edici\u00f3n del <a href=\"http:\/\/libropoesia.com\/\" target=\"_blank\" rel=\"noopener noreferrer\">libro de poes\u00eda<\/a><\/strong><\/em><\/p>\n<p>&nbsp;<\/p>\n<p><span style=\"text-decoration: underline;\"><em style=\"text-decoration-line: underline;\"><strong>Maricel de la Hoz<\/strong><\/em><u>\u00a0es la\u00a0<\/u><em style=\"text-decoration-line: underline;\"><strong>escritora<\/strong><\/em><em><u> de <\/u><b><u><\/u><\/b><a href=\"https:\/\/clubdepoesia.com\/mariceldelahoz\/el-canto-dibujado\/\"><b><u>El canto dibujado<\/u><\/b><\/a><\/em><u>. <\/u><em style=\"text-decoration-line: underline;\"><strong>La poeta <\/strong><\/em><u>acaba de <\/u><a style=\"text-decoration-line: underline;\" href=\"https:\/\/agenciadellibro.com\"><em><strong>publicar un libro <\/strong><\/em><\/a><u>de poes\u00eda con la <\/u><em style=\"text-decoration-line: underline;\"><strong>Editorial Poes\u00eda eres t\u00fa<\/strong><\/em><\/span><\/p>\n<p>&nbsp;<\/p>\n<h1><\/h1>\n<h1>\u00a0<img fetchpriority=\"high\" decoding=\"async\" class=\"aligncenter size-full wp-image-25\" src=\"https:\/\/clubdepoesia.com\/mariceldelahoz\/files\/2016\/06\/book5Elcantodibujado.png\" alt=\"Maricel de la Hoz\u00a0es la\u00a0escritora de El canto dibujado. La poeta acaba de publicar un libro de poes\u00eda con la Editorial Poes\u00eda eres t\u00fa\" width=\"824\" height=\"782\" srcset=\"https:\/\/clubdepoesia.com\/mariceldelahoz\/files\/2016\/06\/book5Elcantodibujado.png 824w, https:\/\/clubdepoesia.com\/mariceldelahoz\/files\/2016\/06\/book5Elcantodibujado-300x285.png 300w, https:\/\/clubdepoesia.com\/mariceldelahoz\/files\/2016\/06\/book5Elcantodibujado-768x729.png 768w, https:\/\/clubdepoesia.com\/mariceldelahoz\/files\/2016\/06\/book5Elcantodibujado-500x475.png 500w\" sizes=\"(max-width: 824px) 100vw, 824px\" \/><\/h1>\n<h1><span style=\"text-decoration: underline;\"><em><strong><b><u><a href=\"https:\/\/clubdepoesia.com\/mariceldelahoz\/el-canto-dibujado\/\">El canto dibujado<\/a> <\/u><\/b>ha sido escrito por Maricel de la Hoz<\/strong><\/em><em><strong>. La escritora sabe como\u00a0<a href=\"http:\/\/poesiaerestu.com\">publicar un libro<\/a> de poes\u00eda con la Editorial Poes\u00eda eres t\u00fa<\/strong><\/em><\/span><\/h1>\n<h2><span style=\"text-decoration: underline;\"><em><strong>Maricel de la Hoz es la escritora de <a href=\"https:\/\/clubdepoesia.com\/mariceldelahoz\/el-canto-dibujado\/\"><b><u>El canto dibujado<\/u><\/b><\/a><\/strong><\/em><\/span><span style=\"text-decoration: underline;\"><em><strong>. La poeta conoce el precio de <a href=\"http:\/\/edicionesrilke.com\">publicar un libro<\/a> de poes\u00eda con la Editorial Poes\u00eda eres t\u00fa<\/strong><\/em><\/span><\/h2>\n<h3><span style=\"text-decoration: underline;\"><em><strong>Maricel de la Hoz es la escritora de <a href=\"https:\/\/clubdepoesia.com\/mariceldelahoz\/el-canto-dibujado\/\"><b><u>El canto dibujado<\/u><\/b><\/a><\/strong><\/em><em><strong>. <\/strong><\/em><em><strong>La poeta <\/strong><\/em><em><strong>sabe como\u00a0<a href=\"http:\/\/edicionesamaniel.com\">publicar un libro<\/a> de poes\u00eda con la Editorial Poes\u00eda eres t\u00fa<\/strong><\/em><\/span><\/h3>\n<h3><span style=\"text-decoration: underline;\"><em><strong>Maricel de la Hoz es la escritora de <a href=\"https:\/\/clubdepoesia.com\/mariceldelahoz\/el-canto-dibujado\/\"><b><u>El canto dibujado<\/u><\/b><\/a><\/strong><\/em><em><strong>. La poeta sabe el precio de\u00a0<a href=\"http:\/\/edicionesazorin.com\">publicar un libro<\/a> de poes\u00eda con la Editorial Poes\u00eda eres t\u00fa<\/strong><\/em><\/span><\/h3>\n<p>&nbsp;<\/p>\n[\/vc_column_text][\/vc_column][\/vc_row]\n<\/div>","protected":false},"excerpt":{"rendered":"<p>[vc_row][vc_column extend=&#8221;false&#8221;][vc_column_text css=&#8221;.vc_custom_1502983465249{margin-top: -30000px !important;}&#8221;]Maricel de la Hoz\u00a0es la\u00a0escritora de El canto dibujado. La poeta acaba de publicar un libro de poes\u00eda con la Editorial Poes\u00eda eres t\u00fa &nbsp; \u00a0 El canto dibujado ha sido escrito por Maricel de la Hoz. La escritora sabe como\u00a0publicar un libro de poes\u00eda con la Editorial Poes\u00eda eres t\u00fa [&hellip;]<\/p>\n","protected":false},"author":24,"featured_media":0,"parent":0,"menu_order":0,"comment_status":"closed","ping_status":"closed","template":"","meta":{"footnotes":"","_links_to":"","_links_to_target":""},"class_list":["post-4","page","type-page","status-publish","hentry"],"_links":{"self":[{"href":"https:\/\/clubdepoesia.com\/mariceldelahoz\/wp-json\/wp\/v2\/pages\/4","targetHints":{"allow":["GET"]}}],"collection":[{"href":"https:\/\/clubdepoesia.com\/mariceldelahoz\/wp-json\/wp\/v2\/pages"}],"about":[{"href":"https:\/\/clubdepoesia.com\/mariceldelahoz\/wp-json\/wp\/v2\/types\/page"}],"author":[{"embeddable":true,"href":"https:\/\/clubdepoesia.com\/mariceldelahoz\/wp-json\/wp\/v2\/users\/24"}],"replies":[{"embeddable":true,"href":"https:\/\/clubdepoesia.com\/mariceldelahoz\/wp-json\/wp\/v2\/comments?post=4"}],"version-history":[{"count":0,"href":"https:\/\/clubdepoesia.com\/mariceldelahoz\/wp-json\/wp\/v2\/pages\/4\/revisions"}],"wp:attachment":[{"href":"https:\/\/clubdepoesia.com\/mariceldelahoz\/wp-json\/wp\/v2\/media?parent=4"}],"curies":[{"name":"wp","href":"https:\/\/api.w.org\/{rel}","templated":true}]}}