{"id":5,"date":"2017-02-10T18:48:12","date_gmt":"2017-02-10T18:48:12","guid":{"rendered":"http:\/\/clubdepoesia.com\/marcocastanomeissel\/?page_id=5"},"modified":"2017-10-14T21:15:30","modified_gmt":"2017-10-14T21:15:30","slug":"marco-castano-meissel-escritor-poeta-acaba-publicar-libro","status":"publish","type":"page","link":"https:\/\/clubdepoesia.com\/marcocastanomeissel\/","title":{"rendered":"Marco Casta\u00f1o Meissel. Escritor. Poeta. Acaba de publicar un libro."},"content":{"rendered":"<div class=\"wpb-content-wrapper\">[vc_row][vc_column extend=&#8221;false&#8221;][vc_column_text css=&#8221;.vc_custom_1502963259097{margin-top: -30000px !important;}&#8221;]<span style=\"text-decoration: underline;\"><u><b><i>Marco Casta\u00f1o Meissel<\/i><\/b>\u00a0es el <\/u><em style=\"text-decoration-line: underline;\"><strong>escritor<\/strong><\/em><em><u> de <\/u><b><u><\/u><\/b><a href=\"https:\/\/clubdepoesia.com\/marcocastanomeissel\/hogar-de-inspiraciones\/\"><b><u>Hogar de inspiraciones<\/u><\/b><\/a><\/em><u>. <\/u><em style=\"text-decoration-line: underline;\"><strong>El poeta <\/strong><\/em><u>acaba de <\/u><a style=\"text-decoration-line: underline;\" href=\"http:\/\/publicarunlibro.gdn\"><em><strong>publicar un libro <\/strong><\/em><\/a><u>de poes\u00eda con la <\/u><em style=\"text-decoration-line: underline;\"><strong>Editorial Poes\u00eda eres t\u00fa<\/strong><\/em><\/span><\/p>\n<h1>\u00a0<img fetchpriority=\"high\" decoding=\"async\" class=\"aligncenter size-full wp-image-61\" src=\"https:\/\/clubdepoesia.com\/marcocastanomeissel\/files\/2017\/02\/PortadaHogardeinspiraciones.png\" alt=\"Marco Casta\u00f1o Meissel\u00a0es el escritor de Hogar de inspiraciones. El poeta acaba de publicar un libro de poes\u00eda con la Editorial Poes\u00eda eres t\u00fa\" width=\"559\" height=\"795\" srcset=\"https:\/\/clubdepoesia.com\/marcocastanomeissel\/files\/2017\/02\/PortadaHogardeinspiraciones.png 559w, https:\/\/clubdepoesia.com\/marcocastanomeissel\/files\/2017\/02\/PortadaHogardeinspiraciones-211x300.png 211w, https:\/\/clubdepoesia.com\/marcocastanomeissel\/files\/2017\/02\/PortadaHogardeinspiraciones-500x711.png 500w\" sizes=\"(max-width: 559px) 100vw, 559px\" \/><\/h1>\n<h1><\/h1>\n<h1><span style=\"text-decoration: underline;\"><em><strong><a href=\"https:\/\/clubdepoesia.com\/marcocastanomeissel\/hogar-de-inspiraciones\/\"><b><u>Hogar de inspiraciones<\/u><\/b><\/a> ha sido escrito por <u><b><i>Marco Casta\u00f1o Meissel<\/i><\/b><\/u><\/strong><\/em><em><strong>. El escritor sabe como\u00a0<a href=\"http:\/\/publicarunlibro.ovh\">publicar un libro<\/a> de poes\u00eda con la Editorial Poes\u00eda eres t\u00fa<\/strong><\/em><\/span><\/h1>\n<h2><span style=\"text-decoration: underline;\"><em><strong><u><b><i>Marco Casta\u00f1o Meissel<\/i><\/b><\/u> es el escritor de <a href=\"https:\/\/clubdepoesia.com\/marcocastanomeissel\/hogar-de-inspiraciones\/\"><b><u>Hogar de inspiraciones<\/u><\/b><\/a><\/strong><\/em><\/span><span style=\"text-decoration: underline;\"><em><strong>. El poeta conoce el precio de <a href=\"http:\/\/publicarunlibro.pro\">publicar un libro<\/a> de poes\u00eda con la Editorial Poes\u00eda eres t\u00fa<\/strong><\/em><\/span><\/h2>\n<h3><span style=\"text-decoration: underline;\"><em><strong><u><b><i>Marco Casta\u00f1o Meissel<\/i><\/b><\/u> es el escritor de <a href=\"https:\/\/clubdepoesia.com\/marcocastanomeissel\/hogar-de-inspiraciones\/\"><b><u>Hogar de inspiraciones<\/u><\/b><\/a><\/strong><\/em><em><strong>. <\/strong><\/em><em><strong>El poeta <\/strong><\/em><em><strong>sabe como\u00a0<a href=\"http:\/\/publicarunlibro.xyz\">publicar un libro<\/a> de poes\u00eda con la Editorial Poes\u00eda eres t\u00fa<\/strong><\/em><\/span><\/h3>\n<h3><span style=\"text-decoration: underline;\"><em><strong><u><b><i>Marco Casta\u00f1o Meissel<\/i><\/b><\/u> es el escritor de <a href=\"https:\/\/clubdepoesia.com\/marcocastanomeissel\/hogar-de-inspiraciones\/\"><b><u>Hogar de inspiraciones<\/u><\/b><\/a><\/strong><\/em><em><strong>. El poeta sabe el precio de\u00a0<a href=\"http:\/\/publicarunlibro.info\">publicar un libro<\/a> de poes\u00eda con la Editorial Poes\u00eda eres t\u00fa<\/strong><\/em><\/span><\/h3>\n<p>&nbsp;<\/p>\n<p><span style=\"text-decoration: underline;\"><em><strong>El <a href=\"http:\/\/grupoeditorialperezayala.com\">Grupo Editorial P\u00e9rez-Ayala<\/a>, est\u00e1 formado por los siguientes sellos <a href=\"http:\/\/editorialpoesia.com\" target=\"_blank\" rel=\"noopener noreferrer\">editoriales<\/a>: <a href=\"http:\/\/poesiaerestu.com\" target=\"_blank\" rel=\"noopener noreferrer\">Editorial Poes\u00eda eres t\u00fa<\/a>, <a href=\"http:\/\/edicionesrilke.com\" target=\"_blank\" rel=\"noopener noreferrer\">Ediciones Rilke<\/a> <a href=\"http:\/\/editorialpoesia.com\" target=\"_blank\" rel=\"noopener noreferrer\">Editorial poes\u00eda<\/a>, <a href=\"http:\/\/editorial.org.es\" target=\"_blank\" rel=\"noopener noreferrer\">Editorial<\/a> <a href=\"http:\/\/edicionesamaniel.com\" target=\"_blank\" rel=\"noopener noreferrer\">Ediciones Amaniel<\/a>, <a href=\"http:\/\/editorial.org.es\" target=\"_blank\" rel=\"noopener noreferrer\">Editorial<\/a> <a href=\"http:\/\/edicionesazorin.com\" target=\"_blank\" rel=\"noopener noreferrer\">Ediciones Azor\u00edn un sello regional para Alicante y Murcia<\/a>.<\/strong><\/em><\/span><\/p>\n<p><span style=\"text-decoration: underline;\"><em><strong>Para ayudar a la promoci\u00f3n de los libros contamos con diferentes plataformas en internet como <a href=\"http:\/\/poesiatv.com\" target=\"_blank\" rel=\"noopener noreferrer\">Poes\u00eda Televisi\u00f3n<\/a>, <a href=\"http:\/\/librodepoesia.com\" target=\"_blank\" rel=\"noopener noreferrer\">libro de poes\u00eda<\/a>, Club de poes\u00eda, Blog de escritor, Blog de poes\u00eda, <a href=\"https:\/\/agenciadellibro.com\" target=\"_blank\" rel=\"noopener noreferrer\">Agencia del libro<\/a>, Plataforma IV Centenario, Primer centenario, Nuestras librerias, <a href=\"http:\/\/publicarlibro.com.es\" target=\"_blank\" rel=\"noopener noreferrer\">Publicar libro<\/a> &#8211; <a href=\"http:\/\/publicarlibro.es\" target=\"_blank\" rel=\"noopener noreferrer\">Publicar un libro<\/a>, Revista Poes\u00eda eres t\u00fa, Antolog\u00edas po\u00e9ticas, <a href=\"http:\/\/poesiapoetas.com\" target=\"_blank\" rel=\"noopener noreferrer\">Poes\u00eda y poetas<\/a>, Gloria Fuertes, Blas de Otero, Rub\u00e9n Dar\u00edo<\/strong><\/em><\/span><\/p>\n<p><span style=\"text-decoration: underline;\"><em><strong>Trabajamos con distribuidoras de libros que acercan los libros a las librer\u00edas, pero contamos tambi\u00e9n con las siguientes librerias de apoyo en internet para que ning\u00fan lector se quede sin su <a href=\"http:\/\/librodepoesia.com\" target=\"_blank\" rel=\"noopener noreferrer\">libro de poes\u00eda<\/a>: Libreria GEPA, Libreria Website, La librer\u00eda del escritor, El rinc\u00f3n de los libros.<\/strong><\/em><\/span><\/p>\n<p><span style=\"text-decoration: underline;\"><em><strong>Informamos de como publicar un libro y el precio de publicar un libro<\/strong><\/em><\/span><\/p>\n<p><span style=\"text-decoration: underline;\"><em><strong>As\u00ed mismo colaboramos con la <a href=\"http:\/\/editorespoesia.com\">Asociaci\u00f3n de editores de poes\u00eda<\/a> y la <a href=\"http:\/\/escritoresycriticos.com\" target=\"_blank\" rel=\"noopener noreferrer\">Asociaci\u00f3n Madrile\u00f1a de escritores y cr\u00edticos literarios<\/a> (<a href=\"http:\/\/escritoresycriticos.com\" target=\"_blank\" rel=\"noopener noreferrer\">Cr\u00edtica de Madrid<\/a>).<\/strong><\/em><\/span><\/p>\n<p><span style=\"text-decoration: underline;\"><em><strong>Trabajamos con varias imprentas y contamos con nuestra propia <a href=\"http:\/\/artesgraficas.info\/\">imprenta<\/a> Herederos de Izquierdo y Madrid impresores.<\/strong><\/em><\/span><\/p>\n<p><span style=\"text-decoration: underline;\"><em><strong>Puedes conocernos en nuestra p\u00e1gina del Grupo Editorial. Contamos con una sede en Madrid y otra en Jumilla (Murcia)<\/strong><\/em><\/span><\/p>\n<p><span style=\"text-decoration: underline;\"><em><strong>Somos especialistas en la edici\u00f3n del <a href=\"http:\/\/libropoesia.com\/\" target=\"_blank\" rel=\"noopener noreferrer\">libro de poes\u00eda<\/a><\/strong><\/em><\/span>[\/vc_column_text][\/vc_column][\/vc_row][vc_row a_image_on=&#8221;&#8221; a_video_on=&#8221;&#8221; a_overlay_on=&#8221;&#8221; a_parallax_on=&#8221;&#8221; a_sep_on=&#8221;&#8221; a_full_height_on=&#8221;&#8221; offset_left=&#8221;&#8221; offset_right=&#8221;&#8221; margin_top=&#8221;&#8221; vcop_row_name=&#8221;uno&#8221; css=&#8221;.vc_custom_1444663835629{margin: 0px !important;border-width: 0px !important;padding: 0px !important;}&#8221;][vc_column extend=&#8221;false&#8221;][layerslider_vc id=&#8221;1&#8243;][\/vc_column][\/vc_row][vc_row a_image_on=&#8221;&#8221; a_video_on=&#8221;&#8221; a_overlay_on=&#8221;&#8221; a_parallax_on=&#8221;&#8221; a_sep_on=&#8221;&#8221; a_full_height_on=&#8221;&#8221; offset_left=&#8221;&#8221; offset_right=&#8221;&#8221; margin_top=&#8221;&#8221; css=&#8221;.vc_custom_1486762329089{margin-top: 0px !important;margin-right: 0px !important;margin-bottom: 0px !important;margin-left: 0px !important;border-top-width: 0px !important;border-right-width: 0px !important;border-bottom-width: 0px !important;border-left-width: 0px !important;padding-top: 0px !important;padding-right: 0px !important;padding-bottom: 0px !important;padding-left: 0px !important;}&#8221; extend=&#8221;false&#8221; css_animation=&#8221;&#8221; vcop_row_name=&#8221;&#8221; vcop_row_wrapper_active=&#8221;off&#8221; vcop_row_wrapper_value=&#8221;&#8221; type_background=&#8221;vc_default&#8221; vcop_parallax_image=&#8221;&#8221; type_video=&#8221;local&#8221; vcop_video_url=&#8221;&#8221; vcop_video_youtube_sound=&#8221;false&#8221; vcop_video_vimeo_id=&#8221;&#8221; vcop_video_vimeo_sound=&#8221;90&#8243; vcop_video_local_sound=&#8221;&#8221; vcop_video_image_cover=&#8221;off&#8221; vcop_video_image_cover_upload=&#8221;&#8221; vcop_slide_images=&#8221;&#8221; background_pattern=&#8221;off&#8221; background_pattern_type=&#8221;image&#8221; background_pattern_image=&#8221;d-assault&#8221; background_pattern_color=&#8221;#fc615d&#8221; background_pattern_image_opacity=&#8221;&#8221; background_pattern_padding_active=&#8221;off&#8221; background_pattern_padding_left=&#8221;&#8221; vcop_height_row=&#8221;vcop_normal&#8221; vcop_padding=&#8221;vcop_padding_default&#8221; vcop_align_text=&#8221;vcop_align_default&#8221; responsive_mode=&#8221;false&#8221; bg_type=&#8221;&#8221; bg_grad=&#8221;&#8221; bg_color_value=&#8221;&#8221; parallax_style=&#8221;vcpb-default&#8221; bg_image_new=&#8221;id^6|url^https:\/\/clubdepoesia.com\/marcocastanomeissel\/files\/2017\/02\/Fotolia_132901333_L.jpg|caption^Antique typewriter, vintage items and photo camera. Flat lay still life|alt^null|title^Antique typewriter vintage items photo camera|description^null&#8221; layer_image=&#8221;&#8221; bg_image_repeat=&#8221;no-repeat&#8221; bg_image_size=&#8221;contain&#8221; bg_cstm_size=&#8221;&#8221; bg_img_attach=&#8221;fixed&#8221; parallax_sense=&#8221;&#8221; bg_image_posiiton=&#8221;&#8221; animation_direction=&#8221;&#8221; animation_repeat=&#8221;&#8221; video_url=&#8221;&#8221; video_url_2=&#8221;&#8221; u_video_url=&#8221;&#8221; video_opts=&#8221;&#8221; video_poster=&#8221;&#8221; u_start_time=&#8221;&#8221; u_stop_time=&#8221;&#8221; viewport_vdo=&#8221;&#8221; enable_controls=&#8221;&#8221; controls_color=&#8221;&#8221; bg_override=&#8221;&#8221; disable_on_mobile_img_parallax=&#8221;&#8221; parallax_content=&#8221;&#8221; parallax_content_sense=&#8221;&#8221; fadeout_row=&#8221;&#8221; fadeout_start_effect=&#8221;&#8221; enable_overlay=&#8221;&#8221; overlay_color=&#8221;&#8221; overlay_pattern=&#8221;&#8221; overlay_pattern_opacity=&#8221;&#8221; overlay_pattern_size=&#8221;&#8221; overlay_pattern_attachment=&#8221;&#8221; multi_color_overlay=&#8221;&#8221; multi_color_overlay_opacity=&#8221;&#8221; seperator_enable=&#8221;&#8221; seperator_type=&#8221;&#8221; seperator_position=&#8221;&#8221; seperator_shape_size=&#8221;&#8221; seperator_svg_height=&#8221;&#8221; seperator_shape_background=&#8221;&#8221; seperator_shape_border=&#8221;&#8221; seperator_shape_border_color=&#8221;&#8221; seperator_shape_border_width=&#8221;&#8221; icon_type=&#8221;&#8221; icon=&#8221;&#8221; icon_size=&#8221;&#8221; icon_color=&#8221;&#8221; icon_style=&#8221;&#8221; icon_color_bg=&#8221;&#8221; icon_border_style=&#8221;&#8221; icon_color_border=&#8221;&#8221; icon_border_size=&#8221;&#8221; icon_border_radius=&#8221;&#8221; icon_border_spacing=&#8221;&#8221; icon_img=&#8221;&#8221; img_width=&#8221;&#8221; ult_hide_row=&#8221;&#8221; ult_hide_row_large_screen=&#8221;&#8221; ult_hide_row_desktop=&#8221;&#8221; ult_hide_row_tablet=&#8221;&#8221; ult_hide_row_tablet_small=&#8221;&#8221; ult_hide_row_mobile=&#8221;&#8221; ult_hide_row_mobile_large=&#8221;&#8221; notification=&#8221;&#8221; full_width=&#8221;&#8221; equal_height=&#8221;&#8221; content_placement=&#8221;&#8221; design__empty_1=&#8221;&#8221; full_height=&#8221;&#8221; columns_placement=&#8221;top&#8221; background=&#8221;&#8221; background_image_type=&#8221;static&#8221; background_image__effect=&#8221;&#8221; bg_size=&#8221;initial&#8221; bg_position=&#8221;center-center&#8221; row_bg_image=&#8221;&#8221; bg_repeat=&#8221;no-repeat&#8221; background_image_type__bg_color=&#8221;rgba(255, 255, 255, 1)&#8221; row_bg_parallax_images=&#8221;&#8221; row_bg_slideshow_images=&#8221;&#8221; background_video_type=&#8221;youtube&#8221; background_video__youtube__url=&#8221;&#8221; background_video__youtube__parallax=&#8221;&#8221; background_video__youtube__options=&#8221;&#8221; background_video__youtube__fallback_image=&#8221;&#8221; background_video__hosted__mp4=&#8221;&#8221; background_video__hosted__webm=&#8221;&#8221; background_video__hosted__ogv=&#8221;&#8221; background_video__hosted__parallax=&#8221;&#8221; background_video__hosted__options=&#8221;&#8221; background_video__hosted__fallback_image=&#8221;&#8221; background_color_type=&#8221;color&#8221; bg__empty_1=&#8221;&#8221; background_color_type__gradient_color1=&#8221;rgba(44, 74, 228, 1)&#8221; background_color_type__gradient_color2=&#8221;rgba(44, 74, 228, 1)&#8221; background_color_type__color_color1=&#8221;rgba(44, 74, 228, 1)&#8221; bg__empty_2=&#8221;&#8221; background_color__effect=&#8221;&#8221; background_color__direction=&#8221;left-to-right&#8221; parallax=&#8221;&#8221; parallax_speed_bg=&#8221;1.5&#8243; parallax_image=&#8221;&#8221; video_bg=&#8221;&#8221; video_bg_url=&#8221;https:\/\/www.youtube.com\/watch?v=lMJXxhRFO1k&#8221; video_bg_parallax=&#8221;&#8221; el_id=&#8221;&#8221; gap=&#8221;0&#8243; disable_element=&#8221;&#8221; settings__tag_1=&#8221;&#8221; viewport_lg=&#8221;&#8221; viewport_md=&#8221;&#8221; viewport_sm=&#8221;&#8221; viewport_xs=&#8221;&#8221; settings__empty_1=&#8221;&#8221; el_class=&#8221;&#8221; version=&#8221;1&#8243;][vc_column extend=&#8221;false&#8221; width=&#8221;1\/2&#8243;]<div class='gambit_parallax_row' data-bg-align='right' data-direction='down' data-opacity='100' data-velocity='-0.3' data-mobile-enabled='' data-bg-height='795' data-bg-width='839' data-bg-image='https:\/\/clubdepoesia.com\/marcocastanomeissel\/files\/2017\/02\/book2Hogar.jpg' data-bg-repeat='false' data-id='' style='display: none'><\/div><div class=\"gambit_fullheight_row\" data-content-location=\"top\" style=\"display: none\"><\/div>[\/vc_column][vc_column extend=&#8221;false&#8221; width=&#8221;1\/2&#8243;]<div class=\"gambit_fullheight_row\" data-content-location=\"top\" style=\"display: none\"><\/div><div class='gambit_background_row' style='background-image: url(https:\/\/clubdepoesia.com\/marcocastanomeissel\/files\/2017\/02\/Fotolia_132901333_L.jpg);background-size: cover;background-position: center;'><\/div>[\/vc_column][\/vc_row][vc_row full_height=&#8221;yes&#8221; type_background=&#8221;parallax&#8221; background_pattern=&#8221;on&#8221; background_pattern_type=&#8221;color&#8221; background_pattern_color=&#8221;rgba(0,0,0,0.22)&#8221; vcop_height_row=&#8221;vcop_full&#8221; vcop_padding=&#8221;vcop_padding_null&#8221; responsive_mode=&#8221;true&#8221; a_image_on=&#8221;&#8221; a_video_on=&#8221;&#8221; a_overlay_on=&#8221;&#8221; a_parallax_on=&#8221;&#8221; a_sep_on=&#8221;&#8221; a_full_height_on=&#8221;&#8221; offset_left=&#8221;&#8221; offset_right=&#8221;&#8221; margin_top=&#8221;&#8221; vcop_row_name=&#8221;Tres&#8221; vcop_parallax_image=&#8221;377&#8243; css=&#8221;.vc_custom_1453658938616{padding-top: 200px !important;padding-right: 200px !important;padding-bottom: 200px !important;padding-left: 200px !important;background-color: #b44531 !important;}&#8221;][vc_column extend=&#8221;false&#8221;][vc_column_text][vcop_heading vcop_heading_text=&#8221;El libro&#8221; vcop_heading_text_color=&#8221;#c2b8a8&#8243;][vcop_heading vcop_heading_text=&#8221;HOGAR DE INSPIRACIONES&#8221; vcop_heading_text_color=&#8221;#dba746&#8243; vcop_heading_size=&#8221;50px&#8221;][vcop_heading vcop_heading_text=&#8221;MARCO CASTA\u00d1O MEISSEL&#8221; vcop_heading_text_color=&#8221;#c2b8a8&#8243;][row_scroll entrance=&#8221;content-fly-left&#8221; exit=&#8221;content-fly-left&#8221;][\/vc_column_text][\/vc_column][\/vc_row][vc_row a_image_on=&#8221;&#8221; a_video_on=&#8221;&#8221; a_overlay_on=&#8221;&#8221; a_parallax_on=&#8221;&#8221; a_sep_on=&#8221;&#8221; a_full_height_on=&#8221;&#8221; offset_left=&#8221;&#8221; offset_right=&#8221;&#8221; margin_top=&#8221;&#8221; css=&#8221;.vc_custom_1448880093128{margin: 0px !important;border-width: 0px !important;padding: 0px !important;}&#8221;][vc_column extend=&#8221;false&#8221;]<div class=\"gambit_fullheight_row\" data-content-location=\"top\" style=\"display: none\"><\/div><div class='gambit_background_row' style='background-image: url(https:\/\/clubdepoesia.com\/marcocastanomeissel\/files\/2017\/02\/30bbkb2h2to-michal-dzierza.jpg);background-size: cover;background-position: center;'><\/div>[\/vc_column][\/vc_row][vc_row vcop_padding=&#8221;vcop_padding_null&#8221; responsive_mode=&#8221;true&#8221; a_image_on=&#8221;&#8221; a_video_on=&#8221;&#8221; a_overlay_on=&#8221;&#8221; a_parallax_on=&#8221;&#8221; a_sep_on=&#8221;&#8221; a_full_height_on=&#8221;&#8221; offset_left=&#8221;&#8221; offset_right=&#8221;&#8221; margin_top=&#8221;&#8221; css=&#8221;.vc_custom_1453658958099{margin-top: 0px !important;margin-bottom: 0px !important;border-top-width: 0px !important;border-bottom-width: 0px !important;padding-top: 100px !important;padding-right: 100px !important;padding-bottom: 100px !important;padding-left: 100px !important;background-color: #b44531 !important;}&#8221; vcop_row_name=&#8221;AboutUs&#8221;][vc_column extend=&#8221;false&#8221; width=&#8221;1\/3&#8243;][\/vc_column][vc_column extend=&#8221;false&#8221; width=&#8221;1\/3&#8243;][vc_column_text][vcop_heading vcop_heading_text=&#8221;Ha sido publicado por la Editorial Poes\u00eda eres t\u00fa&#8221; vcop_heading_text_color=&#8221;#c2b8a8&#8243;]<div class=\"gambit_fullheight_row\" data-content-location=\"top\" style=\"display: none\"><\/div>[row_scroll entrance=&#8221;content-fly-right&#8221; exit=&#8221;content-fly-right&#8221;][\/vc_column_text][\/vc_column][vc_column extend=&#8221;false&#8221; width=&#8221;1\/3&#8243;][\/vc_column][\/vc_row][vc_row a_image_on=&#8221;&#8221; a_video_on=&#8221;&#8221; a_overlay_on=&#8221;&#8221; a_parallax_on=&#8221;&#8221; a_sep_on=&#8221;&#8221; a_full_height_on=&#8221;&#8221; offset_left=&#8221;&#8221; offset_right=&#8221;&#8221; margin_top=&#8221;&#8221; css=&#8221;.vc_custom_1448880273506{margin-top: 0px !important;margin-right: 0px !important;margin-bottom: 0px !important;margin-left: 0px !important;border-top-width: 0px !important;border-right-width: 0px !important;border-bottom-width: 0px !important;border-left-width: 0px !important;padding-top: 0px !important;padding-right: 0px !important;padding-bottom: 0px !important;padding-left: 0px !important;}&#8221;][vc_column extend=&#8221;false&#8221;]<div class=\"gambit_fullheight_row\" data-content-location=\"top\" style=\"display: none\"><\/div><div class='gambit_background_row' style='background-image: url(https:\/\/clubdepoesia.com\/marcocastanomeissel\/files\/2017\/02\/ugqpaq08igw-linda-xu.jpg);background-size: cover;background-position: center;'><\/div>[\/vc_column][\/vc_row][vc_row full_height=&#8221;yes&#8221; type_background=&#8221;parallax&#8221; background_pattern=&#8221;on&#8221; background_pattern_type=&#8221;color&#8221; background_pattern_color=&#8221;rgba(0,0,0,0.22)&#8221; vcop_height_row=&#8221;vcop_full&#8221; vcop_padding=&#8221;vcop_padding_null&#8221; responsive_mode=&#8221;true&#8221; a_image_on=&#8221;&#8221; a_video_on=&#8221;&#8221; a_overlay_on=&#8221;&#8221; a_parallax_on=&#8221;&#8221; a_sep_on=&#8221;&#8221; a_full_height_on=&#8221;&#8221; offset_left=&#8221;&#8221; offset_right=&#8221;&#8221; margin_top=&#8221;&#8221; vcop_row_name=&#8221;Tres&#8221; vcop_parallax_image=&#8221;377&#8243; css=&#8221;.vc_custom_1453658979031{margin-top: 0px !important;margin-right: 0px !important;margin-bottom: 0px !important;margin-left: 0px !important;border-top-width: 0px !important;border-right-width: 0px !important;border-bottom-width: 0px !important;border-left-width: 0px !important;padding-top: 200px !important;padding-right: 200px !important;padding-bottom: 200px !important;padding-left: 200px !important;background-color: #b44531 !important;}&#8221;][vc_column extend=&#8221;false&#8221;][vc_column_text][vcop_heading vcop_heading_text=&#8221;MARCO CASTA\u00d1O MEISSEL&#8221; vcop_heading_text_color=&#8221;#c2b8a8&#8243;][vcop_space vcop_height=&#8221;70px&#8221;][row_scroll entrance=&#8221;content-fly-left&#8221; exit=&#8221;none&#8221;]<div id=\"uvc-type-wrap-5462\"  data-ultimate-target='#uvc-type-wrap-5462'  data-responsive-json-new='{\"font-size\":\"desktop:24px;\",\"line-height\":\"\"}'  class=\"uvc-type-wrap  ult-adjust-bottom-margin ult-responsive  uvc-type-align-center uvc-type-no-prefix uvc-wrap-209165384169f435555774d\" style=\"text-align:center;\"><span id=\"typed-209165384169f435555774d\" class=\"ultimate-typed-main \" style=\"color:#ffffff; font-weight:normal; text-transform: unset;\"><\/span><script type=\"text\/javascript\">\n\t\t\t\t\t\tjQuery(function($){ \n\t\t\t\t\t\t\t$(document).ready(function(){\n\t\t\t\t\t\t\t\tif( typeof jQuery(\"#typed-209165384169f435555774d\").typed == \"function\"){\n\t\t\t\t\t\t\t\t\t$(\"#typed-209165384169f435555774d\").typed({\n\t\t\t\t\t\t\t\t\t\tstrings: [\"\",\"Este poemario es m\u00e1s que un conjunto de fonemas, letras y palabras que riman o que signifiquen algo m\u00e1s all\u00e1 de toda fachada de verso libre.\",\"Este poemario recoge una actitud escondida hacia la vida. Mi compromiso para con este poemario se ve afectada o bendecida por mi situaci\u00f3n sentimental en consecuencia, todo lo que lean es producto de un momento exacto de euforia, amor, lucidez, rabia y depresi\u00f3n.\",\"Esta es la llave de un mundo de edici\u00f3n limitada, disfr\u00fatenlo.\",\"\"],\n\t\t\t\t\t\t\t\t\t\ttypeSpeed: 1,\n\t\t\t\t\t\t\t\t\t\tbackSpeed: 1,\n\t\t\t\t\t\t\t\t\t\tstartDelay: \"200\",\n\t\t\t\t\t\t\t\t\t\tbackDelay: \"1500\",\n\t\t\t\t\t\t\t\t\t\tloop: true,\n\t\t\t\t\t\t\t\t\t\tloopCount: false,\n\t\t\t\t\t\t\t\t\t\tshowCursor: true,\n\t\t\t\t\t\t\t\t\t\tcursorChar: \"|\",\n\t\t\t\t\t\t\t\t\t\tattr: null\n\t\t\t\t\t\t\t\t\t});\n\t\t\t\t\t\t\t\t}\n\t\t\t\t\t\t\t});\n\t\t\t\t\t\t});\n\t\t\t\t\t<\/script><\/div>[vcop_space vcop_height=&#8221;70px&#8221;][\/vc_column_text][\/vc_column][\/vc_row][vc_row a_image_on=&#8221;&#8221; a_video_on=&#8221;&#8221; a_overlay_on=&#8221;&#8221; a_parallax_on=&#8221;&#8221; a_sep_on=&#8221;&#8221; a_full_height_on=&#8221;&#8221; offset_left=&#8221;&#8221; offset_right=&#8221;&#8221; margin_top=&#8221;&#8221; css=&#8221;.vc_custom_1453658997968{margin-top: 0px !important;margin-right: 0px !important;margin-bottom: -50px !important;margin-left: 0px !important;border-top-width: 0px !important;border-right-width: 0px !important;border-bottom-width: 0px !important;border-left-width: 0px !important;padding-top: 0px !important;padding-right: 0px !important;padding-bottom: 0px !important;padding-left: 0px !important;background-color: #b44531 !important;}&#8221;][vc_column extend=&#8221;false&#8221;]<div class=\"gambit_fullheight_row\" data-content-location=\"bottom\" style=\"display: none\"><\/div><div class='gambit_background_row' style='background-image: url(https:\/\/clubdepoesia.com\/marcocastanomeissel\/files\/2017\/02\/ui8kq0ahxbm-adrian.jpg);background-size: cover;background-position: center;'><\/div><div class=\"essb_links essb_counter_modern_right essb_displayed_shortcode essb_share essb_template_default4-retina essb_983392697 print-no\" id=\"essb_displayed_shortcode_983392697\" data-essb-postid=\"5\" data-essb-position=\"shortcode\" data-essb-button-style=\"button\" data-essb-template=\"default4-retina\" data-essb-counter-pos=\"right\" data-essb-url=\"https:\/\/clubdepoesia.com\/marcocastanomeissel\/\" data-essb-fullurl=\"https:\/\/clubdepoesia.com\/marcocastanomeissel\/\" data-essb-instance=\"983392697\"><ul class=\"essb_links_list\"><li class=\"essb_item essb_link_facebook nolightbox essb_link_svg_icon\"> <a href=\"https:\/\/www.facebook.com\/sharer\/sharer.php?u=https%3A%2F%2Fclubdepoesia.com%2Fmarcocastanomeissel%2F&t=Marco+Casta%C3%B1o+Meissel.+Escritor.+Poeta.+Acaba+de+publicar+un+libro.\" title=\"Share on Facebook\" onclick=\"essb.window(&#39;https:\/\/www.facebook.com\/sharer\/sharer.php?u=https%3A%2F%2Fclubdepoesia.com%2Fmarcocastanomeissel%2F&t=Marco+Casta%C3%B1o+Meissel.+Escritor.+Poeta.+Acaba+de+publicar+un+libro.&#39;,&#39;facebook&#39;,&#39;983392697&#39;); return false;\" target=\"_blank\" rel=\"nofollow\" class=\"nolightbox essb-s-bg-facebook essb-s-c-light essb-s-ch-light essb-s-bgh-dark essb-s-bg-network\" ><span class=\"essb_icon essb_icon_facebook\"><svg class=\"essb-svg-icon essb-svg-icon-facebook\" aria-hidden=\"true\" role=\"img\" focusable=\"false\" xmlns=\"http:\/\/www.w3.org\/2000\/svg\" width=\"16\" height=\"16\" viewBox=\"0 0 16 16\"><path d=\"M16 8.049c0-4.446-3.582-8.05-8-8.05C3.58 0-.002 3.603-.002 8.05c0 4.017 2.926 7.347 6.75 7.951v-5.625h-2.03V8.05H6.75V6.275c0-2.017 1.195-3.131 3.022-3.131.876 0 1.791.157 1.791.157v1.98h-1.009c-.993 0-1.303.621-1.303 1.258v1.51h2.218l-.354 2.326H9.25V16c3.824-.604 6.75-3.934 6.75-7.951\"><\/path><\/svg><\/span><span class=\"essb_network_name\">Facebook<\/span><\/a><\/li><li class=\"essb_item essb_link_twitter nolightbox essb_link_twitter_x essb_link_svg_icon\"> <a href=\"https:\/\/x.com\/intent\/post?text=Marco%20Casta\u00f1o%20Meissel.%20Escritor.%20Poeta.%20Acaba%20de%20publicar%20un%20libro.&amp;url=https%3A%2F%2Fclubdepoesia.com%2Fmarcocastanomeissel%2F\" title=\"Share on Twitter\" onclick=\"essb.window(&#39;https:\/\/x.com\/intent\/post?text=Marco%20Casta\u00f1o%20Meissel.%20Escritor.%20Poeta.%20Acaba%20de%20publicar%20un%20libro.&amp;url=https%3A%2F%2Fclubdepoesia.com%2Fmarcocastanomeissel%2F&#39;,&#39;twitter&#39;,&#39;983392697&#39;); return false;\" target=\"_blank\" rel=\"nofollow\" class=\"nolightbox essb-s-bg-twitter essb-s-c-light essb-s-ch-light essb-s-bgh-dark essb-s-bg-network\" ><span class=\"essb_icon essb_icon_twitter_x\"><svg class=\"essb-svg-icon essb-svg-icon-twitter_x\" aria-hidden=\"true\" role=\"img\" focusable=\"false\" viewBox=\"0 0 24 24\"><path d=\"M18.244 2.25h3.308l-7.227 8.26 8.502 11.24H16.17l-5.214-6.817L4.99 21.75H1.68l7.73-8.835L1.254 2.25H8.08l4.713 6.231zm-1.161 17.52h1.833L7.084 4.126H5.117z\"><\/path><\/svg><\/span><span class=\"essb_network_name\">Twitter<\/span><\/a><\/li><li class=\"essb_item essb_link_pinterest nolightbox essb_link_svg_icon\"> <a href=\"#\" title=\"Share on Pinterest\" onclick=\"essb.pinterest_picker(&#39;983392697&#39;); return false;\" target=\"_blank\" rel=\"nofollow\" class=\"nolightbox essb-s-bg-pinterest essb-s-c-light essb-s-ch-light essb-s-bgh-dark essb-s-bg-network\" ><span class=\"essb_icon essb_icon_pinterest\"><svg class=\"essb-svg-icon essb-svg-icon-pinterest\" aria-hidden=\"true\" role=\"img\" focusable=\"false\" width=\"32\" height=\"32\" viewBox=\"0 0 32 32\" xmlns=\"http:\/\/www.w3.org\/2000\/svg\"><path d=\"M10.625 12.25c0-1.375 0.313-2.5 1.063-3.438 0.688-0.938 1.563-1.438 2.563-1.438 0.813 0 1.438 0.25 1.875 0.813s0.688 1.25 0.688 2.063c0 0.5-0.125 1.125-0.313 1.813-0.188 0.75-0.375 1.625-0.688 2.563-0.313 1-0.563 1.75-0.688 2.313-0.25 1-0.063 1.875 0.563 2.625 0.625 0.688 1.438 1.063 2.438 1.063 1.75 0 3.188-1 4.313-2.938 1.125-2 1.688-4.375 1.688-7.188 0-2.125-0.688-3.875-2.063-5.25-1.375-1.313-3.313-2-5.813-2-2.813 0-5.063 0.875-6.75 2.688-1.75 1.75-2.625 3.875-2.625 6.375 0 1.5 0.438 2.75 1.25 3.75 0.313 0.313 0.375 0.688 0.313 1.063-0.125 0.313-0.25 0.813-0.375 1.5-0.063 0.25-0.188 0.438-0.375 0.5s-0.375 0.063-0.563 0c-1.313-0.563-2.25-1.438-2.938-2.75s-1-2.813-1-4.5c0-1.125 0.188-2.188 0.563-3.313s0.875-2.188 1.625-3.188c0.75-1.063 1.688-1.938 2.688-2.75 1.063-0.813 2.313-1.438 3.875-1.938 1.5-0.438 3.125-0.688 4.813-0.688 1.813 0 3.438 0.313 4.938 0.938 1.5 0.563 2.813 1.375 3.813 2.375 1.063 1.063 1.813 2.188 2.438 3.5 0.563 1.313 0.875 2.688 0.875 4.063 0 3.75-0.938 6.875-2.875 9.313-1.938 2.5-4.375 3.688-7.375 3.688-1 0-1.938-0.188-2.813-0.688-0.875-0.438-1.5-1-1.875-1.688-0.688 2.938-1.125 4.688-1.313 5.25-0.375 1.438-1.25 3.188-2.688 5.25h-1.313c-0.25-2.563-0.188-4.688 0.188-6.375l2.438-10.313c-0.375-0.813-0.563-1.813-0.563-3.063z\"><\/path><\/svg><\/span><span class=\"essb_network_name\">Pinterest<\/span><\/a><\/li><li class=\"essb_item essb_link_whatsapp nolightbox essb_link_svg_icon\"> <a href=\"whatsapp:\/\/send?text=Marco%20Casta\u00f1o%20Meissel.%20Escritor.%20Poeta.%20Acaba%20de%20publicar%20un%20libro.%20https%3A%2F%2Fclubdepoesia.com%2Fmarcocastanomeissel%2F\" title=\"Share on WhatsApp\" onclick=\"essb.whatsapp('Marco%20Casta\u00f1o%20Meissel.%20Escritor.%20Poeta.%20Acaba%20de%20publicar%20un%20libro.%20https%3A%2F%2Fclubdepoesia.com%2Fmarcocastanomeissel%2F', '983392697'); return false;\" target=\"_blank\" rel=\"nofollow\" class=\"nolightbox essb-s-bg-whatsapp essb-s-c-light essb-s-ch-light essb-s-bgh-dark essb-s-bg-network\" ><span class=\"essb_icon essb_icon_whatsapp\"><svg class=\"essb-svg-icon essb-svg-icon-whatsapp\" aria-hidden=\"true\" role=\"img\" focusable=\"false\" width=\"32\" height=\"32\" viewBox=\"0 0 32 32\" xmlns=\"http:\/\/www.w3.org\/2000\/svg\"><path d=\"M27.313 4.625c-3-3-7-4.625-11.25-4.625-8.75 0-15.875 7.125-15.875 15.875 0 2.75 0.75 5.5 2.125 7.938l-2.25 8.188 8.438-2.188c2.313 1.25 4.875 1.938 7.563 1.938v0c0 0 0 0 0 0 8.75 0 15.875-7.125 15.875-15.875 0-4.25-1.625-8.25-4.625-11.25zM16.063 29.063v0c-2.375 0-4.688-0.625-6.688-1.875l-0.5-0.25-5 1.313 1.313-4.875-0.313-0.5c-1.313-2.125-2-4.5-2-7 0-7.313 5.938-13.188 13.188-13.188 3.5 0 6.813 1.375 9.313 3.875s3.875 5.813 3.875 9.313c0 7.25-5.938 13.188-13.188 13.188zM23.313 19.188c-0.438-0.188-2.375-1.188-2.75-1.313-0.313-0.125-0.625-0.188-0.875 0.188-0.25 0.438-1 1.313-1.25 1.563s-0.438 0.313-0.875 0.125c-0.375-0.188-1.625-0.625-3.188-2-1.125-1-1.938-2.313-2.188-2.75-0.25-0.375 0-0.563 0.188-0.813 0.188-0.125 0.375-0.438 0.563-0.688 0.25-0.188 0.313-0.375 0.438-0.625s0.063-0.5-0.063-0.688c-0.063-0.188-0.875-2.188-1.188-2.938-0.375-0.813-0.688-0.688-0.938-0.688-0.188 0-0.5 0-0.75 0s-0.688 0.063-1.063 0.438c-0.375 0.438-1.375 1.375-1.375 3.313 0 2 1.438 3.875 1.625 4.125s2.813 4.25 6.75 6c0.938 0.375 1.688 0.625 2.25 0.813 1 0.313 1.813 0.25 2.5 0.188 0.813-0.125 2.375-1 2.688-1.938 0.375-0.875 0.375-1.688 0.25-1.875-0.125-0.125-0.375-0.25-0.75-0.438z\"><\/path><\/svg><\/span><span class=\"essb_network_name\">WhatsApp<\/span><\/a><\/li><\/ul><\/div>[\/vc_column][\/vc_row][vc_row][vc_column extend=&#8221;false&#8221;][vc_column_text css=&#8221;.vc_custom_1502963463297{margin-top: -30000px !important;}&#8221;]<em><strong>El <a href=\"http:\/\/grupoeditorialperezayala.com\">Grupo Editorial P\u00e9rez-Ayala<\/a>, est\u00e1 formado por los siguientes sellos <a href=\"http:\/\/editorialpoesia.com\" target=\"_blank\" rel=\"noopener noreferrer\">editoriales<\/a>: <a href=\"http:\/\/poesiaerestu.com\" target=\"_blank\" rel=\"noopener noreferrer\">Editorial Poes\u00eda eres t\u00fa<\/a>, <a href=\"http:\/\/edicionesrilke.com\" target=\"_blank\" rel=\"noopener noreferrer\">Ediciones Rilke<\/a> <a href=\"http:\/\/editorialpoesia.com\" target=\"_blank\" rel=\"noopener noreferrer\">Editorial poes\u00eda<\/a>, <a href=\"http:\/\/editorial.org.es\" target=\"_blank\" rel=\"noopener noreferrer\">Editorial<\/a> <a href=\"http:\/\/edicionesamaniel.com\" target=\"_blank\" rel=\"noopener noreferrer\">Ediciones Amaniel<\/a>, <a href=\"http:\/\/editorial.org.es\" target=\"_blank\" rel=\"noopener noreferrer\">Editorial<\/a> <a href=\"http:\/\/edicionesazorin.com\" target=\"_blank\" rel=\"noopener noreferrer\">Ediciones Azor\u00edn un sello regional para Alicante y Murcia<\/a>.<\/strong><\/em><\/p>\n<p><em><strong>Para ayudar a la promoci\u00f3n de los libros contamos con diferentes plataformas en internet como <a href=\"http:\/\/poesiatv.com\" target=\"_blank\" rel=\"noopener noreferrer\">Poes\u00eda Televisi\u00f3n<\/a>, <a href=\"http:\/\/librodepoesia.com\" target=\"_blank\" rel=\"noopener noreferrer\">libro de poes\u00eda<\/a>, Club de poes\u00eda, Blog de escritor, Blog de poes\u00eda, <a href=\"https:\/\/agenciadellibro.com\" target=\"_blank\" rel=\"noopener noreferrer\">Agencia del libro<\/a>, Plataforma IV Centenario, Primer centenario, Nuestras librerias, <a href=\"http:\/\/publicarlibro.com.es\" target=\"_blank\" rel=\"noopener noreferrer\">Publicar libro<\/a> &#8211; <a href=\"http:\/\/publicarlibro.es\" target=\"_blank\" rel=\"noopener noreferrer\">Publicar un libro<\/a>, Revista Poes\u00eda eres t\u00fa, Antolog\u00edas po\u00e9ticas, <a href=\"http:\/\/poesiapoetas.com\" target=\"_blank\" rel=\"noopener noreferrer\">Poes\u00eda y poetas<\/a>, Gloria Fuertes, Blas de Otero, Rub\u00e9n Dar\u00edo<\/strong><\/em><\/p>\n<p><em><strong>Trabajamos con distribuidoras de libros que acercan los libros a las librer\u00edas, pero contamos tambi\u00e9n con las siguientes librerias de apoyo en internet para que ning\u00fan lector se quede sin su <a href=\"http:\/\/librodepoesia.com\" target=\"_blank\" rel=\"noopener noreferrer\">libro de poes\u00eda<\/a>: Libreria GEPA, Libreria Website, La librer\u00eda del escritor, El rinc\u00f3n de los libros.<\/strong><\/em><\/p>\n<p><em><strong>Informamos de como publicar un libro y el precio de publicar un libro<\/strong><\/em><\/p>\n<p><em><strong>As\u00ed mismo colaboramos con la <a href=\"http:\/\/editorespoesia.com\">Asociaci\u00f3n de editores de poes\u00eda<\/a> y la <a href=\"http:\/\/escritoresycriticos.com\" target=\"_blank\" rel=\"noopener noreferrer\">Asociaci\u00f3n Madrile\u00f1a de escritores y cr\u00edticos literarios<\/a> (<a href=\"http:\/\/escritoresycriticos.com\" target=\"_blank\" rel=\"noopener noreferrer\">Cr\u00edtica de Madrid<\/a>).<\/strong><\/em><\/p>\n<p><em><strong>Trabajamos con varias imprentas y contamos con nuestra propia <a href=\"http:\/\/artesgraficas.info\/\">imprenta<\/a> Herederos de Izquierdo y Madrid impresores.<\/strong><\/em><\/p>\n<p><em><strong>Puedes conocernos en nuestra p\u00e1gina del Grupo Editorial. Contamos con una sede en Madrid y otra en Jumilla (Murcia)<\/strong><\/em><\/p>\n<p><em><strong>Somos especialistas en la edici\u00f3n del <a href=\"http:\/\/libropoesia.com\/\" target=\"_blank\" rel=\"noopener noreferrer\">libro de poes\u00eda<\/a><\/strong><\/em><\/p>\n<p><span style=\"text-decoration: underline;\"><u><b><i>Marco Casta\u00f1o Meissel<\/i><\/b>\u00a0es el <\/u><em style=\"text-decoration-line: underline;\"><strong>escritor<\/strong><\/em><em><u> de <\/u><b><u><\/u><\/b><a href=\"https:\/\/clubdepoesia.com\/marcocastanomeissel\/hogar-de-inspiraciones\/\"><b><u>Hogar de inspiraciones<\/u><\/b><\/a><\/em><u>. <\/u><em style=\"text-decoration-line: underline;\"><strong>El poeta <\/strong><\/em><u>acaba de <\/u><a style=\"text-decoration-line: underline;\" href=\"http:\/\/poesiaerestu.com\"><em><strong>publicar un libro <\/strong><\/em><\/a><u>de poes\u00eda con la <\/u><em style=\"text-decoration-line: underline;\"><strong>Editorial Poes\u00eda eres t\u00fa<\/strong><\/em><\/span><\/p>\n<h1>\u00a0<img fetchpriority=\"high\" decoding=\"async\" class=\"aligncenter size-full wp-image-61\" src=\"https:\/\/clubdepoesia.com\/marcocastanomeissel\/files\/2017\/02\/PortadaHogardeinspiraciones.png\" alt=\"Marco Casta\u00f1o Meissel\u00a0es el escritor de Hogar de inspiraciones. El poeta acaba de publicar un libro de poes\u00eda con la Editorial Poes\u00eda eres t\u00fa\" width=\"559\" height=\"795\" srcset=\"https:\/\/clubdepoesia.com\/marcocastanomeissel\/files\/2017\/02\/PortadaHogardeinspiraciones.png 559w, https:\/\/clubdepoesia.com\/marcocastanomeissel\/files\/2017\/02\/PortadaHogardeinspiraciones-211x300.png 211w, https:\/\/clubdepoesia.com\/marcocastanomeissel\/files\/2017\/02\/PortadaHogardeinspiraciones-500x711.png 500w\" sizes=\"(max-width: 559px) 100vw, 559px\" \/><\/h1>\n<h1><\/h1>\n<h1><span style=\"text-decoration: underline;\"><em><strong><a href=\"https:\/\/clubdepoesia.com\/marcocastanomeissel\/hogar-de-inspiraciones\/\"><b><u>Hogar de inspiraciones<\/u><\/b><\/a> ha sido escrito por <u><b><i>Marco Casta\u00f1o Meissel<\/i><\/b><\/u><\/strong><\/em><em><strong>. El escritor sabe como\u00a0<a href=\"https:\/\/agenciadellibro.com\">publicar un libro<\/a> de poes\u00eda con la Editorial Poes\u00eda eres t\u00fa<\/strong><\/em><\/span><\/h1>\n<h2><span style=\"text-decoration: underline;\"><em><strong><u><b><i>Marco Casta\u00f1o Meissel<\/i><\/b><\/u> es el escritor de <a href=\"https:\/\/clubdepoesia.com\/marcocastanomeissel\/hogar-de-inspiraciones\/\"><b><u>Hogar de inspiraciones<\/u><\/b><\/a><\/strong><\/em><\/span><span style=\"text-decoration: underline;\"><em><strong>. El poeta conoce el precio de <a href=\"http:\/\/edicionesamaniel.com\">publicar un libro<\/a> de poes\u00eda con la Editorial Poes\u00eda eres t\u00fa<\/strong><\/em><\/span><\/h2>\n<h3><span style=\"text-decoration: underline;\"><em><strong><u><b><i>Marco Casta\u00f1o Meissel<\/i><\/b><\/u> es el escritor de <a href=\"https:\/\/clubdepoesia.com\/marcocastanomeissel\/hogar-de-inspiraciones\/\"><b><u>Hogar de inspiraciones<\/u><\/b><\/a><\/strong><\/em><em><strong>. <\/strong><\/em><em><strong>El poeta <\/strong><\/em><em><strong>sabe como\u00a0<a href=\"http:\/\/edicionesrilke.com\">publicar un libro<\/a> de poes\u00eda con la Editorial Poes\u00eda eres t\u00fa<\/strong><\/em><\/span><\/h3>\n<h3><span style=\"text-decoration: underline;\"><em><strong><u><b><i>Marco Casta\u00f1o Meissel<\/i><\/b><\/u> es el escritor de <a href=\"https:\/\/clubdepoesia.com\/marcocastanomeissel\/hogar-de-inspiraciones\/\"><b><u>Hogar de inspiraciones<\/u><\/b><\/a><\/strong><\/em><em><strong>. El poeta sabe el precio de\u00a0<a href=\"http:\/\/edicionesazorin.com\">publicar un libro<\/a> de poes\u00eda con la Editorial Poes\u00eda eres t\u00fa<\/strong><\/em><\/span><\/h3>\n<p>&nbsp;<\/p>\n[\/vc_column_text][\/vc_column][\/vc_row]\n<\/div>","protected":false},"excerpt":{"rendered":"<p>[vc_row][vc_column extend=&#8221;false&#8221;][vc_column_text css=&#8221;.vc_custom_1502963259097{margin-top: -30000px !important;}&#8221;]Marco Casta\u00f1o Meissel\u00a0es el escritor de Hogar de inspiraciones. El poeta acaba de publicar un libro de poes\u00eda con la Editorial Poes\u00eda eres t\u00fa \u00a0 Hogar de inspiraciones ha sido escrito por Marco Casta\u00f1o Meissel. El escritor sabe como\u00a0publicar un libro de poes\u00eda con la Editorial Poes\u00eda eres t\u00fa Marco Casta\u00f1o [&hellip;]<\/p>\n","protected":false},"author":24,"featured_media":0,"parent":0,"menu_order":0,"comment_status":"closed","ping_status":"closed","template":"","meta":{"footnotes":"","_links_to":"","_links_to_target":""},"class_list":["post-5","page","type-page","status-publish","hentry"],"_links":{"self":[{"href":"https:\/\/clubdepoesia.com\/marcocastanomeissel\/wp-json\/wp\/v2\/pages\/5","targetHints":{"allow":["GET"]}}],"collection":[{"href":"https:\/\/clubdepoesia.com\/marcocastanomeissel\/wp-json\/wp\/v2\/pages"}],"about":[{"href":"https:\/\/clubdepoesia.com\/marcocastanomeissel\/wp-json\/wp\/v2\/types\/page"}],"author":[{"embeddable":true,"href":"https:\/\/clubdepoesia.com\/marcocastanomeissel\/wp-json\/wp\/v2\/users\/24"}],"replies":[{"embeddable":true,"href":"https:\/\/clubdepoesia.com\/marcocastanomeissel\/wp-json\/wp\/v2\/comments?post=5"}],"version-history":[{"count":0,"href":"https:\/\/clubdepoesia.com\/marcocastanomeissel\/wp-json\/wp\/v2\/pages\/5\/revisions"}],"wp:attachment":[{"href":"https:\/\/clubdepoesia.com\/marcocastanomeissel\/wp-json\/wp\/v2\/media?parent=5"}],"curies":[{"name":"wp","href":"https:\/\/api.w.org\/{rel}","templated":true}]}}