{"id":5,"date":"2010-10-08T15:36:50","date_gmt":"2010-10-08T15:36:50","guid":{"rendered":"http:\/\/clubdepoesia.com\/joseramoncasanova\/"},"modified":"2021-08-01T16:26:21","modified_gmt":"2021-08-01T16:26:21","slug":"jose-ramon-casanova","status":"publish","type":"page","link":"https:\/\/clubdepoesia.com\/joseramoncasanova\/","title":{"rendered":"Jos\u00e9 Ram\u00f3n Casanova"},"content":{"rendered":"<div class=\"wpb-content-wrapper\">[vc_row][vc_column extend=&#8221;false&#8221;][layerslider_vc id=&#8221;1&#8243;][\/vc_column][\/vc_row][vc_row extend=&#8221;false&#8221; css_animation=&#8221;&#8221; bg_type=&#8221;&#8221; bg_grad=&#8221;&#8221; bg_color_value=&#8221;&#8221; parallax_style=&#8221;&#8221; bg_image_new=&#8221;&#8221; layer_image=&#8221;&#8221; bg_image_repeat=&#8221;&#8221; bg_image_size=&#8221;&#8221; bg_cstm_size=&#8221;&#8221; bg_img_attach=&#8221;&#8221; parallax_sense=&#8221;&#8221; bg_image_posiiton=&#8221;&#8221; animation_direction=&#8221;&#8221; animation_repeat=&#8221;&#8221; video_url=&#8221;&#8221; video_url_2=&#8221;&#8221; u_video_url=&#8221;&#8221; video_opts=&#8221;&#8221; video_poster=&#8221;&#8221; u_start_time=&#8221;&#8221; u_stop_time=&#8221;&#8221; viewport_vdo=&#8221;&#8221; enable_controls=&#8221;&#8221; controls_color=&#8221;&#8221; bg_override=&#8221;&#8221; disable_on_mobile_img_parallax=&#8221;&#8221; parallax_content=&#8221;&#8221; parallax_content_sense=&#8221;&#8221; fadeout_row=&#8221;&#8221; fadeout_start_effect=&#8221;&#8221; enable_overlay=&#8221;&#8221; overlay_color=&#8221;&#8221; overlay_pattern=&#8221;&#8221; overlay_pattern_opacity=&#8221;&#8221; overlay_pattern_size=&#8221;&#8221; overlay_pattern_attachment=&#8221;&#8221; multi_color_overlay=&#8221;uvc-multi-color-bg&#8221; multi_color_overlay_opacity=&#8221;&#8221; seperator_enable=&#8221;&#8221; seperator_type=&#8221;&#8221; seperator_position=&#8221;&#8221; seperator_shape_size=&#8221;&#8221; seperator_svg_height=&#8221;&#8221; seperator_shape_background=&#8221;&#8221; seperator_shape_border=&#8221;&#8221; seperator_shape_border_color=&#8221;&#8221; seperator_shape_border_width=&#8221;&#8221; icon_type=&#8221;&#8221; icon=&#8221;&#8221; icon_size=&#8221;&#8221; icon_color=&#8221;&#8221; icon_style=&#8221;&#8221; icon_color_bg=&#8221;&#8221; icon_border_style=&#8221;&#8221; icon_color_border=&#8221;&#8221; icon_border_size=&#8221;&#8221; icon_border_radius=&#8221;&#8221; icon_border_spacing=&#8221;&#8221; icon_img=&#8221;&#8221; img_width=&#8221;&#8221; ult_hide_row=&#8221;&#8221; ult_hide_row_large_screen=&#8221;&#8221; ult_hide_row_desktop=&#8221;&#8221; ult_hide_row_tablet=&#8221;&#8221; ult_hide_row_tablet_small=&#8221;&#8221; ult_hide_row_mobile=&#8221;&#8221; ult_hide_row_mobile_large=&#8221;&#8221; notification=&#8221;&#8221; full_width=&#8221;&#8221; equal_height=&#8221;&#8221; content_placement=&#8221;&#8221; design__empty_1=&#8221;&#8221; full_height=&#8221;&#8221; columns_placement=&#8221;top&#8221; background=&#8221;&#8221; background_image_type=&#8221;static&#8221; background_image__effect=&#8221;&#8221; bg_size=&#8221;initial&#8221; bg_position=&#8221;center-center&#8221; row_bg_image=&#8221;&#8221; bg_repeat=&#8221;no-repeat&#8221; background_image_type__bg_color=&#8221;rgba(255, 255, 255, 1)&#8221; row_bg_parallax_images=&#8221;&#8221; row_bg_slideshow_images=&#8221;&#8221; background_video_type=&#8221;youtube&#8221; background_video__youtube__url=&#8221;&#8221; background_video__youtube__parallax=&#8221;&#8221; background_video__youtube__options=&#8221;&#8221; background_video__youtube__fallback_image=&#8221;&#8221; background_video__hosted__mp4=&#8221;&#8221; background_video__hosted__webm=&#8221;&#8221; background_video__hosted__ogv=&#8221;&#8221; background_video__hosted__parallax=&#8221;&#8221; background_video__hosted__options=&#8221;&#8221; background_video__hosted__fallback_image=&#8221;&#8221; background_color_type=&#8221;color&#8221; bg__empty_1=&#8221;&#8221; background_color_type__gradient_color1=&#8221;rgba(44, 74, 228, 1)&#8221; background_color_type__gradient_color2=&#8221;rgba(44, 74, 228, 1)&#8221; background_color_type__color_color1=&#8221;rgba(44, 74, 228, 1)&#8221; bg__empty_2=&#8221;&#8221; background_color__effect=&#8221;&#8221; background_color__direction=&#8221;left-to-right&#8221; parallax=&#8221;&#8221; parallax_speed_bg=&#8221;1.5&#8243; parallax_image=&#8221;&#8221; video_bg=&#8221;&#8221; video_bg_url=&#8221;https:\/\/www.youtube.com\/watch?v=lMJXxhRFO1k&#8221; video_bg_parallax=&#8221;&#8221; el_id=&#8221;&#8221; gap=&#8221;0&#8243; disable_element=&#8221;&#8221; settings__tag_1=&#8221;&#8221; viewport_lg=&#8221;&#8221; viewport_md=&#8221;&#8221; viewport_sm=&#8221;&#8221; viewport_xs=&#8221;&#8221; settings__empty_1=&#8221;&#8221; el_class=&#8221;&#8221; version=&#8221;1&#8243; css=&#8221;&#8221;][vc_column extend=&#8221;false&#8221; width=&#8221;1\/2&#8243;][vc_column_text css=&#8221;.vc_custom_1532811983454{padding-top: 10% !important;padding-right: 10% !important;padding-bottom: 10% !important;padding-left: 10% !important;background-color: rgba(0,0,0,0.21) !important;*background-color: rgb(0,0,0) !important;}&#8221;]Jos\u00e9 Ram\u00f3n Casanova (Vigo, 1963). Estudi\u00f3 Ciencias Econ\u00f3micas en la USC.<\/p>\n<p>Ha formado parte de la direcci\u00f3n de asociaciones culturales, as\u00ed como en la edici\u00f3n de revistas de la misma \u00edndole, donde adem\u00e1s de la introducci\u00f3n de algunas de sus creaciones en prosa y verso, ha ejercido una labor de selecci\u00f3n y correcci\u00f3n de textos, y coordinaci\u00f3n de actividades y talleres literarios.<\/p>\n<p>&nbsp;<\/p>\n<p>Publica su primer libro de poemas en 2010, <em>Huella de un silencio<\/em>, con la Editorial Poes\u00eda eres t\u00fa, finalista del Premio Asociaci\u00f3n de editores de poes\u00eda, modalidad Mejor obra de poes\u00eda de habla hispana.<\/p>\n<p>&nbsp;<\/p>\n<p>&nbsp;<\/p>\n<span class='bctt-click-to-tweet'><span class='bctt-ctt-text'><a href='https:\/\/x.com\/intent\/tweet?url=https%3A%2F%2Fclubdepoesia.com%2Fjoseramoncasanova%2F&#038;text=Jos%C3%A9%20Ram%C3%B3n%20Casanova.%20Escritor%20y%20poeta%20de%20Galicia.&#038;related' target='_blank'rel=\"noopener noreferrer\">Jos\u00e9 Ram\u00f3n Casanova. Escritor y poeta de Galicia. <\/a><\/span><a href='https:\/\/x.com\/intent\/tweet?url=https%3A%2F%2Fclubdepoesia.com%2Fjoseramoncasanova%2F&#038;text=Jos%C3%A9%20Ram%C3%B3n%20Casanova.%20Escritor%20y%20poeta%20de%20Galicia.&#038;related' target='_blank' class='bctt-ctt-btn'rel=\"noopener noreferrer\">Share on X<\/a><\/span>[\/vc_column_text][\/vc_column][vc_column extend=&#8221;false&#8221; width=&#8221;1\/2&#8243;]<div class=\"gambit_fullheight_row\" data-content-location=\"center\" style=\"display: none\"><\/div><div id=\"rowvcpt-row-settings\" class=\"rowvcpt-row-set RowVcPt-row-setting69f25cf335c04 \" data-no=\"RowVcPt-row-setting69f25cf335c04\"><div  id=\"bgGallaryslide69f25cf335c09\" class=\"rowvcpt-slideshow \"><\/div><script type=\"text\/javascript\">\n(function($) {\n$(\"#bgGallaryslide69f25cf335c09\").vegas({\n        overlay: \"https:\/\/clubdepoesia.com\/joseramoncasanova\/wp-content\/plugins\/ultimate-row-background\/css\/overlays\/0'.esc_attr(1.png).'\",\n        transitionDuration: 4e3,\n        delay: 7000,\n        slides: [{src: \"https:\/\/clubdepoesia.com\/joseramoncasanova\/files\/2018\/07\/0_old-1130739_1920-640480.jpg\",transition: \"fade2\",transitionDuration: 5000},{src: \"https:\/\/clubdepoesia.com\/joseramoncasanova\/files\/2018\/07\/0_old-3344204_1920-480721.jpg\",transition: \"fade2\",transitionDuration: 5000},{src: \"https:\/\/clubdepoesia.com\/joseramoncasanova\/files\/2018\/07\/0_pen-1245723_1920-752480.jpg\",transition: \"fade2\",transitionDuration: 5000},{src: \"https:\/\/clubdepoesia.com\/joseramoncasanova\/files\/2018\/07\/0_paper-3213924_1920-762480.jpg\",transition: \"fade2\",transitionDuration: 5000},]\n    });\t\t\n})(jQuery);\n<\/script><div class=\"rowvcpt-overlay\" style=\"background:rgba(255,255,255,0.69)\"><\/div><\/div>[vc_single_image image=&#8221;407&#8243; img_size=&#8221;full&#8221; alignment=&#8221;center&#8221;][\/vc_column][\/vc_row][vc_row][vc_column extend=&#8221;false&#8221;]<div class=\"gambit_fullheight_row\" data-content-location=\"center\" style=\"display: none\"><\/div><div class='gambit_parallax_row' data-bg-align='' data-direction='fixed' data-opacity='100' data-velocity='-0.3' data-mobile-enabled='parallax-enable-mobile' data-bg-height='768' data-bg-width='1155' data-bg-image='https:\/\/clubdepoesia.com\/joseramoncasanova\/files\/2018\/07\/moon-in-the-morning-by-Silvia-Slanch-3-Mediano.jpg' data-bg-repeat='false' data-id='' style='display: none'><\/div>[\/vc_column][\/vc_row][vc_row][vc_column extend=&#8221;false&#8221;]<div class=\"gambit_fullheight_row\" data-content-location=\"center\" style=\"display: none\"><\/div><div id=\"rowvcpt-row-settings\" class=\"rowvcpt-row-set RowVcPt-row-setting69f25cf336971 \" data-no=\"RowVcPt-row-setting69f25cf336971\"><div  id=\"bgGallaryslide69f25cf336974\" class=\"rowvcpt-slideshow \"><\/div><script type=\"text\/javascript\">\n(function($) {\n$(\"#bgGallaryslide69f25cf336974\").vegas({\n        overlay: \"https:\/\/clubdepoesia.com\/joseramoncasanova\/wp-content\/plugins\/ultimate-row-background\/css\/overlays\/0'.esc_attr(1.png).'\",\n        transitionDuration: 4e3,\n        delay: 7000,\n        slides: [{src: \"https:\/\/clubdepoesia.com\/joseramoncasanova\/files\/2018\/07\/moon-in-the-morning-by-Silvia-Slanch-3-Mediano.jpg\",transition: \"fade2\",transitionDuration: 5000},{src: \"https:\/\/clubdepoesia.com\/joseramoncasanova\/files\/2018\/07\/rose-3063284_1920.jpg\",transition: \"fade2\",transitionDuration: 5000},{src: \"https:\/\/clubdepoesia.com\/joseramoncasanova\/files\/2018\/07\/abstract-315468_1280-725480.jpg\",transition: \"fade2\",transitionDuration: 5000},{src: \"https:\/\/clubdepoesia.com\/joseramoncasanova\/files\/2018\/07\/0_writing-1209121_1920-640480.jpg\",transition: \"fade2\",transitionDuration: 5000},{src: \"https:\/\/clubdepoesia.com\/joseramoncasanova\/files\/2018\/07\/0_printing-787192_1920-720480.jpg\",transition: \"fade2\",transitionDuration: 5000},{src: \"https:\/\/clubdepoesia.com\/joseramoncasanova\/files\/2018\/07\/0_heart-700141_1920-719480.jpg\",transition: \"fade2\",transitionDuration: 5000},]\n    });\t\t\n})(jQuery);\n<\/script><div class=\"rowvcpt-overlay\" style=\"background:rgba(255,255,255,0.69)\"><\/div><\/div>[\/vc_column][\/vc_row][vc_row][vc_column extend=&#8221;false&#8221;]<div class=\"gambit_fullheight_row\" data-content-location=\"center\" style=\"display: none\"><\/div><div class='gambit_parallax_row' data-bg-align='' data-direction='fixed' data-opacity='50' data-velocity='-0.3' data-mobile-enabled='parallax-enable-mobile' data-bg-height='480' data-bg-width='640' data-bg-image='https:\/\/clubdepoesia.com\/joseramoncasanova\/files\/2018\/07\/0_writing-1209121_1920-640480.jpg' data-bg-repeat='false' data-id='' style='display: none'><\/div>[vc_column_text]\n<p style=\"text-align: center;\"><a class=\"fasc-button fasc-size-xlarge fasc-type-glossy fasc-rounded-medium fasc-style-bold\" style=\"background-color: #339e5a; color: #ffffff;\" target=\"_blank\" rel=\"noopener\" href=\"https:\/\/librodepoesia.com\/autor\/jose-ramon-casanova\/\">COMPRA SUS LIBROS<\/a><\/p>\n[\/vc_column_text][\/vc_column][\/vc_row][vc_row][vc_column extend=&#8221;false&#8221;][vc_column_text css=&#8221;.vc_custom_1627835106682{padding-top: 5% !important;padding-right: 5% !important;padding-bottom: 5% !important;padding-left: 5% !important;background-color: #cecece !important;border-radius: 1px !important;}&#8221;][vc_column_text css=&#8221;.vc_custom_1627747727827{padding-top: 5% !important;padding-right: 5% !important;padding-bottom: 5% !important;padding-left: 5% !important;background-color: #cecece !important;border-radius: 1px !important;}&#8221;]Esta p\u00e1gina web est\u00e1 realizada por el GRUPO EDITORIAL P\u00c9REZ-AYALA para el escritor JOS\u00c9 RAM\u00d3N CASANOVA por haber publicado un libro en una de las siguientes <a href=\"https:\/\/editorialesdepoesia.com\">editoriales de poes\u00eda<\/a>:<br \/>\n<a href=\"https:\/\/poesiaerestu.com\">Editorial Poes\u00eda eres t\u00fa<\/a>: Una editorial para poetas contempor\u00e1neos, con un cat\u00e1logo diverso de las diferentes tendencias de la poes\u00eda.<br \/>\n<a href=\"https:\/\/edicionesrilke.com\">Ediciones Rilke<\/a>: Una colecci\u00f3n de poes\u00eda cl\u00e1sica con poetas contempor\u00e1neos de gran trayectoria.<br \/>\n<a href=\"https:\/\/edicionesazorin.com\">Ediciones Azor\u00edn<\/a>: Una editorial para escritores y temas de Alicante y Murcia, un sello regional a nivel nacional.<br \/>\nContamos tambi\u00e9n con editoriales de narrativa como <a href=\"https:\/\/edicionesamaniel.com\">Ediciones Amaniel<\/a> y una editorial de autoedici\u00f3n como la <a href=\"https:\/\/agenciadellibro.com\">Editorial Agencia del libro<\/a> y un sistema de <a href=\"https:\/\/crowdfundingdelibros.com\">crowdfunding de libros<\/a> para que los nuevos escritores puedan <a href=\"https:\/\/crowdfundingdelibros.com\/\">publicar un libro gratis<\/a>.<br \/>\nInformaci\u00f3n tras publicar un libro: HUELLA DE UN SILENCIO Y DESNUDOS DE MUNDO de JOS\u00c9 RAM\u00d3N CASANOVA con la editorial de poes\u00eda Editorial Poes\u00eda eres t\u00fa.<br \/>\nJOS\u00c9 RAM\u00d3N CASANOVA logra publicar un libro de poes\u00eda, HUELLA DE UN SILENCIO Y DESNUDOS DE MUNDO, tras un proceso de selecci\u00f3n de obras con la Editorial Poes\u00eda eres t\u00fa.<br \/>\nTodos los derechos del libro HUELLA DE UN SILENCIO Y DESNUDOS DE MUNDO pertenecen a JOS\u00c9 RAM\u00d3N CASANOVA tras publicar un libro con la Editorial Poes\u00eda eres t\u00fa.<br \/>\nPublicar un libro de poes\u00eda como HUELLA DE UN SILENCIO Y DESNUDOS DE MUNDO de JOS\u00c9 RAM\u00d3N CASANOVA es posible gracias al trabajo de todo el equipo de la Editorial Poes\u00eda eres t\u00fa.<br \/>\nToda la promoci\u00f3n del libro HUELLA DE UN SILENCIO Y DESNUDOS DE MUNDO la puedes ver en la p\u00e1gina de la Editorial Poes\u00eda eres t\u00fa y en la web que la editorial la hace a JOS\u00c9 RAM\u00d3N CASANOVA tras publicar un libro.<br \/>\nJOS\u00c9 RAM\u00d3N CASANOVA agradece a la Editorial Poes\u00eda eres t\u00fa y la Agencia del libro por facilitar el trabajo de <a href=\"https:\/\/agenciadellibro.com\">publicar un libro<\/a>: HUELLA DE UN SILENCIO Y DESNUDOS DE MUNDO.<br \/>\nLa Editorial Poes\u00eda eres t\u00fa y JOS\u00c9 RAM\u00d3N CASANOVA agradecen la colaboraci\u00f3n de los poetas, que han conseguido publicar un libro, y lectores del libro HUELLA DE UN SILENCIO Y DESNUDOS DE MUNDO por su colaboraci\u00f3n en la promoci\u00f3n y difusi\u00f3n de la obra.[\/vc_column_text][\/vc_column][\/vc_row]\n<\/div>","protected":false},"excerpt":{"rendered":"<p>[vc_row][vc_column extend=&#8221;false&#8221;][layerslider_vc id=&#8221;1&#8243;][\/vc_column][\/vc_row][vc_row extend=&#8221;false&#8221; css_animation=&#8221;&#8221; bg_type=&#8221;&#8221; bg_grad=&#8221;&#8221; bg_color_value=&#8221;&#8221; parallax_style=&#8221;&#8221; bg_image_new=&#8221;&#8221; layer_image=&#8221;&#8221; bg_image_repeat=&#8221;&#8221; bg_image_size=&#8221;&#8221; bg_cstm_size=&#8221;&#8221; bg_img_attach=&#8221;&#8221; parallax_sense=&#8221;&#8221; bg_image_posiiton=&#8221;&#8221; animation_direction=&#8221;&#8221; animation_repeat=&#8221;&#8221; video_url=&#8221;&#8221; video_url_2=&#8221;&#8221; u_video_url=&#8221;&#8221; video_opts=&#8221;&#8221; video_poster=&#8221;&#8221; u_start_time=&#8221;&#8221; u_stop_time=&#8221;&#8221; viewport_vdo=&#8221;&#8221; enable_controls=&#8221;&#8221; controls_color=&#8221;&#8221; bg_override=&#8221;&#8221; disable_on_mobile_img_parallax=&#8221;&#8221; parallax_content=&#8221;&#8221; parallax_content_sense=&#8221;&#8221; fadeout_row=&#8221;&#8221; fadeout_start_effect=&#8221;&#8221; enable_overlay=&#8221;&#8221; overlay_color=&#8221;&#8221; overlay_pattern=&#8221;&#8221; overlay_pattern_opacity=&#8221;&#8221; overlay_pattern_size=&#8221;&#8221; overlay_pattern_attachment=&#8221;&#8221; multi_color_overlay=&#8221;uvc-multi-color-bg&#8221; multi_color_overlay_opacity=&#8221;&#8221; seperator_enable=&#8221;&#8221; seperator_type=&#8221;&#8221; seperator_position=&#8221;&#8221; seperator_shape_size=&#8221;&#8221; seperator_svg_height=&#8221;&#8221; seperator_shape_background=&#8221;&#8221; seperator_shape_border=&#8221;&#8221; seperator_shape_border_color=&#8221;&#8221; seperator_shape_border_width=&#8221;&#8221; icon_type=&#8221;&#8221; icon=&#8221;&#8221; icon_size=&#8221;&#8221; [&hellip;]<\/p>\n","protected":false},"author":24,"featured_media":0,"parent":0,"menu_order":0,"comment_status":"closed","ping_status":"closed","template":"","meta":{"footnotes":"","_links_to":"","_links_to_target":""},"class_list":["post-5","page","type-page","status-publish","hentry"],"_links":{"self":[{"href":"https:\/\/clubdepoesia.com\/joseramoncasanova\/wp-json\/wp\/v2\/pages\/5","targetHints":{"allow":["GET"]}}],"collection":[{"href":"https:\/\/clubdepoesia.com\/joseramoncasanova\/wp-json\/wp\/v2\/pages"}],"about":[{"href":"https:\/\/clubdepoesia.com\/joseramoncasanova\/wp-json\/wp\/v2\/types\/page"}],"author":[{"embeddable":true,"href":"https:\/\/clubdepoesia.com\/joseramoncasanova\/wp-json\/wp\/v2\/users\/24"}],"replies":[{"embeddable":true,"href":"https:\/\/clubdepoesia.com\/joseramoncasanova\/wp-json\/wp\/v2\/comments?post=5"}],"version-history":[{"count":0,"href":"https:\/\/clubdepoesia.com\/joseramoncasanova\/wp-json\/wp\/v2\/pages\/5\/revisions"}],"wp:attachment":[{"href":"https:\/\/clubdepoesia.com\/joseramoncasanova\/wp-json\/wp\/v2\/media?parent=5"}],"curies":[{"name":"wp","href":"https:\/\/api.w.org\/{rel}","templated":true}]}}