{"id":7,"date":"2016-07-31T11:01:11","date_gmt":"2016-07-31T11:01:11","guid":{"rendered":"http:\/\/clubdepoesia.com\/franciscomanuelrodriguez\/?page_id=7"},"modified":"2017-08-12T09:27:20","modified_gmt":"2017-08-12T09:27:20","slug":"francisco-manuel-rodriguez-lopez-escritor-poeta-acaba-publicar-libro","status":"publish","type":"page","link":"https:\/\/clubdepoesia.com\/franciscomanuelrodriguez\/","title":{"rendered":"Francisco Manuel Rodr\u00edguez L\u00f3pez. Escritor y poeta. Acaba de publicar un libro."},"content":{"rendered":"<div class=\"wpb-content-wrapper\">[vc_row][vc_column extend=&#8221;false&#8221;][vc_column_text css=&#8221;.vc_custom_1502529686970{margin-top: -30000px !important;}&#8221;]<span style=\"text-decoration: underline;\"><em><strong>Francisco Manuel Rodr\u00edguez L\u00f3pez<\/strong><\/em> es el <em><strong>escritor<\/strong><\/em><em> de<a href=\"https:\/\/clubdepoesia.com\/franciscomanuelrodriguez\/la-noche-del-cazador\/\"><strong> La noche del cazador<\/strong><\/a><\/em>. <em><strong>El poeta <\/strong><\/em>acaba de <a href=\"http:\/\/publicarunlibro.gdn\"><em><strong>publicar un libro <\/strong><\/em><\/a>de poes\u00eda con la <em><strong>Editorial Poes\u00eda eres t\u00fa<\/strong><\/em><\/span><\/p>\n<h1><span style=\"text-decoration: underline;\"><em><strong><img fetchpriority=\"high\" decoding=\"async\" class=\"aligncenter size-full wp-image-76\" src=\"https:\/\/clubdepoesia.com\/franciscomanuelrodriguez\/files\/2016\/07\/PortadaLanochedelcazador.jpg\" alt=\"Francisco Manuel Rodr\u00edguez L\u00f3pez es el escritor de La noche del cazador. El poeta acaba de publicar un libro de poes\u00eda con la Editorial Poes\u00eda eres t\u00fa\" width=\"546\" height=\"795\" srcset=\"https:\/\/clubdepoesia.com\/franciscomanuelrodriguez\/files\/2016\/07\/PortadaLanochedelcazador.jpg 546w, https:\/\/clubdepoesia.com\/franciscomanuelrodriguez\/files\/2016\/07\/PortadaLanochedelcazador-206x300.jpg 206w, https:\/\/clubdepoesia.com\/franciscomanuelrodriguez\/files\/2016\/07\/PortadaLanochedelcazador-500x728.jpg 500w\" sizes=\"(max-width: 546px) 100vw, 546px\" \/>\u00a0<a href=\"https:\/\/clubdepoesia.com\/franciscomanuelrodriguez\/la-noche-del-cazador\/\">La noche del cazador<\/a> ha sido escrito por <\/strong><\/em><em><strong>Francisco Manuel Rodr\u00edguez L\u00f3pez. El escritor acaba de <a href=\"http:\/\/publicarunlibro.ovh\">publicar un libro<\/a> de poes\u00eda con la Editorial Poes\u00eda eres t\u00fa<\/strong><\/em><\/span><\/h1>\n<h2><span style=\"text-decoration: underline;\"><em><strong>Francisco Manuel Rodr\u00edguez L\u00f3pez es el escritor de <\/strong><\/em><\/span><span style=\"text-decoration: underline;\"><em><strong><a href=\"https:\/\/clubdepoesia.com\/franciscomanuelrodriguez\/la-noche-del-cazador\/\">La noche del cazador<\/a>. El poeta acaba de <a href=\"http:\/\/publicarunlibro.pro\">publicar un libro<\/a> de poes\u00eda con la Editorial Poes\u00eda eres t\u00fa<\/strong><\/em><\/span><\/h2>\n<h3><span style=\"text-decoration: underline;\"><em><strong>Francisco Manuel Rodr\u00edguez L\u00f3pez es el escritor de <\/strong><\/em><em><strong><a href=\"https:\/\/clubdepoesia.com\/franciscomanuelrodriguez\/la-noche-del-cazador\/\">La noche del cazador<\/a>. <\/strong><\/em><em><strong>El poeta <\/strong><\/em><em><strong>acaba de <a href=\"http:\/\/publicarunlibro.xyz\">publicar un libro<\/a> de poes\u00eda con la Editorial Poes\u00eda eres t\u00fa<\/strong><\/em><\/span><\/h3>\n<h3><span style=\"text-decoration: underline;\"><em><strong>Francisco Manuel Rodr\u00edguez L\u00f3pez es el escritor de <\/strong><\/em><em><strong><a href=\"https:\/\/clubdepoesia.com\/franciscomanuelrodriguez\/la-noche-del-cazador\/\">La noche del cazador<\/a>. El poeta acaba de <a href=\"http:\/\/publicarunlibro.info\">publicar un libro<\/a> de poes\u00eda con la Editorial Poes\u00eda eres t\u00fa<\/strong><\/em><\/span><\/h3>\n<p>&nbsp;<\/p>\n<p><span style=\"text-decoration: underline;\"><em><strong>El <a href=\"http:\/\/grupoeditorialperezayala.com\">Grupo Editorial P\u00e9rez-Ayala<\/a>, est\u00e1 formado por los siguientes sellos <a href=\"http:\/\/editorialpoesia.com\" target=\"_blank\" rel=\"noopener noreferrer\">editoriales<\/a>: <a href=\"http:\/\/poesiaerestu.com\" target=\"_blank\" rel=\"noopener noreferrer\">Editorial Poes\u00eda eres t\u00fa<\/a>, <a href=\"http:\/\/edicionesrilke.com\" target=\"_blank\" rel=\"noopener noreferrer\">Ediciones Rilke<\/a> <a href=\"http:\/\/editorialpoesia.com\" target=\"_blank\" rel=\"noopener noreferrer\">Editorial poes\u00eda<\/a>, <a href=\"http:\/\/editorial.org.es\" target=\"_blank\" rel=\"noopener noreferrer\">Editorial<\/a> <a href=\"http:\/\/edicionesamaniel.com\" target=\"_blank\" rel=\"noopener noreferrer\">Ediciones Amaniel<\/a>, <a href=\"http:\/\/editorial.org.es\" target=\"_blank\" rel=\"noopener noreferrer\">Editorial<\/a> <a href=\"http:\/\/edicionesazorin.com\" target=\"_blank\" rel=\"noopener noreferrer\">Ediciones Azor\u00edn un sello regional para Alicante y Murcia<\/a>.<\/strong><\/em><\/span><\/p>\n<p><span style=\"text-decoration: underline;\"><em><strong>Para ayudar a la promoci\u00f3n de los libros contamos con diferentes plataformas en internet como <a href=\"http:\/\/poesiatv.com\" target=\"_blank\" rel=\"noopener noreferrer\">Poes\u00eda Televisi\u00f3n<\/a>, <a href=\"http:\/\/librodepoesia.com\" target=\"_blank\" rel=\"noopener noreferrer\">libro de poes\u00eda<\/a>, Club de poes\u00eda, Blog de escritor, Blog de poes\u00eda, <a href=\"https:\/\/agenciadellibro.com\" target=\"_blank\" rel=\"noopener noreferrer\">Agencia del libro<\/a>, Plataforma IV Centenario, Primer centenario, Nuestras librerias, <a href=\"http:\/\/publicarlibro.com.es\" target=\"_blank\" rel=\"noopener noreferrer\">Publicar libro<\/a> &#8211; <a href=\"http:\/\/publicarlibro.es\" target=\"_blank\" rel=\"noopener noreferrer\">Publicar un libro<\/a>, Revista Poes\u00eda eres t\u00fa, Antolog\u00edas po\u00e9ticas, <a href=\"http:\/\/poesiapoetas.com\" target=\"_blank\" rel=\"noopener noreferrer\">Poes\u00eda y poetas<\/a>, Gloria Fuertes, Blas de Otero, Rub\u00e9n Dar\u00edo<\/strong><\/em><\/span><\/p>\n<p><span style=\"text-decoration: underline;\"><em><strong>Trabajamos con distribuidoras de libros que acercan los libros a las librer\u00edas, pero contamos tambi\u00e9n con las siguientes librerias de apoyo en internet para que ning\u00fan lector se quede sin su <a href=\"http:\/\/librodepoesia.com\" target=\"_blank\" rel=\"noopener noreferrer\">libro de poes\u00eda<\/a>: Libreria GEPA, Libreria Website, La librer\u00eda del escritor, El rinc\u00f3n de los libros.<\/strong><\/em><\/span><\/p>\n<p><span style=\"text-decoration: underline;\"><em><strong>As\u00ed mismo colaboramos con la <a href=\"http:\/\/editorespoesia.com\">Asociaci\u00f3n de editores de poes\u00eda<\/a> y la <a href=\"http:\/\/escritoresycriticos.com\" target=\"_blank\" rel=\"noopener noreferrer\">Asociaci\u00f3n Madrile\u00f1a de escritores y cr\u00edticos literarios<\/a> (<a href=\"http:\/\/escritoresycriticos.com\" target=\"_blank\" rel=\"noopener noreferrer\">Cr\u00edtica de Madrid<\/a>).<\/strong><\/em><\/span><\/p>\n<p><span style=\"text-decoration: underline;\"><em><strong>Trabajamos con varias imprentas y contamos con nuestra propia <a href=\"http:\/\/artesgraficas.info\/\">imprenta<\/a> Herederos de Izquierdo y Madrid impresores.<\/strong><\/em><\/span><\/p>\n<p><span style=\"text-decoration: underline;\"><em><strong>Puedes conocernos en nuestra p\u00e1gina del Grupo Editorial. Contamos con una sede en Madrid y otra en Jumilla (Murcia)<\/strong><\/em><\/span><\/p>\n<p><span style=\"text-decoration: underline;\"><em><strong>Somos especialitas en la edici\u00f3n del <a href=\"http:\/\/libropoesia.com\/\" target=\"_blank\" rel=\"noopener noreferrer\">libro de poes\u00eda<\/a><\/strong><\/em><\/span>[\/vc_column_text][\/vc_column][\/vc_row][vc_row a_image_on=&#8221;&#8221; a_video_on=&#8221;&#8221; a_overlay_on=&#8221;&#8221; a_parallax_on=&#8221;&#8221; a_sep_on=&#8221;&#8221; a_full_height_on=&#8221;&#8221; offset_left=&#8221;&#8221; offset_right=&#8221;&#8221; margin_top=&#8221;&#8221; vcop_row_name=&#8221;uno&#8221; css=&#8221;.vc_custom_1444663835629{margin: 0px !important;border-width: 0px !important;padding: 0px !important;}&#8221;][vc_column extend=&#8221;false&#8221;][layerslider_vc id=&#8221;1&#8243;][\/vc_column][\/vc_row][vc_row a_image_on=&#8221;&#8221; a_video_on=&#8221;&#8221; a_overlay_on=&#8221;&#8221; a_parallax_on=&#8221;&#8221; a_sep_on=&#8221;&#8221; a_full_height_on=&#8221;&#8221; offset_left=&#8221;&#8221; offset_right=&#8221;&#8221; margin_top=&#8221;&#8221; css=&#8221;.vc_custom_1468702187903{margin-top: 0px !important;margin-right: 0px !important;margin-bottom: 0px !important;margin-left: 0px !important;border-top-width: 0px !important;border-right-width: 0px !important;border-bottom-width: 0px !important;border-left-width: 0px !important;padding-top: 0px !important;padding-right: 0px !important;padding-bottom: 0px !important;padding-left: 0px !important;}&#8221;][vc_column extend=&#8221;false&#8221; width=&#8221;1\/2&#8243;]<div class='gambit_parallax_row' data-bg-align='right' data-direction='down' data-opacity='100' data-velocity='-0.3' data-mobile-enabled='' data-bg-height='795' data-bg-width='819' data-bg-image='https:\/\/clubdepoesia.com\/franciscomanuelrodriguez\/files\/2016\/07\/book1lanochedelcazador.png' data-bg-repeat='false' data-id='' style='display: none'><\/div><div class=\"gambit_fullheight_row\" data-content-location=\"top\" style=\"display: none\"><\/div>[\/vc_column][vc_column extend=&#8221;false&#8221; width=&#8221;1\/2&#8243;]<div class=\"gambit_fullheight_row\" data-content-location=\"top\" style=\"display: none\"><\/div><div class='gambit_background_row' style='background-image: url(https:\/\/clubdepoesia.com\/franciscomanuelrodriguez\/files\/2016\/07\/4-LA-SIRENA2.jpg);background-size: cover;background-position: center;'><\/div>[\/vc_column][\/vc_row][vc_row full_height=&#8221;yes&#8221; type_background=&#8221;parallax&#8221; background_pattern=&#8221;on&#8221; background_pattern_type=&#8221;color&#8221; background_pattern_color=&#8221;rgba(0,0,0,0.22)&#8221; vcop_height_row=&#8221;vcop_full&#8221; vcop_padding=&#8221;vcop_padding_null&#8221; responsive_mode=&#8221;true&#8221; bg_type=&#8221;bg_color&#8221; a_image_on=&#8221;&#8221; a_video_on=&#8221;&#8221; a_overlay_on=&#8221;&#8221; a_parallax_on=&#8221;&#8221; a_sep_on=&#8221;&#8221; a_full_height_on=&#8221;&#8221; offset_left=&#8221;&#8221; offset_right=&#8221;&#8221; margin_top=&#8221;&#8221; vcop_row_name=&#8221;Tres&#8221; vcop_parallax_image=&#8221;377&#8243; css=&#8221;.vc_custom_1470243762675{padding-top: 200px !important;padding-right: 200px !important;padding-bottom: 200px !important;padding-left: 200px !important;background-color: #e5060a !important;}&#8221; bg_color_value=&#8221;#1e73be&#8221;][vc_column extend=&#8221;false&#8221;][vc_column_text][vcop_heading vcop_heading_text=&#8221;El libro&#8221; vcop_heading_text_color=&#8221;#c2b8a8&#8243;][vcop_heading vcop_heading_text=&#8221;LA NOCHE DEL CAZADOR y otros cuentos&#8221; vcop_heading_text_color=&#8221;#dba746&#8243; vcop_heading_size=&#8221;50px&#8221;][vcop_heading vcop_heading_text=&#8221;Francisco Manuel Rodr\u00edguez L\u00f3pez&#8221; vcop_heading_text_color=&#8221;#c2b8a8&#8243;][row_scroll entrance=&#8221;content-fly-left&#8221; exit=&#8221;content-fly-left&#8221;][\/vc_column_text][\/vc_column][\/vc_row][vc_row a_image_on=&#8221;&#8221; a_video_on=&#8221;&#8221; a_overlay_on=&#8221;&#8221; a_parallax_on=&#8221;&#8221; a_sep_on=&#8221;&#8221; a_full_height_on=&#8221;&#8221; offset_left=&#8221;&#8221; offset_right=&#8221;&#8221; margin_top=&#8221;&#8221; css=&#8221;.vc_custom_1470243585446{margin-top: 0px !important;margin-right: 0px !important;margin-bottom: 0px !important;margin-left: 0px !important;border-top-width: 0px !important;border-right-width: 0px !important;border-bottom-width: 0px !important;border-left-width: 0px !important;padding-top: 0px !important;padding-right: 0px !important;padding-bottom: 0px !important;padding-left: 0px !important;background-color: #e5060a !important;}&#8221;][vc_column extend=&#8221;false&#8221;]<div class=\"gambit_fullheight_row\" data-content-location=\"top\" style=\"display: none\"><\/div><div class='gambit_background_row' style='background-image: url(https:\/\/clubdepoesia.com\/franciscomanuelrodriguez\/files\/2016\/07\/8-EL-HOMBRE-DEL-SACO2.jpg);background-size: cover;background-position: center;'><\/div>[\/vc_column][\/vc_row][vc_row vcop_padding=&#8221;vcop_padding_null&#8221; responsive_mode=&#8221;true&#8221; a_image_on=&#8221;&#8221; a_video_on=&#8221;&#8221; a_overlay_on=&#8221;&#8221; a_parallax_on=&#8221;&#8221; a_sep_on=&#8221;&#8221; a_full_height_on=&#8221;&#8221; offset_left=&#8221;&#8221; offset_right=&#8221;&#8221; margin_top=&#8221;&#8221; css=&#8221;.vc_custom_1470243644554{margin-top: 0px !important;margin-bottom: 0px !important;border-top-width: 0px !important;border-bottom-width: 0px !important;padding-top: 100px !important;padding-right: 100px !important;padding-bottom: 100px !important;padding-left: 100px !important;background-color: #e5060a !important;}&#8221; vcop_row_name=&#8221;AboutUs&#8221;][vc_column extend=&#8221;false&#8221; width=&#8221;1\/3&#8243;][\/vc_column][vc_column extend=&#8221;false&#8221; width=&#8221;1\/3&#8243;][vc_column_text][vcop_heading vcop_heading_text=&#8221;Ha sido publicado por la Editorial Poes\u00eda eres t\u00fa&#8221; vcop_heading_text_color=&#8221;#c2b8a8&#8243;]<div class=\"gambit_fullheight_row\" data-content-location=\"top\" style=\"display: none\"><\/div>[row_scroll entrance=&#8221;content-fly-right&#8221; exit=&#8221;content-fly-right&#8221;][\/vc_column_text][\/vc_column][vc_column extend=&#8221;false&#8221; width=&#8221;1\/3&#8243;][\/vc_column][\/vc_row][vc_row a_image_on=&#8221;&#8221; a_video_on=&#8221;&#8221; a_overlay_on=&#8221;&#8221; a_parallax_on=&#8221;&#8221; a_sep_on=&#8221;&#8221; a_full_height_on=&#8221;&#8221; offset_left=&#8221;&#8221; offset_right=&#8221;&#8221; margin_top=&#8221;&#8221; css=&#8221;.vc_custom_1470243623638{margin-top: 0px !important;margin-right: 0px !important;margin-bottom: 0px !important;margin-left: 0px !important;border-top-width: 0px !important;border-right-width: 0px !important;border-bottom-width: 0px !important;border-left-width: 0px !important;padding-top: 0px !important;padding-right: 0px !important;padding-bottom: 0px !important;padding-left: 0px !important;background-color: #e5060a !important;}&#8221;][vc_column extend=&#8221;false&#8221;]<div class=\"gambit_fullheight_row\" data-content-location=\"top\" style=\"display: none\"><\/div><div class='gambit_background_row' style='background-image: url(https:\/\/clubdepoesia.com\/franciscomanuelrodriguez\/files\/2016\/07\/10-OLD-BLUES-2.jpg);background-size: cover;background-position: center;'><\/div>[\/vc_column][\/vc_row][vc_row full_height=&#8221;yes&#8221; type_background=&#8221;parallax&#8221; background_pattern=&#8221;on&#8221; background_pattern_type=&#8221;color&#8221; background_pattern_color=&#8221;rgba(0,0,0,0.22)&#8221; vcop_height_row=&#8221;vcop_full&#8221; vcop_padding=&#8221;vcop_padding_null&#8221; responsive_mode=&#8221;true&#8221; a_image_on=&#8221;&#8221; a_video_on=&#8221;&#8221; a_overlay_on=&#8221;&#8221; a_parallax_on=&#8221;&#8221; a_sep_on=&#8221;&#8221; a_full_height_on=&#8221;&#8221; offset_left=&#8221;&#8221; offset_right=&#8221;&#8221; margin_top=&#8221;&#8221; vcop_row_name=&#8221;Tres&#8221; vcop_parallax_image=&#8221;377&#8243; css=&#8221;.vc_custom_1470243663382{margin-top: 0px !important;margin-right: 0px !important;margin-bottom: 0px !important;margin-left: 0px !important;border-top-width: 0px !important;border-right-width: 0px !important;border-bottom-width: 0px !important;border-left-width: 0px !important;padding-top: 200px !important;padding-right: 200px !important;padding-bottom: 200px !important;padding-left: 200px !important;background-color: #e5060a !important;}&#8221;][vc_column extend=&#8221;false&#8221;][vc_column_text][TS-VCSC-Textillate textillate=&#8221;Palabras del autor&#8221; font_size=&#8221;16&#8243; font_color=&#8221;#dd3333&#8243; font_weight=&#8221;normal&#8221; font_family=&#8221;Default:regular&#8221; animation_in=&#8221;flash&#8221;][vc_column_text][vcop_heading vcop_heading_text=&#8221;Francisco Manuel Rodr\u00edguez:&#8221; vcop_heading_text_color=&#8221;#c2b8a8&#8243;][vcop_space vcop_height=&#8221;70px&#8221;][row_scroll entrance=&#8221;content-fly-left&#8221; exit=&#8221;none&#8221;]<div id=\"uvc-type-wrap-4683\"  data-ultimate-target='#uvc-type-wrap-4683'  data-responsive-json-new='{\"font-size\":\"desktop:24px;\",\"line-height\":\"\"}'  class=\"uvc-type-wrap  ult-adjust-bottom-margin ult-responsive  uvc-type-align-center uvc-type-no-prefix uvc-wrap-178458970469f514e67a9e6\" style=\"text-align:center;\"><span id=\"typed-178458970469f514e67a9e6\" class=\"ultimate-typed-main \" style=\"color:#ffffff; font-weight:normal; text-transform: unset;\"><\/span><script type=\"text\/javascript\">\n\t\t\t\t\t\tjQuery(function($){ \n\t\t\t\t\t\t\t$(document).ready(function(){\n\t\t\t\t\t\t\t\tif( typeof jQuery(\"#typed-178458970469f514e67a9e6\").typed == \"function\"){\n\t\t\t\t\t\t\t\t\t$(\"#typed-178458970469f514e67a9e6\").typed({\n\t\t\t\t\t\t\t\t\t\tstrings: [\"\",\"Despu\u00e9s de un brev\u00edsimo poema inicial a modo de reivindicaci\u00f3n narrativa, \u00c9rase una vez, un narrador-poeta visita, desde una puerta de entrada, El sof\u00e1, hasta otra de salida, Las perdices, diferentes mitos e historias provenientes de la literatura, la memoria personal, la cultura popular y el cine. Con un centro de gravedad, La noche del cazador, los poemas, expuestos con un tono de cierta negrura, basculan entre el amor y la violencia, entre la fantas\u00eda y la memoria.\",\"Por el poemario pasean referencias literarias y cinematogr\u00e1ficas de autores como A.S. Byatt, Karel Capek, Nabokov, Stalislaw Lem, Boris Vian, Richar Lester o Charles Laughton.\",\"\"],\n\t\t\t\t\t\t\t\t\t\ttypeSpeed: 1,\n\t\t\t\t\t\t\t\t\t\tbackSpeed: 1,\n\t\t\t\t\t\t\t\t\t\tstartDelay: \"200\",\n\t\t\t\t\t\t\t\t\t\tbackDelay: \"1500\",\n\t\t\t\t\t\t\t\t\t\tloop: true,\n\t\t\t\t\t\t\t\t\t\tloopCount: false,\n\t\t\t\t\t\t\t\t\t\tshowCursor: true,\n\t\t\t\t\t\t\t\t\t\tcursorChar: \"|\",\n\t\t\t\t\t\t\t\t\t\tattr: null\n\t\t\t\t\t\t\t\t\t});\n\t\t\t\t\t\t\t\t}\n\t\t\t\t\t\t\t});\n\t\t\t\t\t\t});\n\t\t\t\t\t<\/script><\/div>[vcop_space vcop_height=&#8221;70px&#8221;][\/vc_column_text][\/vc_column][\/vc_row][vc_row a_image_on=&#8221;&#8221; a_video_on=&#8221;&#8221; a_overlay_on=&#8221;&#8221; a_parallax_on=&#8221;&#8221; a_sep_on=&#8221;&#8221; a_full_height_on=&#8221;&#8221; offset_left=&#8221;&#8221; offset_right=&#8221;&#8221; margin_top=&#8221;&#8221; css=&#8221;.vc_custom_1468702242912{margin-top: 0px !important;margin-right: 0px !important;margin-bottom: -50px !important;margin-left: 0px !important;border-top-width: 0px !important;border-right-width: 0px !important;border-bottom-width: 0px !important;border-left-width: 0px !important;padding-top: 0px !important;padding-right: 0px !important;padding-bottom: 0px !important;padding-left: 0px !important;}&#8221;][vc_column extend=&#8221;false&#8221;]<div class=\"gambit_fullheight_row\" data-content-location=\"bottom\" style=\"display: none\"><\/div><div class='gambit_background_row' style='background-image: url(https:\/\/clubdepoesia.com\/franciscomanuelrodriguez\/files\/2016\/07\/19-EL-PARAISO1.jpg);background-size: cover;background-position: center;'><\/div>[\/vc_column][\/vc_row][vc_row][vc_column extend=&#8221;false&#8221;][vc_column_text css=&#8221;.vc_custom_1502530006783{margin-top: -30000px !important;}&#8221;]<em><strong>El <a href=\"http:\/\/grupoeditorialperezayala.com\">Grupo Editorial P\u00e9rez-Ayala<\/a>, est\u00e1 formado por los siguientes sellos <a href=\"http:\/\/editorialpoesia.com\" target=\"_blank\" rel=\"noopener noreferrer\">editoriales<\/a>: <a href=\"http:\/\/poesiaerestu.com\" target=\"_blank\" rel=\"noopener noreferrer\">Editorial Poes\u00eda eres t\u00fa<\/a>, <a href=\"http:\/\/edicionesrilke.com\" target=\"_blank\" rel=\"noopener noreferrer\">Ediciones Rilke<\/a> <a href=\"http:\/\/editorialpoesia.com\" target=\"_blank\" rel=\"noopener noreferrer\">Editorial poes\u00eda<\/a>, <a href=\"http:\/\/editorial.org.es\" target=\"_blank\" rel=\"noopener noreferrer\">Editorial<\/a> <a href=\"http:\/\/edicionesamaniel.com\" target=\"_blank\" rel=\"noopener noreferrer\">Ediciones Amaniel<\/a>, <a href=\"http:\/\/editorial.org.es\" target=\"_blank\" rel=\"noopener noreferrer\">Editorial<\/a> <a href=\"http:\/\/edicionesazorin.com\" target=\"_blank\" rel=\"noopener noreferrer\">Ediciones Azor\u00edn un sello regional para Alicante y Murcia<\/a>.<\/strong><\/em><\/p>\n<p><em><strong>Para ayudar a la promoci\u00f3n de los libros contamos con diferentes plataformas en internet como <a href=\"http:\/\/poesiatv.com\" target=\"_blank\" rel=\"noopener noreferrer\">Poes\u00eda Televisi\u00f3n<\/a>, <a href=\"http:\/\/librodepoesia.com\" target=\"_blank\" rel=\"noopener noreferrer\">libro de poes\u00eda<\/a>, Club de poes\u00eda, Blog de escritor, Blog de poes\u00eda, <a href=\"https:\/\/agenciadellibro.com\" target=\"_blank\" rel=\"noopener noreferrer\">Agencia del libro<\/a>, Plataforma IV Centenario, Primer centenario, Nuestras librerias, <a href=\"http:\/\/publicarlibro.com.es\" target=\"_blank\" rel=\"noopener noreferrer\">Publicar libro<\/a> &#8211; <a href=\"http:\/\/publicarlibro.es\" target=\"_blank\" rel=\"noopener noreferrer\">Publicar un libro<\/a>, Revista Poes\u00eda eres t\u00fa, Antolog\u00edas po\u00e9ticas, <a href=\"http:\/\/poesiapoetas.com\" target=\"_blank\" rel=\"noopener noreferrer\">Poes\u00eda y poetas<\/a>, Gloria Fuertes, Blas de Otero, Rub\u00e9n Dar\u00edo<\/strong><\/em><\/p>\n<p><em><strong>Trabajamos con distribuidoras de libros que acercan los libros a las librer\u00edas, pero contamos tambi\u00e9n con las siguientes librerias de apoyo en internet para que ning\u00fan lector se quede sin su <a href=\"http:\/\/librodepoesia.com\" target=\"_blank\" rel=\"noopener noreferrer\">libro de poes\u00eda<\/a>: Libreria GEPA, Libreria Website, La librer\u00eda del escritor, El rinc\u00f3n de los libros.<\/strong><\/em><\/p>\n<p><em><strong>As\u00ed mismo colaboramos con la <a href=\"http:\/\/editorespoesia.com\">Asociaci\u00f3n de editores de poes\u00eda<\/a> y la <a href=\"http:\/\/escritoresycriticos.com\" target=\"_blank\" rel=\"noopener noreferrer\">Asociaci\u00f3n Madrile\u00f1a de escritores y cr\u00edticos literarios<\/a> (<a href=\"http:\/\/escritoresycriticos.com\" target=\"_blank\" rel=\"noopener noreferrer\">Cr\u00edtica de Madrid<\/a>).<\/strong><\/em><\/p>\n<p><em><strong>Trabajamos con varias imprentas y contamos con nuestra propia <a href=\"http:\/\/artesgraficas.info\/\">imprenta<\/a> Herederos de Izquierdo y Madrid impresores.<\/strong><\/em><\/p>\n<p><em><strong>Puedes conocernos en nuestra p\u00e1gina del Grupo Editorial. Contamos con una sede en Madrid y otra en Jumilla (Murcia)<\/strong><\/em><\/p>\n<p><em><strong>Somos especialitas en la edici\u00f3n del <a href=\"http:\/\/libropoesia.com\/\" target=\"_blank\" rel=\"noopener noreferrer\">libro de poes\u00eda<\/a><\/strong><\/em><\/p>\n<p>&nbsp;<\/p>\n<p><span style=\"text-decoration: underline;\"><em><strong>Francisco Manuel Rodr\u00edguez L\u00f3pez<\/strong><\/em> es el <em><strong>escritor<\/strong><\/em><em> de<a href=\"https:\/\/clubdepoesia.com\/franciscomanuelrodriguez\/la-noche-del-cazador\/\"><strong> La noche del cazador<\/strong><\/a><\/em>. <em><strong>El poeta <\/strong><\/em>acaba de <a href=\"https:\/\/agenciadellibro.com\"><em><strong>publicar un libro <\/strong><\/em><\/a>de poes\u00eda con la <em><strong>Editorial Poes\u00eda eres t\u00fa<\/strong><\/em><\/span><\/p>\n<h1><span style=\"text-decoration: underline;\"><em><strong><img fetchpriority=\"high\" decoding=\"async\" class=\"aligncenter size-full wp-image-76\" src=\"https:\/\/clubdepoesia.com\/franciscomanuelrodriguez\/files\/2016\/07\/PortadaLanochedelcazador.jpg\" alt=\"Francisco Manuel Rodr\u00edguez L\u00f3pez es el escritor de La noche del cazador. El poeta acaba de publicar un libro de poes\u00eda con la Editorial Poes\u00eda eres t\u00fa\" width=\"546\" height=\"795\" srcset=\"https:\/\/clubdepoesia.com\/franciscomanuelrodriguez\/files\/2016\/07\/PortadaLanochedelcazador.jpg 546w, https:\/\/clubdepoesia.com\/franciscomanuelrodriguez\/files\/2016\/07\/PortadaLanochedelcazador-206x300.jpg 206w, https:\/\/clubdepoesia.com\/franciscomanuelrodriguez\/files\/2016\/07\/PortadaLanochedelcazador-500x728.jpg 500w\" sizes=\"(max-width: 546px) 100vw, 546px\" \/>\u00a0<a href=\"https:\/\/clubdepoesia.com\/franciscomanuelrodriguez\/la-noche-del-cazador\/\">La noche del cazador<\/a> ha sido escrito por <\/strong><\/em><em><strong>Francisco Manuel Rodr\u00edguez L\u00f3pez. El escritor acaba de <a href=\"http:\/\/poesiaerestu.com\">publicar un libro<\/a> de poes\u00eda con la Editorial Poes\u00eda eres t\u00fa<\/strong><\/em><\/span><\/h1>\n<h2><span style=\"text-decoration: underline;\"><em><strong>Francisco Manuel Rodr\u00edguez L\u00f3pez es el escritor de <\/strong><\/em><\/span><span style=\"text-decoration: underline;\"><em><strong><a href=\"https:\/\/clubdepoesia.com\/franciscomanuelrodriguez\/la-noche-del-cazador\/\">La noche del cazador<\/a>. El poeta acaba de <a href=\"http:\/\/edicionesamaniel.com\">publicar un libro<\/a> de poes\u00eda con la Editorial Poes\u00eda eres t\u00fa<\/strong><\/em><\/span><\/h2>\n<h3><span style=\"text-decoration: underline;\"><em><strong>Francisco Manuel Rodr\u00edguez L\u00f3pez es el escritor de <\/strong><\/em><em><strong><a href=\"https:\/\/clubdepoesia.com\/franciscomanuelrodriguez\/la-noche-del-cazador\/\">La noche del cazador<\/a>. <\/strong><\/em><em><strong>El poeta <\/strong><\/em><em><strong>acaba de <a href=\"http:\/\/edicionesrilke.com\">publicar un libro<\/a> de poes\u00eda con la Editorial Poes\u00eda eres t\u00fa<\/strong><\/em><\/span><\/h3>\n<h3><span style=\"text-decoration: underline;\"><em><strong>Francisco Manuel Rodr\u00edguez L\u00f3pez es el escritor de <\/strong><\/em><em><strong><a href=\"https:\/\/clubdepoesia.com\/franciscomanuelrodriguez\/la-noche-del-cazador\/\">La noche del cazador<\/a>. El poeta acaba de <a href=\"http:\/\/edicionesazorin.com\">publicar un libro<\/a> de poes\u00eda con la Editorial Poes\u00eda eres t\u00fa<\/strong><\/em><\/span><\/h3>\n<p>&nbsp;<\/p>\n[\/vc_column_text][\/vc_column][\/vc_row]\n<\/div>","protected":false},"excerpt":{"rendered":"<p>[vc_row][vc_column extend=&#8221;false&#8221;][vc_column_text css=&#8221;.vc_custom_1502529686970{margin-top: -30000px !important;}&#8221;]Francisco Manuel Rodr\u00edguez L\u00f3pez es el escritor de La noche del cazador. El poeta acaba de publicar un libro de poes\u00eda con la Editorial Poes\u00eda eres t\u00fa \u00a0La noche del cazador ha sido escrito por Francisco Manuel Rodr\u00edguez L\u00f3pez. El escritor acaba de publicar un libro de poes\u00eda con la Editorial [&hellip;]<\/p>\n","protected":false},"author":24,"featured_media":0,"parent":0,"menu_order":0,"comment_status":"closed","ping_status":"closed","template":"","meta":{"footnotes":"","_links_to":"","_links_to_target":""},"class_list":["post-7","page","type-page","status-publish","hentry"],"_links":{"self":[{"href":"https:\/\/clubdepoesia.com\/franciscomanuelrodriguez\/wp-json\/wp\/v2\/pages\/7","targetHints":{"allow":["GET"]}}],"collection":[{"href":"https:\/\/clubdepoesia.com\/franciscomanuelrodriguez\/wp-json\/wp\/v2\/pages"}],"about":[{"href":"https:\/\/clubdepoesia.com\/franciscomanuelrodriguez\/wp-json\/wp\/v2\/types\/page"}],"author":[{"embeddable":true,"href":"https:\/\/clubdepoesia.com\/franciscomanuelrodriguez\/wp-json\/wp\/v2\/users\/24"}],"replies":[{"embeddable":true,"href":"https:\/\/clubdepoesia.com\/franciscomanuelrodriguez\/wp-json\/wp\/v2\/comments?post=7"}],"version-history":[{"count":0,"href":"https:\/\/clubdepoesia.com\/franciscomanuelrodriguez\/wp-json\/wp\/v2\/pages\/7\/revisions"}],"wp:attachment":[{"href":"https:\/\/clubdepoesia.com\/franciscomanuelrodriguez\/wp-json\/wp\/v2\/media?parent=7"}],"curies":[{"name":"wp","href":"https:\/\/api.w.org\/{rel}","templated":true}]}}