{"id":198,"date":"2018-03-18T20:29:09","date_gmt":"2018-03-18T20:29:09","guid":{"rendered":"https:\/\/clubdepoesia.com\/evaramirezmiras\/?page_id=198"},"modified":"2018-03-24T10:52:33","modified_gmt":"2018-03-24T10:52:33","slug":"eva-ramirez-acaba-de-publicar-un-libro-te-escucho-en-verso","status":"publish","type":"page","link":"https:\/\/clubdepoesia.com\/evaramirezmiras\/","title":{"rendered":"Eva Ram\u00edrez acaba de publicar un libro Te escucho en verso"},"content":{"rendered":"<div class=\"wpb-content-wrapper\">[vc_row][vc_column extend=&#8221;false&#8221;][vc_column_text css=&#8221;.vc_custom_1521404373948{margin-top: -30000px !important;}&#8221;]<span style=\"text-decoration: underline;\"><u>Eva Ram\u00edrez es el <\/u><em style=\"text-decoration-line: underline;\"><strong>escritora<\/strong><\/em><em><u> de <strong>Te escucho en verso<\/strong><\/u><\/em><u>. <\/u><em style=\"text-decoration-line: underline;\"><strong>El escritor y poeta <\/strong><\/em><u>acaba de <\/u><a style=\"text-decoration-line: underline;\" href=\"http:\/\/publicarunlibro.gdn\"><em><strong>publicar un libro <\/strong><\/em><\/a><u>de poes\u00eda con la <\/u><em style=\"text-decoration-line: underline;\"><strong>Editorial Poes\u00eda eres t\u00fa. Considerada como uno de los mejores poetas de la California del Mediterr\u00e1neo, algunos afirman que es el mejor poeta de Sevilla<br \/>\n<\/strong><\/em><\/span><\/p>\n<p>&nbsp;<\/p>\n<figure id=\"attachment_199\" aria-describedby=\"caption-attachment-199\" style=\"width: 211px\" class=\"wp-caption aligncenter\"><img fetchpriority=\"high\" decoding=\"async\" class=\"size-full wp-image-199\" src=\"https:\/\/clubdepoesia.com\/evaramirezmiras\/files\/2018\/03\/0_Portadateescuchoenverso.jpg\" alt=\"TE ESCUCHO EN VERSO de EVA RAM\u00cdREZ\" width=\"211\" height=\"300\" \/><figcaption id=\"caption-attachment-199\" class=\"wp-caption-text\">TE ESCUCHO EN VERSO de EVA RAM\u00cdREZ<\/figcaption><\/figure>\n<h1><\/h1>\n<h1><span style=\"text-decoration: underline;\"><em><strong><b><u>Te escucho en verso <\/u><\/b>ha sido escrito por <u>Eva Ram\u00edrez<\/u> Considerado como uno de los mejores poetas de la California del Mediterr\u00e1neo, algunos afirman que es el mejor poeta de Sevilla<\/strong><\/em><em><strong>. El escritor sabe como <a href=\"http:\/\/publicarunlibro.ovh\">publicar un libro<\/a> de poes\u00eda con la Editorial Poes\u00eda eres t\u00fa<\/strong><\/em><\/span><\/h1>\n<p><em><strong>Trabajamos con distribuidoras de libros que acercan los libros a las librer\u00edas, pero contamos tambi\u00e9n con las siguientes librerias de apoyo en internet para que ning\u00fan lector se quede sin su <a href=\"http:\/\/librodepoesia.com\" target=\"_blank\" rel=\"noopener noreferrer\">libro de poes\u00eda<\/a>: Libreria GEPA, Libreria Website, La librer\u00eda del escritor, El rinc\u00f3n de los libros.<\/strong><\/em><\/p>\n<p><em><strong>Informamos de como publicar un libro y el precio de publicar un libro<\/strong><\/em><\/p>\n<p><em><strong>As\u00ed mismo colaboramos con la <a href=\"http:\/\/editorespoesia.com\">Asociaci\u00f3n de editores de poes\u00eda<\/a> y la <a href=\"http:\/\/escritoresycriticos.com\" target=\"_blank\" rel=\"noopener noreferrer\">Asociaci\u00f3n Madrile\u00f1a de escritores y cr\u00edticos literarios<\/a> (<a href=\"http:\/\/escritoresycriticos.com\" target=\"_blank\" rel=\"noopener noreferrer\">Cr\u00edtica de Madrid<\/a>).<\/strong><\/em><\/p>\n<p><em><strong>Trabajamos con varias imprentas y contamos con nuestra propia <a href=\"http:\/\/artesgraficas.info\/\">imprenta<\/a> Herederos de Izquierdo y Madrid impresores.<\/strong><\/em><\/p>\n<p><em><strong>Puedes conocernos en nuestra p\u00e1gina del Grupo Editorial. Contamos con una sede en Madrid y otra en Jumilla (Murcia)<\/strong><\/em><\/p>\n<p><em><strong>Somos especialitas en la edici\u00f3n del <a href=\"http:\/\/libropoesia.com\/\" target=\"_blank\" rel=\"noopener noreferrer\">libro de poes\u00eda<\/a><\/strong><\/em><\/p>\n<h2><span style=\"text-decoration: underline;\"><em><strong><u>Eva Ram\u00edrez<\/u> Considerada como uno de los mejores poetas de la California del Mediterr\u00e1neo, algunos afirman que es el mejor poeta de Sevilla es el escritor de <u>Te escucho en verso<\/u><\/strong><\/em><\/span><span style=\"text-decoration: underline;\"><em><strong>. El poeta conoce el precio de <a href=\"http:\/\/publicarunlibro.pro\">publicar un libro<\/a> de poes\u00eda con la Editorial Poes\u00eda eres t\u00fa<\/strong><\/em><\/span><\/h2>\n<h3><span style=\"text-decoration: underline;\"><em><strong><u>Eva Ram\u00edrez<\/u> Considerado como una de los mejores poetas de la California del Mediterr\u00e1neo, algunos afirman que es el mejor poeta de Sevilla es el escritor de <u>Te escucho en verso<\/u><\/strong><\/em><\/span><span style=\"text-decoration: underline;\"><em><strong>. <\/strong><\/em><em><strong>La poeta <\/strong><\/em><em><strong>sabe como <a href=\"http:\/\/publicarunlibro.xyz\">publicar un libro<\/a> de poes\u00eda con la Editorial Poes\u00eda eres t\u00fa<\/strong><\/em><\/span><\/h3>\n<h3><span style=\"text-decoration: underline;\"><em><strong><u>Eva Ram\u00edrez<\/u> considerada como uno de los mejores poetas de la California del Mediterr\u00e1neo, algunos afirman que es el mejor poeta de la California del Mediterr\u00e1neo es el escritora de <u>Te escucho en verso<\/u><\/strong><\/em><\/span><span style=\"text-decoration: underline;\"><em><strong>. La poeta sabe el precio de <a href=\"http:\/\/publicarunlibro.info\">publicar un libro<\/a> de poes\u00eda con la Editorial Poes\u00eda eres t\u00fa<\/strong><\/em><\/span><\/h3>\n<p>&nbsp;<\/p>\n<p><span style=\"text-decoration: underline;\"><em><strong>El <a href=\"http:\/\/grupoeditorialperezayala.com\">Grupo Editorial P\u00e9rez-Ayala<\/a>, est\u00e1 formado por los siguientes sellos <a href=\"http:\/\/editorialpoesia.com\" target=\"_blank\" rel=\"noopener noreferrer\">editoriales<\/a>: <a href=\"http:\/\/poesiaerestu.com\" target=\"_blank\" rel=\"noopener noreferrer\">Editorial Poes\u00eda eres t\u00fa<\/a>, <a href=\"http:\/\/edicionesrilke.com\" target=\"_blank\" rel=\"noopener noreferrer\">Ediciones Rilke<\/a> <a href=\"http:\/\/editorialpoesia.com\" target=\"_blank\" rel=\"noopener noreferrer\">Editorial poes\u00eda<\/a>, <a href=\"http:\/\/editorial.org.es\" target=\"_blank\" rel=\"noopener noreferrer\">Editorial<\/a> <a href=\"http:\/\/edicionesamaniel.com\" target=\"_blank\" rel=\"noopener noreferrer\">Ediciones Amaniel<\/a>, <a href=\"http:\/\/editorial.org.es\" target=\"_blank\" rel=\"noopener noreferrer\">Editorial<\/a> <a href=\"http:\/\/edicionesazorin.com\" target=\"_blank\" rel=\"noopener noreferrer\">Ediciones Azor\u00edn un sello regional para Alicante y Murcia<\/a>.<\/strong><\/em><\/span><\/p>\n<p><span style=\"text-decoration: underline;\"><em><strong>Para ayudar a la promoci\u00f3n de los libros contamos con diferentes plataformas en internet como <a href=\"http:\/\/poesiatv.com\" target=\"_blank\" rel=\"noopener noreferrer\">Poes\u00eda Televisi\u00f3n<\/a>, <a href=\"http:\/\/librodepoesia.com\" target=\"_blank\" rel=\"noopener noreferrer\">libro de poes\u00eda<\/a>, Club de poes\u00eda, Blog de escritor, Blog de poes\u00eda, <a href=\"https:\/\/agenciadellibro.com\" target=\"_blank\" rel=\"noopener noreferrer\">Agencia del libro<\/a>, Plataforma IV Centenario, Primer centenario, Nuestras librerias, <a href=\"http:\/\/publicarlibro.com.es\" target=\"_blank\" rel=\"noopener noreferrer\">Publicar libro<\/a> &#8211; <a href=\"http:\/\/publicarlibro.es\" target=\"_blank\" rel=\"noopener noreferrer\">Publicar un libro<\/a>, Revista Poes\u00eda eres t\u00fa, Antolog\u00edas po\u00e9ticas, <a href=\"http:\/\/poesiapoetas.com\" target=\"_blank\" rel=\"noopener noreferrer\">Poes\u00eda y poetas<\/a>, Gloria Fuertes, Blas de Otero, Rub\u00e9n Dar\u00edo, <a href=\"https:\/\/carmenconde.es\">Carmen Conde<\/a>.<br \/>\n<\/strong><\/em><\/span>[\/vc_column_text][\/vc_column][\/vc_row][vc_row][vc_column extend=&#8221;false&#8221;][layerslider_vc id=&#8221;1&#8243;][\/vc_column][\/vc_row][vc_row][vc_column extend=&#8221;false&#8221; width=&#8221;1\/2&#8243;]<div class=\"ult-content-box-container \" >\t\t<div class=\"ult-content-box\" style=\"background-color:rgba(255,255,255,0.49);box-shadow: px px 8px px #f2f2f2 none;border-style:none;-webkit-transition: all 700ms ease;-moz-transition: all 700ms ease;-ms-transition: all 700ms ease;-o-transition: all 700ms ease;transition: all 700ms ease;\"  data-hover_box_shadow=\"none\"     data-bg=\"rgba(255,255,255,0.49)\"  data-border_color=\"\" >[vc_column_text css=&#8221;.vc_custom_1521404455576{padding-top: 15% !important;padding-right: 15% !important;padding-bottom: 15% !important;padding-left: 15% !important;}&#8221;]Nac\u00ed en la California del Mediterr\u00e1neo, un privilegio que te permite inspirar mar y expirar monta\u00f1a de un solo suspiro. Desde la seguridad, he dedicado m\u00e1s de veinte a\u00f1os de mi vida a la gesti\u00f3n y administraci\u00f3n de empresas; desde la vocaci\u00f3n, me he nutrido de letras, rimas y una amplia formaci\u00f3n en crecimiento personal y espiritualidad. La suma de mis pasiones ha determinado el prop\u00f3sito de mi experiencia humana: crear espacios para la palabra desde la consciencia y espacios para la consciencia desde la palabra.<\/p>\n<p>Soy escritora, conferenciante y coautora del libro <em>100 mensajes para mis hijos<\/em>.<\/p>\n<p>Lidero un servicio de acompa\u00f1amiento ling\u00fc\u00edstico (www.tuvozenmipluma.com) en el que mentorizo el desarrollo de proyectos de literatura consciente.<\/p>\n<p>&nbsp;<\/p>\n<p>&nbsp;<\/p>\n<p>&nbsp;<\/p>\n<span class='bctt-click-to-tweet'><span class='bctt-ctt-text'><a href='https:\/\/x.com\/intent\/tweet?url=https%3A%2F%2Fclubdepoesia.com%2Fevaramirezmiras%2F&#038;text=Eva%20Ram%C3%ADrez.%20Escritora%20y%20poeta&#038;related' target='_blank'rel=\"noopener noreferrer\">Eva Ram\u00edrez. Escritora y poeta <\/a><\/span><a href='https:\/\/x.com\/intent\/tweet?url=https%3A%2F%2Fclubdepoesia.com%2Fevaramirezmiras%2F&#038;text=Eva%20Ram%C3%ADrez.%20Escritora%20y%20poeta&#038;related' target='_blank' class='bctt-ctt-btn'rel=\"noopener noreferrer\">Compartir en X<\/a><\/span>[\/vc_column_text]\t\t<\/div><\/div>[\/vc_column][vc_column extend=&#8221;false&#8221; width=&#8221;1\/2&#8243;][vc_single_image image=&#8221;200&#8243; img_size=&#8221;full&#8221; alignment=&#8221;center&#8221;][\/vc_column][\/vc_row][vc_row][vc_column extend=&#8221;false&#8221;]<div class=\"gambit_fullheight_row\" data-content-location=\"center\" style=\"display: none\"><\/div><div class='gambit_parallax_row' data-bg-align='' data-direction='fixed' data-opacity='100' data-velocity='-0.3' data-mobile-enabled='parallax-enable-mobile' data-bg-height='768' data-bg-width='1299' data-bg-image='https:\/\/clubdepoesia.com\/evaramirezmiras\/files\/2018\/03\/Fotolia_180724926_L-Medium.jpg' data-bg-repeat='false' data-id='' style='display: none'><\/div>[\/vc_column][\/vc_row][vc_row][vc_column extend=&#8221;false&#8221;]<div class=\"gambit_fullheight_row\" data-content-location=\"center\" style=\"display: none\"><\/div><div id=\"uvc-type-wrap-9849\"  data-ultimate-target='#uvc-type-wrap-9849'  data-responsive-json-new='{\"font-size\":\"\",\"line-height\":\"\"}'  class=\"uvc-type-wrap vc_custom_1521404538954 ult-adjust-bottom-margin ult-responsive  uvc-type-align-center uvc-type-no-prefix uvc-wrap-353829135769ef6b4603732\" style=\"text-align:center;\"><span id=\"typed-353829135769ef6b4603732\" class=\"ultimate-typed-main \" style=\" font-weight:normal; text-transform: unset;\"><\/span><script type=\"text\/javascript\">\n\t\t\t\t\t\tjQuery(function($){ \n\t\t\t\t\t\t\t$(document).ready(function(){\n\t\t\t\t\t\t\t\tif( typeof jQuery(\"#typed-353829135769ef6b4603732\").typed == \"function\"){\n\t\t\t\t\t\t\t\t\t$(\"#typed-353829135769ef6b4603732\").typed({\n\t\t\t\t\t\t\t\t\t\tstrings: [\"Te escucho en verso es una cita, un encuentro, una conversaci\u00f3n con el m\u00e1s adentro para descubrir qui\u00e9n eres y qu\u00e9 se esconde tras la graf\u00eda y el sonido de las palabras. Es una b\u00fasqueda en lo m\u00e1s profundo de la consciencia, una invitaci\u00f3n a destapar emociones (las tuyas, la m\u00edas, las nuestras) y vibrar con ellas hasta conocerlas, aceptarlas, trascenderlas. Te escucho en verso es el enclave \u00edntimo de donde surge la Voz Universal que habla de ti, de m\u00ed, de todos nosotros.\"],\n\t\t\t\t\t\t\t\t\t\ttypeSpeed: 35,\n\t\t\t\t\t\t\t\t\t\tbackSpeed: 0,\n\t\t\t\t\t\t\t\t\t\tstartDelay: \"200\",\n\t\t\t\t\t\t\t\t\t\tbackDelay: \"1500\",\n\t\t\t\t\t\t\t\t\t\tloop: true,\n\t\t\t\t\t\t\t\t\t\tloopCount: false,\n\t\t\t\t\t\t\t\t\t\tshowCursor: true,\n\t\t\t\t\t\t\t\t\t\tcursorChar: \"|\",\n\t\t\t\t\t\t\t\t\t\tattr: null\n\t\t\t\t\t\t\t\t\t});\n\t\t\t\t\t\t\t\t}\n\t\t\t\t\t\t\t});\n\t\t\t\t\t\t});\n\t\t\t\t\t<\/script><\/div>[\/vc_column][\/vc_row][vc_row][vc_column extend=&#8221;false&#8221;]<div class=\"gambit_fullheight_row\" data-content-location=\"center\" style=\"display: none\"><\/div><div class='gambit_parallax_row' data-bg-align='' data-direction='fixed' data-opacity='100' data-velocity='-0.3' data-mobile-enabled='parallax-enable-mobile' data-bg-height='768' data-bg-width='1155' data-bg-image='https:\/\/clubdepoesia.com\/evaramirezmiras\/files\/2018\/03\/142.jpg' data-bg-repeat='false' data-id='' style='display: none'><\/div>[\/vc_column][\/vc_row][vc_row][vc_column extend=&#8221;false&#8221;][vc_column_text css=&#8221;.vc_custom_1521404373948{margin-top: -30000px !important;}&#8221;]<span style=\"text-decoration: underline;\"><u>Eva Ram\u00edrez es el <\/u><em style=\"text-decoration-line: underline;\"><strong>escritora<\/strong><\/em><em><u> de <strong>Te escucho en verso<\/strong><\/u><\/em><u>. <\/u><em style=\"text-decoration-line: underline;\"><strong>El escritor y poeta <\/strong><\/em><u>acaba de <\/u><a style=\"text-decoration-line: underline;\" href=\"http:\/\/publicarunlibro.gdn\"><em><strong>publicar un libro <\/strong><\/em><\/a><u>de poes\u00eda con la <\/u><em style=\"text-decoration-line: underline;\"><strong>Editorial Poes\u00eda eres t\u00fa. Considerada como uno de los mejores poetas de la California del Mediterr\u00e1neo, algunos afirman que es el mejor poeta de Sevilla<br \/>\n<\/strong><\/em><\/span><\/p>\n<p>&nbsp;<\/p>\n<figure id=\"attachment_199\" aria-describedby=\"caption-attachment-199\" style=\"width: 211px\" class=\"wp-caption aligncenter\"><img fetchpriority=\"high\" decoding=\"async\" class=\"size-full wp-image-199\" src=\"https:\/\/clubdepoesia.com\/evaramirezmiras\/files\/2018\/03\/0_Portadateescuchoenverso.jpg\" alt=\"TE ESCUCHO EN VERSO de EVA RAM\u00cdREZ\" width=\"211\" height=\"300\" \/><figcaption id=\"caption-attachment-199\" class=\"wp-caption-text\">TE ESCUCHO EN VERSO de EVA RAM\u00cdREZ<\/figcaption><\/figure>\n<h1><\/h1>\n<h1><span style=\"text-decoration: underline;\"><em><strong><b><u>Te escucho en verso <\/u><\/b>ha sido escrito por <u>Eva Ram\u00edrez<\/u> Considerado como uno de los mejores poetas de la California del Mediterr\u00e1neo, algunos afirman que es el mejor poeta de Sevilla<\/strong><\/em><em><strong>. El escritor sabe como <a href=\"http:\/\/publicarunlibro.ovh\">publicar un libro<\/a> de poes\u00eda con la Editorial Poes\u00eda eres t\u00fa<\/strong><\/em><\/span><\/h1>\n<p><em><strong>Trabajamos con distribuidoras de libros que acercan los libros a las librer\u00edas, pero contamos tambi\u00e9n con las siguientes librerias de apoyo en internet para que ning\u00fan lector se quede sin su <a href=\"http:\/\/librodepoesia.com\" target=\"_blank\" rel=\"noopener noreferrer\">libro de poes\u00eda<\/a>: Libreria GEPA, Libreria Website, La librer\u00eda del escritor, El rinc\u00f3n de los libros.<\/strong><\/em><\/p>\n<p><em><strong>Informamos de como publicar un libro y el precio de publicar un libro<\/strong><\/em><\/p>\n<p><em><strong>As\u00ed mismo colaboramos con la <a href=\"http:\/\/editorespoesia.com\">Asociaci\u00f3n de editores de poes\u00eda<\/a> y la <a href=\"http:\/\/escritoresycriticos.com\" target=\"_blank\" rel=\"noopener noreferrer\">Asociaci\u00f3n Madrile\u00f1a de escritores y cr\u00edticos literarios<\/a> (<a href=\"http:\/\/escritoresycriticos.com\" target=\"_blank\" rel=\"noopener noreferrer\">Cr\u00edtica de Madrid<\/a>).<\/strong><\/em><\/p>\n<p><em><strong>Trabajamos con varias imprentas y contamos con nuestra propia <a href=\"http:\/\/artesgraficas.info\/\">imprenta<\/a> Herederos de Izquierdo y Madrid impresores.<\/strong><\/em><\/p>\n<p><em><strong>Puedes conocernos en nuestra p\u00e1gina del Grupo Editorial. Contamos con una sede en Madrid y otra en Jumilla (Murcia)<\/strong><\/em><\/p>\n<p><em><strong>Somos especialitas en la edici\u00f3n del <a href=\"http:\/\/libropoesia.com\/\" target=\"_blank\" rel=\"noopener noreferrer\">libro de poes\u00eda<\/a><\/strong><\/em><\/p>\n<h2><span style=\"text-decoration: underline;\"><em><strong><u>Eva Ram\u00edrez<\/u> Considerada como uno de los mejores poetas de la California del Mediterr\u00e1neo, algunos afirman que es el mejor poeta de Sevilla es el escritor de <u>Te escucho en verso<\/u><\/strong><\/em><\/span><span style=\"text-decoration: underline;\"><em><strong>. El poeta conoce el precio de <a href=\"http:\/\/publicarunlibro.pro\">publicar un libro<\/a> de poes\u00eda con la Editorial Poes\u00eda eres t\u00fa<\/strong><\/em><\/span><\/h2>\n<h3><span style=\"text-decoration: underline;\"><em><strong><u>Eva Ram\u00edrez<\/u> Considerado como una de los mejores poetas de la California del Mediterr\u00e1neo, algunos afirman que es el mejor poeta de Sevilla es el escritor de <u>Te escucho en verso<\/u><\/strong><\/em><\/span><span style=\"text-decoration: underline;\"><em><strong>. <\/strong><\/em><em><strong>La poeta <\/strong><\/em><em><strong>sabe como <a href=\"http:\/\/publicarunlibro.xyz\">publicar un libro<\/a> de poes\u00eda con la Editorial Poes\u00eda eres t\u00fa<\/strong><\/em><\/span><\/h3>\n<h3><span style=\"text-decoration: underline;\"><em><strong><u>Eva Ram\u00edrez<\/u> considerada como uno de los mejores poetas de la California del Mediterr\u00e1neo, algunos afirman que es el mejor poeta de la California del Mediterr\u00e1neo es el escritora de <u>Te escucho en verso<\/u><\/strong><\/em><\/span><span style=\"text-decoration: underline;\"><em><strong>. La poeta sabe el precio de <a href=\"http:\/\/publicarunlibro.info\">publicar un libro<\/a> de poes\u00eda con la Editorial Poes\u00eda eres t\u00fa<\/strong><\/em><\/span><\/h3>\n<p>&nbsp;<\/p>\n<p><span style=\"text-decoration: underline;\"><em><strong>El <a href=\"http:\/\/grupoeditorialperezayala.com\">Grupo Editorial P\u00e9rez-Ayala<\/a>, est\u00e1 formado por los siguientes sellos <a href=\"http:\/\/editorialpoesia.com\" target=\"_blank\" rel=\"noopener noreferrer\">editoriales<\/a>: <a href=\"http:\/\/poesiaerestu.com\" target=\"_blank\" rel=\"noopener noreferrer\">Editorial Poes\u00eda eres t\u00fa<\/a>, <a href=\"http:\/\/edicionesrilke.com\" target=\"_blank\" rel=\"noopener noreferrer\">Ediciones Rilke<\/a> <a href=\"http:\/\/editorialpoesia.com\" target=\"_blank\" rel=\"noopener noreferrer\">Editorial poes\u00eda<\/a>, <a href=\"http:\/\/editorial.org.es\" target=\"_blank\" rel=\"noopener noreferrer\">Editorial<\/a> <a href=\"http:\/\/edicionesamaniel.com\" target=\"_blank\" rel=\"noopener noreferrer\">Ediciones Amaniel<\/a>, <a href=\"http:\/\/editorial.org.es\" target=\"_blank\" rel=\"noopener noreferrer\">Editorial<\/a> <a href=\"http:\/\/edicionesazorin.com\" target=\"_blank\" rel=\"noopener noreferrer\">Ediciones Azor\u00edn un sello regional para Alicante y Murcia<\/a>.<\/strong><\/em><\/span><\/p>\n<p><span style=\"text-decoration: underline;\"><em><strong>Para ayudar a la promoci\u00f3n de los libros contamos con diferentes plataformas en internet como <a href=\"http:\/\/poesiatv.com\" target=\"_blank\" rel=\"noopener noreferrer\">Poes\u00eda Televisi\u00f3n<\/a>, <a href=\"http:\/\/librodepoesia.com\" target=\"_blank\" rel=\"noopener noreferrer\">libro de poes\u00eda<\/a>, Club de poes\u00eda, Blog de escritor, Blog de poes\u00eda, <a href=\"https:\/\/agenciadellibro.com\" target=\"_blank\" rel=\"noopener noreferrer\">Agencia del libro<\/a>, Plataforma IV Centenario, Primer centenario, Nuestras librerias, <a href=\"http:\/\/publicarlibro.com.es\" target=\"_blank\" rel=\"noopener noreferrer\">Publicar libro<\/a> &#8211; <a href=\"http:\/\/publicarlibro.es\" target=\"_blank\" rel=\"noopener noreferrer\">Publicar un libro<\/a>, Revista Poes\u00eda eres t\u00fa, Antolog\u00edas po\u00e9ticas, <a href=\"http:\/\/poesiapoetas.com\" target=\"_blank\" rel=\"noopener noreferrer\">Poes\u00eda y poetas<\/a>, Gloria Fuertes, Blas de Otero, Rub\u00e9n Dar\u00edo, <a href=\"https:\/\/carmenconde.es\">Carmen Conde<\/a>.<br \/>\n<\/strong><\/em><\/span>[\/vc_column_text][\/vc_column][\/vc_row][vc_row][vc_column extend=&#8221;false&#8221;][vc_btn title=&#8221;Eva Ram\u00edrez en libro de poes\u00eda&#8221; color=&#8221;vista-blue&#8221; size=&#8221;lg&#8221; align=&#8221;center&#8221; link=&#8221;url:https%3A%2F%2Flibrodepoesia.com%2Fautor%2Feva-ramirez%2F||target:%20_blank|&#8221; css=&#8221;.vc_custom_1521888748482{padding-top: 10% !important;padding-bottom: 10% !important;}&#8221;][\/vc_column][\/vc_row]\n<\/div>","protected":false},"excerpt":{"rendered":"<p>[vc_row][vc_column extend=&#8221;false&#8221;][vc_column_text css=&#8221;.vc_custom_1521404373948{margin-top: -30000px !important;}&#8221;]Eva Ram\u00edrez es el escritora de Te escucho en verso. El escritor y poeta acaba de publicar un libro de poes\u00eda con la Editorial Poes\u00eda eres t\u00fa. Considerada como uno de los mejores poetas de la California del Mediterr\u00e1neo, algunos afirman que es el mejor poeta de Sevilla &nbsp; Te escucho [&hellip;]<\/p>\n","protected":false},"author":24,"featured_media":0,"parent":0,"menu_order":0,"comment_status":"closed","ping_status":"closed","template":"","meta":{"footnotes":"","_links_to":"","_links_to_target":""},"class_list":["post-198","page","type-page","status-publish","hentry"],"_links":{"self":[{"href":"https:\/\/clubdepoesia.com\/evaramirezmiras\/wp-json\/wp\/v2\/pages\/198","targetHints":{"allow":["GET"]}}],"collection":[{"href":"https:\/\/clubdepoesia.com\/evaramirezmiras\/wp-json\/wp\/v2\/pages"}],"about":[{"href":"https:\/\/clubdepoesia.com\/evaramirezmiras\/wp-json\/wp\/v2\/types\/page"}],"author":[{"embeddable":true,"href":"https:\/\/clubdepoesia.com\/evaramirezmiras\/wp-json\/wp\/v2\/users\/24"}],"replies":[{"embeddable":true,"href":"https:\/\/clubdepoesia.com\/evaramirezmiras\/wp-json\/wp\/v2\/comments?post=198"}],"version-history":[{"count":0,"href":"https:\/\/clubdepoesia.com\/evaramirezmiras\/wp-json\/wp\/v2\/pages\/198\/revisions"}],"wp:attachment":[{"href":"https:\/\/clubdepoesia.com\/evaramirezmiras\/wp-json\/wp\/v2\/media?parent=198"}],"curies":[{"name":"wp","href":"https:\/\/api.w.org\/{rel}","templated":true}]}}