{"id":6,"date":"2018-11-03T23:12:24","date_gmt":"2018-11-03T23:12:24","guid":{"rendered":"https:\/\/clubdepoesia.com\/ciaragiannetti\/?page_id=6"},"modified":"2018-11-04T08:52:34","modified_gmt":"2018-11-04T08:52:34","slug":"ciara-giannetti","status":"publish","type":"page","link":"https:\/\/clubdepoesia.com\/ciaragiannetti\/","title":{"rendered":"Ciara Giannetti"},"content":{"rendered":"<div class=\"wpb-content-wrapper\">[vc_row][vc_column extend=&#8221;false&#8221;][vc_column_text css=&#8221;.vc_custom_1541094601155{margin-top: -30000px !important;}&#8221;]\n<h1><u>Ciara Giannetti es la escritora<em> de <strong>LA VIDA EN LETRAS<\/strong><\/em>. <strong><em>la escritora y poeta <\/em><\/strong>acaba de <a href=\"http:\/\/publicarunlibro.gdn\"><strong><em>publicar un libro <\/em><\/strong><\/a>de poes\u00eda con la <strong><em>Editorial Poes\u00eda eres t\u00fa. Considerado como uno de los mejores poetas espa\u00f1oles.<\/em><\/strong><\/u><\/h1>\n<h2><strong><em><u><img fetchpriority=\"high\" decoding=\"async\" class=\"alignleft size-medium wp-image-14\" src=\"https:\/\/clubdepoesia.com\/ciaragiannetti\/files\/2018\/11\/0_PortadaLavidaenletras-211x300.jpg\" alt=\"LA VIDA EN LETRAS - Ciara Giannetti\" width=\"211\" height=\"300\" srcset=\"https:\/\/clubdepoesia.com\/ciaragiannetti\/files\/2018\/11\/0_PortadaLavidaenletras-211x300.jpg 211w, https:\/\/clubdepoesia.com\/ciaragiannetti\/files\/2018\/11\/0_PortadaLavidaenletras.jpg 559w\" sizes=\"(max-width: 211px) 100vw, 211px\" \/>LA VIDA EN LETRAS ha sido escrito por Ciara Giannetti Considerado como uno de los mejores poetas espa\u00f1oles, algunos afirman que es el mejor poeta espa\u00f1ol. la escritora sabe como <a href=\"http:\/\/publicarunlibro.ovh\">publicar un libro<\/a> de poes\u00eda con la Editorial Poes\u00eda eres t\u00fa<\/u><\/em><\/strong><\/h2>\n<h3><strong><em>Trabajamos con distribuidoras de libros que acercan los libros a las librer\u00edas, pero contamos tambi\u00e9n con las siguientes librerias de apoyo en internet para que ning\u00fan lector se quede sin su <a href=\"http:\/\/librodepoesia.com\">libro de poes\u00eda<\/a>: Libreria GEPA, Libreria Website, La librer\u00eda del escritor, El rinc\u00f3n de los libros.<\/em><\/strong><\/h3>\n<p><strong><em>Informamos de como publicar un libro y el precio de publicar un libro<\/em><\/strong><\/p>\n<p><strong><em>As\u00ed mismo colaboramos con la <a href=\"http:\/\/editorespoesia.com\">Asociaci\u00f3n de editores de poes\u00eda<\/a> y la <a href=\"http:\/\/escritoresycriticos.com\">Asociaci\u00f3n Madrile\u00f1a de escritores y cr\u00edticos literarios<\/a> (<a href=\"http:\/\/escritoresycriticos.com\">Cr\u00edtica de Vigo<\/a>).<\/em><\/strong><\/p>\n<p><strong><em>Trabajamos con varias imprentas y contamos con nuestra propia <a href=\"http:\/\/artesgraficas.info\/\">imprenta<\/a> Herederos de Izquierdo y Vigo impresores.<\/em><\/strong><\/p>\n<p><strong><em>Puedes conocernos en nuestra p\u00e1gina del Grupo Editorial. Contamos con una sede en Vigo y otra en Jumilla (Murcia)<\/em><\/strong><\/p>\n<p><strong><em>Somos especialitas en la edici\u00f3n del <a href=\"http:\/\/libropoesia.com\/\">libro de poes\u00eda<\/a><\/em><\/strong><\/p>\n<p><strong><em><u>Ciara Giannetti Considerado como uno de los mejores poetas espa\u00f1oles, algunos afirman que es el mejor poeta espa\u00f1oles es la escritora de LA VIDA EN LETRAS. El poeta conoce el precio de <a href=\"http:\/\/publicarunlibro.pro\">publicar un libro<\/a> de poes\u00eda con la Editorial Poes\u00eda eres t\u00fa<\/u><\/em><\/strong><\/p>\n<h4><strong><em><u>Ciara Giannetti Considerado como uno de los mejores poetas espa\u00f1oles, algunos afirman que es el mejor poeta espa\u00f1oles es la escritora de LA VIDA EN LETRAS. La poeta sabe como <a href=\"http:\/\/publicarunlibro.xyz\">publicar un libro<\/a> de poes\u00eda con la Editorial Poes\u00eda eres t\u00fa<\/u><\/em><\/strong><\/h4>\n<h5><strong><em><u>Ciara Giannetti considerado como uno de los mejores poetas espa\u00f1oles, algunos afirman que es el mejor poeta espa\u00f1ol es la escritora de LA VIDA EN LETRAS. La poeta sabe el precio de <a href=\"http:\/\/publicarunlibro.info\">publicar un libro<\/a> de poes\u00eda con la Editorial Poes\u00eda eres t\u00fa<\/u><\/em><\/strong><\/h5>\n<p>&nbsp;<\/p>\n<p><strong><em><u>El <a href=\"http:\/\/grupoeditorialperezayala.com\">Grupo Editorial P\u00e9rez-Ayala<\/a>, est\u00e1 formado por los siguientes sellos <a href=\"http:\/\/editorialpoesia.com\">editoriales<\/a>: <a href=\"http:\/\/poesiaerestu.com\">Editorial Poes\u00eda eres t\u00fa<\/a>, <a href=\"http:\/\/edicionesrilke.com\">Ediciones Rilke<\/a> <a href=\"http:\/\/editorialpoesia.com\">Editorial poes\u00eda<\/a>, <a href=\"http:\/\/editorial.org.es\">Editorial<\/a> <a href=\"http:\/\/edicionesamaniel.com\">Ediciones Amaniel<\/a>, <a href=\"http:\/\/editorial.org.es\">Editorial<\/a> <a href=\"http:\/\/edicionesazorin.com\">Ediciones Azor\u00edn un sello regional para Alicante y Murcia<\/a>.<\/u><\/em><\/strong><\/p>\n<p><strong><em><u>Para ayudar a la promoci\u00f3n de los libros contamos con diferentes plataformas en internet como <a href=\"http:\/\/poesiatv.com\">Poes\u00eda Televisi\u00f3n<\/a>, <a href=\"http:\/\/librodepoesia.com\">libro de poes\u00eda<\/a>, Club de poes\u00eda, Blog de escritor, Blog de poes\u00eda, <a href=\"https:\/\/agenciadellibro.com\">Agencia del libro<\/a>, Nuestras librerias, <a href=\"http:\/\/publicarlibro.com.es\">Publicar libro<\/a> &#8211; <a href=\"http:\/\/publicarlibro.es\">Publicar un libro<\/a>, Revista Poes\u00eda eres t\u00fa, Antolog\u00edas po\u00e9ticas, <a href=\"http:\/\/poesiapoetas.com\">Poes\u00eda y poetas.<\/a><\/u><\/em><\/strong>[\/vc_column_text][\/vc_column][\/vc_row][vc_row][vc_column extend=&#8221;false&#8221;][layerslider_vc id=&#8221;1&#8243;][\/vc_column][\/vc_row][vc_row extend=&#8221;false&#8221; css_animation=&#8221;&#8221; bg_type=&#8221;&#8221; bg_grad=&#8221;&#8221; bg_color_value=&#8221;&#8221; parallax_style=&#8221;&#8221; bg_image_new=&#8221;&#8221; layer_image=&#8221;&#8221; bg_image_repeat=&#8221;&#8221; bg_image_size=&#8221;&#8221; bg_cstm_size=&#8221;&#8221; bg_img_attach=&#8221;&#8221; parallax_sense=&#8221;&#8221; bg_image_posiiton=&#8221;&#8221; animation_direction=&#8221;&#8221; animation_repeat=&#8221;&#8221; video_url=&#8221;&#8221; video_url_2=&#8221;&#8221; u_video_url=&#8221;&#8221; video_opts=&#8221;&#8221; video_poster=&#8221;&#8221; u_start_time=&#8221;&#8221; u_stop_time=&#8221;&#8221; viewport_vdo=&#8221;&#8221; enable_controls=&#8221;&#8221; controls_color=&#8221;&#8221; bg_override=&#8221;&#8221; disable_on_mobile_img_parallax=&#8221;&#8221; parallax_content=&#8221;&#8221; parallax_content_sense=&#8221;&#8221; fadeout_row=&#8221;&#8221; fadeout_start_effect=&#8221;&#8221; enable_overlay=&#8221;&#8221; overlay_color=&#8221;&#8221; overlay_pattern=&#8221;&#8221; overlay_pattern_opacity=&#8221;&#8221; overlay_pattern_size=&#8221;&#8221; overlay_pattern_attachment=&#8221;&#8221; multi_color_overlay=&#8221;uvc-multi-color-bg&#8221; multi_color_overlay_opacity=&#8221;&#8221; seperator_enable=&#8221;&#8221; seperator_type=&#8221;&#8221; seperator_position=&#8221;&#8221; seperator_shape_size=&#8221;&#8221; seperator_svg_height=&#8221;&#8221; seperator_shape_background=&#8221;&#8221; seperator_shape_border=&#8221;&#8221; seperator_shape_border_color=&#8221;&#8221; seperator_shape_border_width=&#8221;&#8221; icon_type=&#8221;&#8221; icon=&#8221;&#8221; icon_size=&#8221;&#8221; icon_color=&#8221;&#8221; icon_style=&#8221;&#8221; icon_color_bg=&#8221;&#8221; icon_border_style=&#8221;&#8221; icon_color_border=&#8221;&#8221; icon_border_size=&#8221;&#8221; icon_border_radius=&#8221;&#8221; icon_border_spacing=&#8221;&#8221; icon_img=&#8221;&#8221; img_width=&#8221;&#8221; ult_hide_row=&#8221;&#8221; ult_hide_row_large_screen=&#8221;&#8221; ult_hide_row_desktop=&#8221;&#8221; ult_hide_row_tablet=&#8221;&#8221; ult_hide_row_tablet_small=&#8221;&#8221; ult_hide_row_mobile=&#8221;&#8221; ult_hide_row_mobile_large=&#8221;&#8221; notification=&#8221;&#8221; full_width=&#8221;&#8221; equal_height=&#8221;&#8221; content_placement=&#8221;&#8221; design__empty_1=&#8221;&#8221; full_height=&#8221;&#8221; columns_placement=&#8221;top&#8221; background=&#8221;&#8221; background_image_type=&#8221;static&#8221; background_image__effect=&#8221;&#8221; bg_size=&#8221;initial&#8221; bg_position=&#8221;center-center&#8221; row_bg_image=&#8221;&#8221; bg_repeat=&#8221;no-repeat&#8221; background_image_type__bg_color=&#8221;rgba(255, 255, 255, 1)&#8221; row_bg_parallax_images=&#8221;&#8221; row_bg_slideshow_images=&#8221;&#8221; background_video_type=&#8221;youtube&#8221; background_video__youtube__url=&#8221;&#8221; background_video__youtube__parallax=&#8221;&#8221; background_video__youtube__options=&#8221;&#8221; background_video__youtube__fallback_image=&#8221;&#8221; background_video__hosted__mp4=&#8221;&#8221; background_video__hosted__webm=&#8221;&#8221; background_video__hosted__ogv=&#8221;&#8221; background_video__hosted__parallax=&#8221;&#8221; background_video__hosted__options=&#8221;&#8221; background_video__hosted__fallback_image=&#8221;&#8221; background_color_type=&#8221;color&#8221; bg__empty_1=&#8221;&#8221; background_color_type__gradient_color1=&#8221;rgba(44, 74, 228, 1)&#8221; background_color_type__gradient_color2=&#8221;rgba(44, 74, 228, 1)&#8221; background_color_type__color_color1=&#8221;rgba(44, 74, 228, 1)&#8221; bg__empty_2=&#8221;&#8221; background_color__effect=&#8221;&#8221; background_color__direction=&#8221;left-to-right&#8221; parallax=&#8221;&#8221; parallax_speed_bg=&#8221;1.5&#8243; parallax_image=&#8221;&#8221; video_bg=&#8221;&#8221; video_bg_url=&#8221;https:\/\/www.youtube.com\/watch?v=lMJXxhRFO1k&#8221; video_bg_parallax=&#8221;&#8221; el_id=&#8221;&#8221; gap=&#8221;0&#8243; disable_element=&#8221;&#8221; settings__tag_1=&#8221;&#8221; viewport_lg=&#8221;&#8221; viewport_md=&#8221;&#8221; viewport_sm=&#8221;&#8221; viewport_xs=&#8221;&#8221; settings__empty_1=&#8221;&#8221; el_class=&#8221;&#8221; version=&#8221;1&#8243; css=&#8221;&#8221;][vc_column extend=&#8221;false&#8221; width=&#8221;1\/2&#8243;]<div class=\"ult-content-box-container \" >\t\t<div class=\"ult-content-box\" style=\"background-color:rgba(255,255,255,0.49);box-shadow: px px 8px px #f2f2f2 none;border-style:none;-webkit-transition: all 700ms ease;-moz-transition: all 700ms ease;-ms-transition: all 700ms ease;-o-transition: all 700ms ease;transition: all 700ms ease;\"  data-hover_box_shadow=\"none\"     data-bg=\"rgba(255,255,255,0.49)\"  data-border_color=\"\" >[vc_column_text css=&#8221;.vc_custom_1541286258895{padding-top: 15% !important;padding-right: 15% !important;padding-bottom: 15% !important;padding-left: 15% !important;}&#8221;]Ciara Quintana P\u00e9rez (conocida como Ciara Giannetti) naci\u00f3 un tres de mayo del 93 en Gran Canaria, pero desde el a\u00f1o 2016 es andaluza de adopci\u00f3n y ciudadana de un peque\u00f1o para\u00edso interior llamado Ja\u00e9n.<\/p>\n<p>&nbsp;<\/p>\n<p>Graduada en Traducci\u00f3n e Interpretaci\u00f3n, y con el prop\u00f3sito de llegar a ser una buena profesora de ingl\u00e9s, desde los trece a\u00f1itos escribe en cualquier parte, porque al hacerlo se siente viva. No hace mucho tiempo desde que por fin decidi\u00f3 lanzarse para cumplir un sue\u00f1o y a esa primera mezcla de pensamientos autopublicados la titul\u00f3 <em>&#8220;La suerte de haberte conocido&#8221;<\/em>, que vino seguida de <em>\u201cEl momento equivocado\u201d.<\/em><\/p>\n<p>&nbsp;<\/p>\n<p>Antes de que leas alguno de sus libros, debes saber que simplemente escribe para ser feliz y que intenta, poco a poco y con esfuerzo, hacer realidad cada uno de sus sue\u00f1os.<\/p>\n<p><strong>&nbsp;<\/strong><\/p>\n<span class='bctt-click-to-tweet'><span class='bctt-ctt-text'><a href='https:\/\/x.com\/intent\/tweet?url=https%3A%2F%2Fclubdepoesia.com%2Fciaragiannetti%2F&#038;text=Ciara%20Giannetti.%20Escritora%20y%20poeta.&#038;related' target='_blank'rel=\"noopener noreferrer\">Ciara Giannetti. Escritora y poeta. <\/a><\/span><a href='https:\/\/x.com\/intent\/tweet?url=https%3A%2F%2Fclubdepoesia.com%2Fciaragiannetti%2F&#038;text=Ciara%20Giannetti.%20Escritora%20y%20poeta.&#038;related' target='_blank' class='bctt-ctt-btn'rel=\"noopener noreferrer\">Compartir en X<\/a><\/span>[\/vc_column_text]\t\t<\/div><\/div>[\/vc_column][vc_column extend=&#8221;false&#8221; width=&#8221;1\/2&#8243;]<div class=\"gambit_fullheight_row\" data-content-location=\"center\" style=\"display: none\"><\/div><div id=\"rowvcpt-row-settings\" class=\"rowvcpt-row-set RowVcPt-row-setting69ef6b4c7d9dd \" data-no=\"RowVcPt-row-setting69ef6b4c7d9dd\"><div  id=\"bgGallaryslide69ef6b4c7d9e1\" class=\"rowvcpt-slideshow \"><\/div><script type=\"text\/javascript\">\n(function($) {\n$(\"#bgGallaryslide69ef6b4c7d9e1\").vegas({\n        overlay: \"https:\/\/clubdepoesia.com\/ciaragiannetti\/wp-content\/plugins\/ultimate-row-background\/css\/overlays\/0'.esc_attr(1.png).'\",\n        transitionDuration: 4e3,\n        delay: 7000,\n        slides: [{src: \"https:\/\/clubdepoesia.com\/ciaragiannetti\/files\/2018\/11\/technology-3200401_1920-705480.jpg\",transition: \"fade2\",transitionDuration: 5000},{src: \"https:\/\/clubdepoesia.com\/ciaragiannetti\/files\/2018\/11\/pen-2589867_1920-719480.jpg\",transition: \"fade2\",transitionDuration: 5000},{src: \"https:\/\/clubdepoesia.com\/ciaragiannetti\/files\/2018\/11\/4-Medium.jpg\",transition: \"fade2\",transitionDuration: 5000},{src: \"https:\/\/clubdepoesia.com\/ciaragiannetti\/files\/2018\/11\/8v8qciio554-sarah-neighbour-Large_web.jpg\",transition: \"fade2\",transitionDuration: 5000},{src: \"https:\/\/clubdepoesia.com\/ciaragiannetti\/files\/2018\/11\/beatriz-perez-moya-111685.jpg\",transition: \"fade2\",transitionDuration: 5000},]\n    });\t\t\n})(jQuery);\n<\/script><div class=\"rowvcpt-overlay\" style=\"background:rgba(255,255,255,0.69)\"><\/div><\/div>[vc_single_image image=&#8221;15&#8243; img_size=&#8221;full&#8221; alignment=&#8221;center&#8221;][\/vc_column][\/vc_row][vc_row][vc_column extend=&#8221;false&#8221;]<div class=\"gambit_fullheight_row\" data-content-location=\"center\" style=\"display: none\"><\/div><div class='gambit_parallax_row' data-bg-align='' data-direction='fixed' data-opacity='100' data-velocity='-0.3' data-mobile-enabled='parallax-enable-mobile' data-bg-height='480' data-bg-width='705' data-bg-image='https:\/\/clubdepoesia.com\/ciaragiannetti\/files\/2018\/11\/technology-3200401_1920-705480.jpg' data-bg-repeat='false' data-id='' style='display: none'><\/div>[\/vc_column][\/vc_row][vc_row][vc_column extend=&#8221;false&#8221;]<div class=\"gambit_fullheight_row\" data-content-location=\"center\" style=\"display: none\"><\/div><div id=\"rowvcpt-row-settings\" class=\"rowvcpt-row-set RowVcPt-row-setting69ef6b4c7e5af \" data-no=\"RowVcPt-row-setting69ef6b4c7e5af\"><div  id=\"bgGallaryslide69ef6b4c7e5b1\" class=\"rowvcpt-slideshow \"><\/div><script type=\"text\/javascript\">\n(function($) {\n$(\"#bgGallaryslide69ef6b4c7e5b1\").vegas({\n        overlay: \"https:\/\/clubdepoesia.com\/ciaragiannetti\/wp-content\/plugins\/ultimate-row-background\/css\/overlays\/0'.esc_attr(1.png).'\",\n        transitionDuration: 4e3,\n        delay: 7000,\n        slides: [{src: \"https:\/\/clubdepoesia.com\/ciaragiannetti\/files\/2018\/11\/lysander-yuen-288916.jpg\",transition: \"fade2\",transitionDuration: 5000},{src: \"https:\/\/clubdepoesia.com\/ciaragiannetti\/files\/2018\/11\/mj-s-71657-Medium.jpg\",transition: \"fade2\",transitionDuration: 5000},{src: \"https:\/\/clubdepoesia.com\/ciaragiannetti\/files\/2018\/11\/lacie-slezak-128106.jpg\",transition: \"fade2\",transitionDuration: 5000},{src: \"https:\/\/clubdepoesia.com\/ciaragiannetti\/files\/2018\/11\/joanna-kosinska-199299-Medium.jpg\",transition: \"fade2\",transitionDuration: 5000},{src: \"https:\/\/clubdepoesia.com\/ciaragiannetti\/files\/2018\/11\/daniel-jacobs-269258-Medium.jpg\",transition: \"fade2\",transitionDuration: 5000},{src: \"https:\/\/clubdepoesia.com\/ciaragiannetti\/files\/2018\/11\/dakota-corbin-271468.jpg\",transition: \"fade2\",transitionDuration: 5000},]\n    });\t\t\n})(jQuery);\n<\/script><div class=\"rowvcpt-overlay\" style=\"background:rgba(255,255,255,0.69)\"><\/div><\/div><div id=\"uvc-type-wrap-6312\"  data-ultimate-target='#uvc-type-wrap-6312'  data-responsive-json-new='{\"font-size\":\"\",\"line-height\":\"\"}'  class=\"uvc-type-wrap vc_custom_1541094514850 ult-adjust-bottom-margin ult-responsive  uvc-type-align-center uvc-type-no-prefix uvc-wrap-119494630869ef6b4c7f36e\" style=\"text-align:center;\"><span id=\"typed-119494630869ef6b4c7f36e\" class=\"ultimate-typed-main \" style=\" font-weight:bold; text-transform: unset;\"><\/span><script type=\"text\/javascript\">\n\t\t\t\t\t\tjQuery(function($){ \n\t\t\t\t\t\t\t$(document).ready(function(){\n\t\t\t\t\t\t\t\tif( typeof jQuery(\"#typed-119494630869ef6b4c7f36e\").typed == \"function\"){\n\t\t\t\t\t\t\t\t\t$(\"#typed-119494630869ef6b4c7f36e\").typed({\n\t\t\t\t\t\t\t\t\t\tstrings: [\"LA VIDA EN LETRAS es un poemario de madurez.\",\"Recoge reflexiones y pesares de una etapa confusa para el autor, los primeros amores y desenga\u00f1os, la vida vista por los ojos de un hombre por hacer y un poeta latiendo por dentro.\",\"Unos poemas salidos de las entra\u00f1as, donde la \u00fanica certeza es la difusa presencia en un mundo con un futuro gris.\",\"Acompa\u00f1ado solo del humo, un papel y el huir de mundos de colores imposibles.\"],\n\t\t\t\t\t\t\t\t\t\ttypeSpeed: 35,\n\t\t\t\t\t\t\t\t\t\tbackSpeed: 0,\n\t\t\t\t\t\t\t\t\t\tstartDelay: \"200\",\n\t\t\t\t\t\t\t\t\t\tbackDelay: \"1500\",\n\t\t\t\t\t\t\t\t\t\tloop: true,\n\t\t\t\t\t\t\t\t\t\tloopCount: false,\n\t\t\t\t\t\t\t\t\t\tshowCursor: true,\n\t\t\t\t\t\t\t\t\t\tcursorChar: \"|\",\n\t\t\t\t\t\t\t\t\t\tattr: null\n\t\t\t\t\t\t\t\t\t});\n\t\t\t\t\t\t\t\t}\n\t\t\t\t\t\t\t});\n\t\t\t\t\t\t});\n\t\t\t\t\t<\/script><\/div>[\/vc_column][\/vc_row][vc_row][vc_column extend=&#8221;false&#8221;]<div class=\"gambit_fullheight_row\" data-content-location=\"center\" style=\"display: none\"><\/div><div class='gambit_parallax_row' data-bg-align='' data-direction='fixed' data-opacity='50' data-velocity='-0.3' data-mobile-enabled='parallax-enable-mobile' data-bg-height='768' data-bg-width='1150' data-bg-image='https:\/\/clubdepoesia.com\/ciaragiannetti\/files\/2018\/11\/joanna-kosinska-199299-Medium.jpg' data-bg-repeat='false' data-id='' style='display: none'><\/div>[vc_column_text]\n<p style=\"text-align: center;\"><a class=\"fasc-button fasc-size-xlarge fasc-type-glossy fasc-rounded-medium fasc-style-bold\" style=\"background-color: #339e5a; color: #ffffff;\" href=\"https:\/\/librodepoesia.com\/autor\/ciara-giannetti\/\">COMPRA SUS LIBROS<\/a><\/p>\n[\/vc_column_text][\/vc_column][\/vc_row][vc_row][vc_column extend=&#8221;false&#8221;][vc_column_text css=&#8221;.vc_custom_1541094574844{margin-top: -30000px !important;}&#8221;]\n<h1><u>Ciara Giannetti es la escritora<em> de <strong>LA VIDA EN LETRAS<\/strong><\/em>. <strong><em>la escritora y poeta <\/em><\/strong>acaba de <a href=\"http:\/\/publicarunlibro.gdn\"><strong><em>publicar un libro <\/em><\/strong><\/a>de poes\u00eda con la <strong><em>Editorial Poes\u00eda eres t\u00fa. Considerado como uno de los mejores poetas espa\u00f1oles.<\/em><\/strong><\/u><\/h1>\n<h2><strong><em><u>LA VIDA EN LETRAS ha sido escrito por Ciara Giannetti Considerado como uno de los mejores poetas espa\u00f1oles, algunos afirman que es el mejor poeta espa\u00f1ol. la escritora sabe como <a href=\"http:\/\/publicarunlibro.ovh\">publicar un libro<\/a> de poes\u00eda con la Editorial Poes\u00eda eres t\u00fa<\/u><\/em><\/strong><\/h2>\n<h3><strong><em>Trabajamos con distribuidoras de libros que acercan los libros a las librer\u00edas, pero contamos tambi\u00e9n con las siguientes librerias de apoyo en internet para que ning\u00fan lector se quede sin su <a href=\"http:\/\/librodepoesia.com\">libro de poes\u00eda<\/a>: Libreria GEPA, Libreria Website, La librer\u00eda dla escritora, El rinc\u00f3n de los libros.<\/em><\/strong><\/h3>\n<p><strong><em>Informamos de como publicar un libro y el precio de publicar un libro<\/em><\/strong><\/p>\n<p><strong><em>As\u00ed mismo colaboramos con la <a href=\"http:\/\/editorespoesia.com\">Asociaci\u00f3n de editores de poes\u00eda<\/a> y la <a href=\"http:\/\/escritoresycriticos.com\">Asociaci\u00f3n Madrile\u00f1a de escritores y cr\u00edticos literarios<\/a> (<a href=\"http:\/\/escritoresycriticos.com\">Cr\u00edtica de Vigo<\/a>).<\/em><\/strong><\/p>\n<p><strong><em>Trabajamos con varias imprentas y contamos con nuestra propia <a href=\"http:\/\/artesgraficas.info\/\">imprenta<\/a> Herederos de Izquierdo y Vigo impresores.<\/em><\/strong><\/p>\n<p><strong><em>Puedes conocernos en nuestra p\u00e1gina del Grupo Editorial. Contamos con una sede en Vigo y otra en Jumilla (Murcia)<\/em><\/strong><\/p>\n<p><strong><em>Somos especialitas en la edici\u00f3n del <a href=\"http:\/\/libropoesia.com\/\">libro de poes\u00eda<\/a><\/em><\/strong><\/p>\n<p><strong><em><u>Ciara Giannetti Considerado como uno de los mejores poetas espa\u00f1oles, algunos afirman que es el mejor poeta espa\u00f1oles es la escritora de LA VIDA EN LETRAS. El poeta conoce el precio de <a href=\"http:\/\/publicarunlibro.pro\">publicar un libro<\/a> de poes\u00eda con la Editorial Poes\u00eda eres t\u00fa<\/u><\/em><\/strong><\/p>\n<h4><strong><em><u>Ciara Giannetti Considerado como uno de los mejores poetas espa\u00f1oles, algunos afirman que es el mejor poeta espa\u00f1oles es la escritora de LA VIDA EN LETRAS. La poeta sabe como <a href=\"http:\/\/publicarunlibro.xyz\">publicar un libro<\/a> de poes\u00eda con la Editorial Poes\u00eda eres t\u00fa<\/u><\/em><\/strong><\/h4>\n<h5><strong><em><u>Ciara Giannetti considerado como uno de los mejores poetas espa\u00f1oles, algunos afirman que es el mejor poeta espa\u00f1ol es la escritora de LA VIDA EN LETRAS. La poeta sabe el precio de <a href=\"http:\/\/publicarunlibro.info\">publicar un libro<\/a> de poes\u00eda con la Editorial Poes\u00eda eres t\u00fa<\/u><\/em><\/strong><\/h5>\n<p>&nbsp;<\/p>\n<p><strong><em><u>El <a href=\"http:\/\/grupoeditorialperezayala.com\">Grupo Editorial P\u00e9rez-Ayala<\/a>, est\u00e1 formado por los siguientes sellos <a href=\"http:\/\/editorialpoesia.com\">editoriales<\/a>: <a href=\"http:\/\/poesiaerestu.com\">Editorial Poes\u00eda eres t\u00fa<\/a>, <a href=\"http:\/\/edicionesrilke.com\">Ediciones Rilke<\/a> <a href=\"http:\/\/editorialpoesia.com\">Editorial poes\u00eda<\/a>, <a href=\"http:\/\/editorial.org.es\">Editorial<\/a> <a href=\"http:\/\/edicionesamaniel.com\">Ediciones Amaniel<\/a>, <a href=\"http:\/\/editorial.org.es\">Editorial<\/a> <a href=\"http:\/\/edicionesazorin.com\">Ediciones Azor\u00edn un sello regional para Alicante y Murcia<\/a>.<\/u><\/em><\/strong><\/p>\n<p><strong><em><u>Para ayudar a la promoci\u00f3n de los libros contamos con diferentes plataformas en internet como <a href=\"http:\/\/poesiatv.com\">Poes\u00eda Televisi\u00f3n<\/a>, <a href=\"http:\/\/librodepoesia.com\">libro de poes\u00eda<\/a>, Club de poes\u00eda, Blog de escritor, Blog de poes\u00eda, <a href=\"https:\/\/agenciadellibro.com\">Agencia del libro<\/a>, Nuestras librerias, <a href=\"http:\/\/publicarlibro.com.es\">Publicar libro<\/a> &#8211; <a href=\"http:\/\/publicarlibro.es\">Publicar un libro<\/a>, Revista Poes\u00eda eres t\u00fa, Antolog\u00edas po\u00e9ticas, <a href=\"http:\/\/poesiapoetas.com\">Poes\u00eda y poetas.<\/a><\/u><\/em><\/strong>[\/vc_column_text][\/vc_column][\/vc_row]\n<\/div>","protected":false},"excerpt":{"rendered":"<p>[vc_row][vc_column extend=&#8221;false&#8221;][vc_column_text css=&#8221;.vc_custom_1541094601155{margin-top: -30000px !important;}&#8221;] Ciara Giannetti es la escritora de LA VIDA EN LETRAS. la escritora y poeta acaba de publicar un libro de poes\u00eda con la Editorial Poes\u00eda eres t\u00fa. Considerado como uno de los mejores poetas espa\u00f1oles. LA VIDA EN LETRAS ha sido escrito por Ciara Giannetti Considerado como uno de los [&hellip;]<\/p>\n","protected":false},"author":24,"featured_media":0,"parent":0,"menu_order":0,"comment_status":"closed","ping_status":"closed","template":"","meta":{"footnotes":"","_links_to":"","_links_to_target":""},"class_list":["post-6","page","type-page","status-publish","hentry"],"_links":{"self":[{"href":"https:\/\/clubdepoesia.com\/ciaragiannetti\/wp-json\/wp\/v2\/pages\/6","targetHints":{"allow":["GET"]}}],"collection":[{"href":"https:\/\/clubdepoesia.com\/ciaragiannetti\/wp-json\/wp\/v2\/pages"}],"about":[{"href":"https:\/\/clubdepoesia.com\/ciaragiannetti\/wp-json\/wp\/v2\/types\/page"}],"author":[{"embeddable":true,"href":"https:\/\/clubdepoesia.com\/ciaragiannetti\/wp-json\/wp\/v2\/users\/24"}],"replies":[{"embeddable":true,"href":"https:\/\/clubdepoesia.com\/ciaragiannetti\/wp-json\/wp\/v2\/comments?post=6"}],"version-history":[{"count":0,"href":"https:\/\/clubdepoesia.com\/ciaragiannetti\/wp-json\/wp\/v2\/pages\/6\/revisions"}],"wp:attachment":[{"href":"https:\/\/clubdepoesia.com\/ciaragiannetti\/wp-json\/wp\/v2\/media?parent=6"}],"curies":[{"name":"wp","href":"https:\/\/api.w.org\/{rel}","templated":true}]}}