{"id":7,"date":"2016-01-24T17:31:30","date_gmt":"2016-01-24T17:31:30","guid":{"rendered":"http:\/\/clubdepoesia.com\/carmenlarrinaga\/?page_id=7"},"modified":"2026-04-22T16:45:58","modified_gmt":"2026-04-22T16:45:58","slug":"carmen-larrinaga-escritora-poeta","status":"publish","type":"page","link":"https:\/\/clubdepoesia.com\/carmenlarrinaga\/","title":{"rendered":"Carmen L\u00e1rrinaga &#8211; Escritora"},"content":{"rendered":"<div class=\"wpb-content-wrapper\">[vc_row][vc_column extend=&#8221;false&#8221;][vc_column_text css=&#8221;.vc_custom_1502394839462{margin-top: -30000px !important;}&#8221;]<span style=\"text-decoration: underline;\"><em><strong>Carmen Larrinaga es el escritor de <\/strong><\/em><em><strong><a href=\"https:\/\/clubdepoesia.com\/carmenlarrinaga\/bach-la-lampara-amarilla\/\">Bach o la lampara amarilla<\/a>.\u00a0<\/strong><\/em><strong><em>Carmen Larrinaga acaba de <a href=\"http:\/\/publicarunlibro.pro\">publicar un libro<\/a> de poes\u00eda con la Editorial Poes\u00eda eres t\u00fa<\/em><\/strong><\/span><\/p>\n<h1><img fetchpriority=\"high\" decoding=\"async\" class=\"aligncenter size-full wp-image-66\" src=\"https:\/\/clubdepoesia.com\/carmenlarrinaga\/files\/2016\/01\/0portadaBachWeb.jpg\" alt=\"Carmen Larrinaga es el escritor de Bach o la lampara amarilla. Carmen Larrinaga acaba de publicar un libro: Bach o la lampara amarilla de poes\u00eda con la Editorial Poes\u00eda eres t\u00fa\" width=\"561\" height=\"795\" srcset=\"https:\/\/clubdepoesia.com\/carmenlarrinaga\/files\/2016\/01\/0portadaBachWeb.jpg 561w, https:\/\/clubdepoesia.com\/carmenlarrinaga\/files\/2016\/01\/0portadaBachWeb-212x300.jpg 212w, https:\/\/clubdepoesia.com\/carmenlarrinaga\/files\/2016\/01\/0portadaBachWeb-500x709.jpg 500w\" sizes=\"(max-width: 561px) 100vw, 561px\" \/><\/h1>\n<p>&nbsp;<\/p>\n<h1><em><strong>Carmen Larrinaga es el escritor de <\/strong><\/em><em><strong><a href=\"https:\/\/clubdepoesia.com\/carmenlarrinaga\/bach-la-lampara-amarilla\/\">Bach o la lampara amarilla<\/a>.\u00a0<\/strong><\/em><strong><em>Carmen Larrinaga acaba de <a href=\"http:\/\/publicarunlibro.pro\">publicar un libro<\/a> de poes\u00eda con la Editorial Poes\u00eda eres t\u00fa<\/em><\/strong><\/h1>\n<h2><span style=\"text-decoration: underline;\"><em><strong>Carmen Larrinaga es el escritor de <\/strong><\/em><em><strong><a href=\"https:\/\/clubdepoesia.com\/carmenlarrinaga\/bach-la-lampara-amarilla\/\">Bach o la lampara amarilla<\/a>.\u00a0<\/strong><\/em><strong><em>Carmen Larrinaga acaba de <a href=\"http:\/\/publicarunlibro.pro\">publicar un libro<\/a> de poes\u00eda con la Editorial Poes\u00eda eres t\u00fa<\/em><\/strong><\/span><\/h2>\n<h3><span style=\"text-decoration: underline;\"><em><strong>Carmen Larrinaga es el escritor de <\/strong><\/em><em><a href=\"https:\/\/clubdepoesia.com\/carmenlarrinaga\/bach-la-lampara-amarilla\/\"><strong>Bach o la lampara amarilla<\/strong><\/a><\/em><em><strong>.\u00a0<\/strong><\/em><em><strong>Carmen Larrinaga <\/strong><\/em><em><strong>acaba de <a href=\"http:\/\/publicarunlibro.xyz\">publicar un libro<\/a> de poes\u00eda con la Editorial Poes\u00eda eres t\u00fa<\/strong><\/em><\/span><\/h3>\n<h3><span style=\"text-decoration: underline;\"><em><strong>Carmen Larrinaga es el escritor de <\/strong><\/em><em><strong><a href=\"https:\/\/clubdepoesia.com\/carmenlarrinaga\/bach-la-lampara-amarilla\/\">Bach o la lampara amarilla<\/a>.\u00a0<\/strong><\/em><em><strong>Carmen Larrinaga <\/strong><\/em><em><strong>acaba de <a href=\"http:\/\/publicarunlibro.info\">publicar un libro<\/a> de poes\u00eda con la Editorial Poes\u00eda eres t\u00fa<\/strong><\/em><\/span><\/h3>\n<p>&nbsp;<\/p>\n<p><span style=\"text-decoration: underline;\"><em><strong>El <a href=\"http:\/\/grupoeditorialperezayala.com\">Grupo Editorial P\u00e9rez-Ayala<\/a>, est\u00e1 formado por los siguientes sellos <a href=\"http:\/\/editorialpoesia.com\" target=\"_blank\" rel=\"noopener noreferrer\">editoriales<\/a>: <a href=\"http:\/\/poesiaerestu.com\" target=\"_blank\" rel=\"noopener noreferrer\">Editorial Poes\u00eda eres t\u00fa<\/a>, <a href=\"http:\/\/edicionesrilke.com\" target=\"_blank\" rel=\"noopener noreferrer\">Ediciones Rilke<\/a> <a href=\"http:\/\/editorialpoesia.com\" target=\"_blank\" rel=\"noopener noreferrer\">Editorial poes\u00eda<\/a>, <a href=\"http:\/\/editorial.org.es\" target=\"_blank\" rel=\"noopener noreferrer\">Editorial<\/a> <a href=\"http:\/\/edicionesamaniel.com\" target=\"_blank\" rel=\"noopener noreferrer\">Ediciones Amaniel<\/a>, <a href=\"http:\/\/editorial.org.es\" target=\"_blank\" rel=\"noopener noreferrer\">Editorial<\/a> <a href=\"http:\/\/edicionesazorin.com\" target=\"_blank\" rel=\"noopener noreferrer\">Ediciones Azor\u00edn un sello regional para Alicante y Murcia<\/a>.<\/strong><\/em><\/span><\/p>\n<p><span style=\"text-decoration: underline;\"><em><strong>Para ayudar a la promoci\u00f3n de los libros contamos con diferentes plataformas en internet como <a href=\"http:\/\/poesiatv.com\" target=\"_blank\" rel=\"noopener noreferrer\">Poes\u00eda Televisi\u00f3n<\/a>, <a href=\"http:\/\/librodepoesia.com\" target=\"_blank\" rel=\"noopener noreferrer\">libro de poes\u00eda<\/a>, Club de poes\u00eda, Blog de escritor, Blog de poes\u00eda, <a href=\"https:\/\/agenciadellibro.com\" target=\"_blank\" rel=\"noopener noreferrer\">Agencia del libro<\/a>, Plataforma IV Centenario, Primer centenario, Nuestras librerias, <a href=\"http:\/\/publicarlibro.com.es\" target=\"_blank\" rel=\"noopener noreferrer\">Publicar libro<\/a> &#8211; <a href=\"http:\/\/publicarlibro.es\" target=\"_blank\" rel=\"noopener noreferrer\">Publicar un libro<\/a>, Revista Poes\u00eda eres t\u00fa, Antolog\u00edas po\u00e9ticas, <a href=\"http:\/\/poesiapoetas.com\" target=\"_blank\" rel=\"noopener noreferrer\">Poes\u00eda y poetas<\/a>, Gloria Fuertes, Blas de Otero, Rub\u00e9n Dar\u00edo<\/strong><\/em><\/span><\/p>\n<p><span style=\"text-decoration: underline;\"><em><strong>Trabajamos con distribuidoras de libros que acercan los libros a las librer\u00edas, pero contamos tambi\u00e9n con las siguientes librerias de apoyo en internet para que ning\u00fan lector se quede sin su <a href=\"http:\/\/librodepoesia.com\" target=\"_blank\" rel=\"noopener noreferrer\">libro de poes\u00eda<\/a>: Libreria GEPA, Libreria Website, La librer\u00eda del escritor, El rinc\u00f3n de los libros.<\/strong><\/em><\/span><\/p>\n<p><span style=\"text-decoration: underline;\"><em><strong>As\u00ed mismo colaboramos con la <a href=\"http:\/\/editorespoesia.com\">Asociaci\u00f3n de editores de poes\u00eda<\/a> y la <a href=\"http:\/\/escritoresycriticos.com\" target=\"_blank\" rel=\"noopener noreferrer\">Asociaci\u00f3n Madrile\u00f1a de escritores y cr\u00edticos literarios<\/a> (<a href=\"http:\/\/escritoresycriticos.com\" target=\"_blank\" rel=\"noopener noreferrer\">Cr\u00edtica de Madrid<\/a>).<\/strong><\/em><\/span><\/p>\n<p><span style=\"text-decoration: underline;\"><em><strong>Trabajamos con varias imprentas y contamos con nuestra propia <a href=\"http:\/\/artesgraficas.info\/\">imprenta<\/a> Herederos de Izquierdo y Madrid impresores.<\/strong><\/em><\/span><\/p>\n<p><span style=\"text-decoration: underline;\"><em><strong>Puedes conocernos en nuestra p\u00e1gina del Grupo Editorial. Contamos con una sede en Madrid y otra en Jumilla (Murcia)<\/strong><\/em><\/span><\/p>\n<p><span style=\"text-decoration: underline;\"><em><strong>Somos especialitas en la edici\u00f3n del <a href=\"http:\/\/libropoesia.com\/\" target=\"_blank\" rel=\"noopener noreferrer\">libro de poes\u00eda<\/a><\/strong><\/em><\/span>[\/vc_column_text][\/vc_column][\/vc_row][vc_row a_image_on=&#8221;&#8221; a_video_on=&#8221;&#8221; a_overlay_on=&#8221;&#8221; a_parallax_on=&#8221;&#8221; a_sep_on=&#8221;&#8221; a_full_height_on=&#8221;&#8221; offset_left=&#8221;&#8221; offset_right=&#8221;&#8221; margin_top=&#8221;&#8221; vcop_row_name=&#8221;uno&#8221; css=&#8221;.vc_custom_1776874435072{margin-top: 0px !important;margin-right: 0px !important;margin-bottom: 0px !important;margin-left: 0px !important;border-top-width: 0px !important;border-right-width: 0px !important;border-bottom-width: 0px !important;border-left-width: 0px !important;padding-top: 0px !important;padding-right: 0px !important;padding-bottom: 0px !important;padding-left: 0px !important;}&#8221; extend=&#8221;false&#8221; row_title=&#8221;&#8221; min_height=&#8221;&#8221; rtl_reverse=&#8221;&#8221; css_animation=&#8221;&#8221; bg_type=&#8221;&#8221; bg_grad=&#8221;&#8221; bg_color_value=&#8221;&#8221; parallax_style=&#8221;&#8221; bg_image_new=&#8221;&#8221; layer_image=&#8221;&#8221; bg_image_repeat=&#8221;&#8221; bg_image_size=&#8221;&#8221; bg_cstm_size=&#8221;&#8221; bg_img_attach=&#8221;&#8221; parallax_sense=&#8221;&#8221; bg_image_posiiton=&#8221;&#8221; animation_direction=&#8221;&#8221; animation_repeat=&#8221;&#8221; video_url=&#8221;&#8221; video_url_2=&#8221;&#8221; u_video_url=&#8221;&#8221; video_opts=&#8221;&#8221; video_poster=&#8221;&#8221; u_start_time=&#8221;&#8221; u_stop_time=&#8221;&#8221; viewport_vdo=&#8221;&#8221; enable_controls=&#8221;&#8221; controls_color=&#8221;&#8221; bg_override=&#8221;&#8221; disable_on_mobile_img_parallax=&#8221;&#8221; parallax_content=&#8221;&#8221; parallax_content_sense=&#8221;&#8221; fadeout_row=&#8221;&#8221; fadeout_start_effect=&#8221;&#8221; enable_overlay=&#8221;&#8221; overlay_color=&#8221;&#8221; overlay_pattern=&#8221;&#8221; overlay_pattern_opacity=&#8221;&#8221; overlay_pattern_size=&#8221;&#8221; overlay_pattern_attachment=&#8221;&#8221; multi_color_overlay=&#8221;&#8221; multi_color_overlay_opacity=&#8221;&#8221; seperator_enable=&#8221;&#8221; seperator_type=&#8221;&#8221; seperator_position=&#8221;&#8221; seperator_shape_size=&#8221;&#8221; seperator_svg_height=&#8221;&#8221; seperator_shape_background=&#8221;&#8221; seperator_shape_border=&#8221;&#8221; seperator_shape_border_color=&#8221;&#8221; seperator_shape_border_width=&#8221;&#8221; icon_type=&#8221;&#8221; icon=&#8221;&#8221; icon_size=&#8221;&#8221; icon_color=&#8221;&#8221; icon_style=&#8221;&#8221; icon_color_bg=&#8221;&#8221; icon_border_style=&#8221;&#8221; icon_color_border=&#8221;&#8221; icon_border_size=&#8221;&#8221; icon_border_radius=&#8221;&#8221; icon_border_spacing=&#8221;&#8221; icon_img=&#8221;&#8221; img_width=&#8221;&#8221; ult_hide_row=&#8221;&#8221; ult_hide_row_large_screen=&#8221;&#8221; ult_hide_row_desktop=&#8221;&#8221; ult_hide_row_tablet=&#8221;&#8221; ult_hide_row_tablet_small=&#8221;&#8221; ult_hide_row_mobile=&#8221;&#8221; ult_hide_row_mobile_large=&#8221;&#8221; notification=&#8221;&#8221; full_width=&#8221;&#8221; equal_height=&#8221;&#8221; content_placement=&#8221;&#8221; design__empty_1=&#8221;&#8221; full_height=&#8221;&#8221; columns_placement=&#8221;top&#8221; background=&#8221;&#8221; background_image_type=&#8221;static&#8221; background_image__effect=&#8221;&#8221; bg_size=&#8221;initial&#8221; bg_position=&#8221;center-center&#8221; row_bg_image=&#8221;&#8221; bg_repeat=&#8221;no-repeat&#8221; background_image_type__bg_color=&#8221;rgba(255, 255, 255, 1)&#8221; row_bg_parallax_images=&#8221;&#8221; row_bg_slideshow_images=&#8221;&#8221; background_video_type=&#8221;youtube&#8221; background_video__youtube__url=&#8221;&#8221; background_video__youtube__parallax=&#8221;&#8221; background_video__youtube__options=&#8221;&#8221; background_video__youtube__fallback_image=&#8221;&#8221; background_video__hosted__mp4=&#8221;&#8221; background_video__hosted__webm=&#8221;&#8221; background_video__hosted__ogv=&#8221;&#8221; background_video__hosted__parallax=&#8221;&#8221; background_video__hosted__options=&#8221;&#8221; background_video__hosted__fallback_image=&#8221;&#8221; background_color_type=&#8221;color&#8221; bg__empty_1=&#8221;&#8221; background_color_type__gradient_color1=&#8221;rgba(44, 74, 228, 1)&#8221; background_color_type__gradient_color2=&#8221;rgba(44, 74, 228, 1)&#8221; background_color_type__color_color1=&#8221;rgba(44, 74, 228, 1)&#8221; bg__empty_2=&#8221;&#8221; background_color__effect=&#8221;&#8221; background_color__direction=&#8221;left-to-right&#8221; parallax=&#8221;&#8221; parallax_speed_bg=&#8221;1.5&#8243; parallax_image=&#8221;&#8221; video_bg=&#8221;&#8221; video_bg_url=&#8221;https:\/\/www.youtube.com\/watch?v=lMJXxhRFO1k&#8221; video_bg_parallax=&#8221;&#8221; el_id=&#8221;&#8221; gap=&#8221;0&#8243; disable_element=&#8221;yes&#8221; settings__tag_1=&#8221;&#8221; viewport_lg=&#8221;&#8221; viewport_md=&#8221;&#8221; viewport_sm=&#8221;&#8221; viewport_xs=&#8221;&#8221; settings__empty_1=&#8221;&#8221; el_class=&#8221;&#8221; version=&#8221;1&#8243;][vc_column extend=&#8221;false&#8221;][layerslider_vc id=&#8221;1&#8243;][\/vc_column][\/vc_row][vc_row a_image_on=&#8221;&#8221; a_video_on=&#8221;&#8221; a_overlay_on=&#8221;&#8221; a_parallax_on=&#8221;&#8221; a_sep_on=&#8221;&#8221; a_full_height_on=&#8221;&#8221; offset_left=&#8221;&#8221; offset_right=&#8221;&#8221; margin_top=&#8221;&#8221; css=&#8221;.vc_custom_1453659021015{margin-top: 0px !important;margin-right: 0px !important;margin-bottom: 0px !important;margin-left: 0px !important;border-top-width: 0px !important;border-right-width: 0px !important;border-bottom-width: 0px !important;border-left-width: 0px !important;padding-top: 0px !important;padding-right: 0px !important;padding-bottom: 0px !important;padding-left: 0px !important;background-color: #b44531 !important;}&#8221;][vc_column extend=&#8221;false&#8221; width=&#8221;1\/2&#8243;]<div class='gambit_parallax_row' data-bg-align='right' data-direction='down' data-opacity='100' data-velocity='-0.3' data-mobile-enabled='' data-bg-height='900' data-bg-width='1175' data-bg-image='https:\/\/clubdepoesia.com\/carmenlarrinaga\/files\/2016\/01\/122.jpg' data-bg-repeat='false' data-id='' style='display: none'><\/div><div class=\"gambit_fullheight_row\" data-content-location=\"top\" style=\"display: none\"><\/div>[\/vc_column][vc_column extend=&#8221;false&#8221; width=&#8221;1\/2&#8243;]<div class=\"gambit_fullheight_row\" data-content-location=\"top\" style=\"display: none\"><\/div><div class='gambit_background_row' style='background-image: url(https:\/\/clubdepoesia.com\/carmenlarrinaga\/files\/2016\/01\/Fotolia_91335184_XL-Medium.jpg);background-size: cover;background-position: center;'><\/div>[\/vc_column][\/vc_row][vc_row full_height=&#8221;yes&#8221; type_background=&#8221;parallax&#8221; background_pattern=&#8221;on&#8221; background_pattern_type=&#8221;color&#8221; background_pattern_color=&#8221;rgba(0,0,0,0.22)&#8221; vcop_height_row=&#8221;vcop_full&#8221; vcop_padding=&#8221;vcop_padding_null&#8221; responsive_mode=&#8221;true&#8221; a_image_on=&#8221;&#8221; a_video_on=&#8221;&#8221; a_overlay_on=&#8221;&#8221; a_parallax_on=&#8221;&#8221; a_sep_on=&#8221;&#8221; a_full_height_on=&#8221;&#8221; offset_left=&#8221;&#8221; offset_right=&#8221;&#8221; margin_top=&#8221;&#8221; vcop_row_name=&#8221;Tres&#8221; vcop_parallax_image=&#8221;377&#8243; css=&#8221;.vc_custom_1453658938616{padding-top: 200px !important;padding-right: 200px !important;padding-bottom: 200px !important;padding-left: 200px !important;background-color: #b44531 !important;}&#8221;][vc_column extend=&#8221;false&#8221; css=&#8221;.vc_custom_1776875545447{background-color: #FFFFFF !important;}&#8221; el_class=&#8221;&#8221; version=&#8221;1&#8243;][vc_column_text css=&#8221;&#8221;]\n<h2 id=\"la-lmpara-que-se-encendi-en-el-silencio\" class=\"font-editorial font-bold mb-2 mt-4 [.has-inline-images_&amp;]:clear-end text-base first:mt-0\">La l\u00e1mpara que se encendi\u00f3 en el silencio<\/h2>\n<p class=\"my-2 [&amp;+p]:mt-4 [&amp;_strong:has(+br)]:inline-block [&amp;_strong:has(+br)]:pb-2\">Hay escrituras que nacen del ruido y escrituras que nacen del silencio. Carmen Larrinaga Aldanondo, poeta vasca afincada en Mallorca, pertenece a las segundas:\u00a0<em>Bach o la l\u00e1mpara amarilla<\/em>\u00a0\u2014su primer poemario publicado, editado por Editorial Poes\u00eda eres t\u00fa en 2016\u2014 no existir\u00eda sin diez d\u00edas de retiro de meditaci\u00f3n Vipassana que precedieron a su escritura. Esos d\u00edas de silencio absoluto no son el tema del libro; son su condici\u00f3n de posibilidad. Son el aceite que permite que la mecha arda.<\/p>\n<p class=\"my-2 [&amp;+p]:mt-4 [&amp;_strong:has(+br)]:inline-block [&amp;_strong:has(+br)]:pb-2\">Antes de encenderse en Mallorca, la mecha estuvo en el norte. Nacida en Ond\u00e1rroa, localidad marinera de Vizcaya donde el mar no es s\u00edmbolo sino hecho f\u00edsico y cotidiano, Larrinaga arrastra en su escritura algo de esa dureza costera: im\u00e1genes que no se ablandan, que resisten la interpretaci\u00f3n f\u00e1cil. La revista po\u00e9tica\u00a0<em>Zurgai<\/em>, de Bilbao \u2014una de las publicaciones de referencia de la poes\u00eda vasca en castellano\u2014, acogi\u00f3 sus primeras colaboraciones literarias, junto a\u00a0<em>Litoral<\/em>,\u00a0<em>La Bolsa de Pipas<\/em>\u00a0de Mallorca y la monograf\u00eda\u00a0<em>Literatura y Mujer<\/em>, donde su trabajo apareci\u00f3 al lado de las poetas Julia Otxoa y Luisa Etxenique. Son coordenadas que trazan un recorrido: del cant\u00e1brico al mediterr\u00e1neo, del norte al sur, de la dureza al calor, sin perder en ning\u00fan momento la exigencia de la mirada.<\/p>\n<p class=\"my-2 [&amp;+p]:mt-4 [&amp;_strong:has(+br)]:inline-block [&amp;_strong:has(+br)]:pb-2\">La isla de Mallorca no es para Larrinaga un escenario ni un decorado: es el lugar donde el tiempo cambia de textura. En\u00a0<em>Bach o la l\u00e1mpara amarilla<\/em>\u00a0\u2014sesenta y nueve poemas organizados en dos bloques,\u00a0<em>Poemas a Marc desde Mallorca<\/em>\u00a0y\u00a0<em>Poemas del tubo de la rueda<\/em>\u2014 Mallorca aparece como espacio donde la luz mediterr\u00e1nea convierte los objetos cotidianos en objetos reveladores: una jarra de agua, una blusa amarilla sujeta a un cordel, el sombrero de Van Gogh mencionado de pasada en una habitaci\u00f3n. No hay paisajismo: hay atenci\u00f3n. Y la atenci\u00f3n es el m\u00fasculo que Vipassana entrena. Mientras \u00e9l duerme, ella escribe inocencias que nacen de su costado: un verso que describe con precisi\u00f3n no solo lo que ocurre en el poema, sino c\u00f3mo escribe quien lo firma. La vigilia creativa como pr\u00e1ctica espiritual.<\/p>\n<p class=\"my-2 [&amp;+p]:mt-4 [&amp;_strong:has(+br)]:inline-block [&amp;_strong:has(+br)]:pb-2\">El libro declara desde la portada una deuda con Bach \u2014el compositor que entendi\u00f3 el silencio entre las notas como parte de la m\u00fasica\u2014 y la convierte en cifra de la relaci\u00f3n que articula la primera parte: Marc no es un retrato, es una l\u00e1mpara. Alguien cuya presencia irradia sin que el poema intente poseerlo. El libro, en palabras de su propia autora, no es una confesi\u00f3n sentimental ni los poemas est\u00e1n extra\u00eddos de un sue\u00f1o: son el resultado de penetrar en una aventura personal distanci\u00e1ndose de las emociones, celebrando la amistad en el amor. Esa distancia \u2014que en poes\u00eda contempor\u00e1nea es extraordinariamente dif\u00edcil de sostener sin caer en la frialdad o en el exhibicionismo\u2014 define la singularidad de su voz frente a sus contempor\u00e1neas. No llora, no acusa, no explica. Observa. Y en esa observaci\u00f3n convoca el mundo entero: cactus mineral, aguas de Narvick, orqu\u00eddeas, bosques, playa de las Salinas en Ibiza, el puerto de Estellens.<\/p>\n<p class=\"my-2 [&amp;+p]:mt-4 [&amp;_strong:has(+br)]:inline-block [&amp;_strong:has(+br)]:pb-2\">La segunda parte del libro,\u00a0<em>Poemas del tubo de la rueda<\/em>, abandona la figura de Marc para entrar en un territorio m\u00e1s fragmentario y aut\u00f3nomo, donde las im\u00e1genes se suceden con la l\u00f3gica de los sue\u00f1os sin serlo. Aqu\u00ed la tradici\u00f3n con la que dialoga Larrinaga se hace m\u00e1s visible: el surrealismo depurado de Octavio Paz \u2014cuya cita encabeza el poemario junto a Rimbaud\u2014 y la poes\u00eda de los sentidos de la experiencia espa\u00f1ola de los a\u00f1os setenta, actualizada desde la conciencia meditativa. Hay en estos poemas una exuberancia sensorial que no se contradice con el silencio aprendido: al contrario, lo necesita. Solo quien ha vaciado puede llenarse de ese modo.<\/p>\n<p class=\"my-2 [&amp;+p]:mt-4 [&amp;_strong:has(+br)]:inline-block [&amp;_strong:has(+br)]:pb-2\">Una l\u00e1mpara no da luz permanentemente: necesita quien la sostenga. Carmen Larrinaga Aldanondo ha aprendido a sostenerla en la oscuridad.<\/p>\n[\/vc_column_text][\/vc_column][\/vc_row][vc_row a_image_on=&#8221;&#8221; a_video_on=&#8221;&#8221; a_overlay_on=&#8221;&#8221; a_parallax_on=&#8221;&#8221; a_sep_on=&#8221;&#8221; a_full_height_on=&#8221;&#8221; offset_left=&#8221;&#8221; offset_right=&#8221;&#8221; margin_top=&#8221;&#8221; css=&#8221;.vc_custom_1448880093128{margin: 0px !important;border-width: 0px !important;padding: 0px !important;}&#8221;][vc_column extend=&#8221;false&#8221;]<div class=\"gambit_fullheight_row\" data-content-location=\"top\" style=\"display: none\"><\/div><div class='gambit_background_row' style='background-image: url(https:\/\/clubdepoesia.com\/carmenlarrinaga\/files\/2016\/01\/79.jpg);background-size: cover;background-position: center;'><\/div>[\/vc_column][\/vc_row][vc_row vcop_padding=&#8221;vcop_padding_null&#8221; responsive_mode=&#8221;true&#8221; a_image_on=&#8221;&#8221; a_video_on=&#8221;&#8221; a_overlay_on=&#8221;&#8221; a_parallax_on=&#8221;&#8221; a_sep_on=&#8221;&#8221; a_full_height_on=&#8221;&#8221; offset_left=&#8221;&#8221; offset_right=&#8221;&#8221; margin_top=&#8221;&#8221; css=&#8221;.vc_custom_1453658958099{margin-top: 0px !important;margin-bottom: 0px !important;border-top-width: 0px !important;border-bottom-width: 0px !important;padding-top: 100px !important;padding-right: 100px !important;padding-bottom: 100px !important;padding-left: 100px !important;background-color: #b44531 !important;}&#8221; vcop_row_name=&#8221;AboutUs&#8221;][vc_column extend=&#8221;false&#8221; width=&#8221;1\/3&#8243;][\/vc_column][vc_column extend=&#8221;false&#8221; width=&#8221;1\/3&#8243;][vc_column_text css=&#8221;&#8221;]Nac\u00ed en Ond\u00e1rroa (Vizcaya) y actualmente resido en la isla de Mallorca.<\/p>\n<p>He colaborado literariamente en la revista po\u00e9tica Zurgai de Bilbao, en Litoral, La Bolsa de Pipas de Mallorca y en Literatura y Mujer en una monograf\u00eda po\u00e9tica junto con Julia Otxoa y Luisa Etxenique. Gan\u00e9 un primer premio en cuento infantil en &#8220;yoescribo.com&#8221; de Baleares en Agosto del 2005 con el cuento &#8220;Oj\u00fa&#8221;.<\/p>\n<p>Este libro se escribi\u00f3 en tres meses a partir de un retiro de meditaci\u00f3n Vipassana de diez d\u00edas. Mi experiencia personal en la meditaci\u00f3n de silencio ha contribuido enormemente a la culminaci\u00f3n de esta obra.[\/vc_column_text][\/vc_column][vc_column extend=&#8221;false&#8221; width=&#8221;1\/3&#8243;][\/vc_column][\/vc_row][vc_row a_image_on=&#8221;&#8221; a_video_on=&#8221;&#8221; a_overlay_on=&#8221;&#8221; a_parallax_on=&#8221;&#8221; a_sep_on=&#8221;&#8221; a_full_height_on=&#8221;&#8221; offset_left=&#8221;&#8221; offset_right=&#8221;&#8221; margin_top=&#8221;&#8221; css=&#8221;.vc_custom_1448880273506{margin-top: 0px !important;margin-right: 0px !important;margin-bottom: 0px !important;margin-left: 0px !important;border-top-width: 0px !important;border-right-width: 0px !important;border-bottom-width: 0px !important;border-left-width: 0px !important;padding-top: 0px !important;padding-right: 0px !important;padding-bottom: 0px !important;padding-left: 0px !important;}&#8221;][vc_column extend=&#8221;false&#8221;]<div class=\"gambit_fullheight_row\" data-content-location=\"top\" style=\"display: none\"><\/div><div class='gambit_background_row' style='background-image: url(https:\/\/clubdepoesia.com\/carmenlarrinaga\/files\/2016\/01\/82.jpg);background-size: cover;background-position: center;'><\/div>[\/vc_column][\/vc_row][vc_row full_height=&#8221;yes&#8221; type_background=&#8221;parallax&#8221; background_pattern=&#8221;on&#8221; background_pattern_type=&#8221;color&#8221; background_pattern_color=&#8221;rgba(0,0,0,0.22)&#8221; vcop_height_row=&#8221;vcop_full&#8221; vcop_padding=&#8221;vcop_padding_null&#8221; responsive_mode=&#8221;true&#8221; a_image_on=&#8221;&#8221; a_video_on=&#8221;&#8221; a_overlay_on=&#8221;&#8221; a_parallax_on=&#8221;&#8221; a_sep_on=&#8221;&#8221; a_full_height_on=&#8221;&#8221; offset_left=&#8221;&#8221; offset_right=&#8221;&#8221; margin_top=&#8221;&#8221; vcop_row_name=&#8221;Tres&#8221; vcop_parallax_image=&#8221;377&#8243; css=&#8221;.vc_custom_1776874375361{margin-top: 0px !important;margin-right: 0px !important;margin-bottom: 0px !important;margin-left: 0px !important;border-top-width: 0px !important;border-right-width: 0px !important;border-bottom-width: 0px !important;border-left-width: 0px !important;padding-top: 200px !important;padding-right: 200px !important;padding-bottom: 200px !important;padding-left: 200px !important;background-color: #b44531 !important;}&#8221; extend=&#8221;false&#8221; row_title=&#8221;&#8221; min_height=&#8221;&#8221; rtl_reverse=&#8221;&#8221; css_animation=&#8221;&#8221; bg_type=&#8221;&#8221; bg_grad=&#8221;&#8221; bg_color_value=&#8221;&#8221; parallax_style=&#8221;&#8221; bg_image_new=&#8221;&#8221; layer_image=&#8221;&#8221; bg_image_repeat=&#8221;&#8221; bg_image_size=&#8221;&#8221; bg_cstm_size=&#8221;&#8221; bg_img_attach=&#8221;&#8221; parallax_sense=&#8221;&#8221; bg_image_posiiton=&#8221;&#8221; animation_direction=&#8221;&#8221; animation_repeat=&#8221;&#8221; video_url=&#8221;&#8221; video_url_2=&#8221;&#8221; u_video_url=&#8221;&#8221; video_opts=&#8221;&#8221; video_poster=&#8221;&#8221; u_start_time=&#8221;&#8221; u_stop_time=&#8221;&#8221; viewport_vdo=&#8221;&#8221; enable_controls=&#8221;&#8221; controls_color=&#8221;&#8221; bg_override=&#8221;&#8221; disable_on_mobile_img_parallax=&#8221;&#8221; parallax_content=&#8221;&#8221; parallax_content_sense=&#8221;&#8221; fadeout_row=&#8221;&#8221; fadeout_start_effect=&#8221;&#8221; enable_overlay=&#8221;&#8221; overlay_color=&#8221;&#8221; overlay_pattern=&#8221;&#8221; overlay_pattern_opacity=&#8221;&#8221; overlay_pattern_size=&#8221;&#8221; overlay_pattern_attachment=&#8221;&#8221; multi_color_overlay=&#8221;&#8221; multi_color_overlay_opacity=&#8221;&#8221; seperator_enable=&#8221;&#8221; seperator_type=&#8221;&#8221; seperator_position=&#8221;&#8221; seperator_shape_size=&#8221;&#8221; seperator_svg_height=&#8221;&#8221; seperator_shape_background=&#8221;&#8221; seperator_shape_border=&#8221;&#8221; seperator_shape_border_color=&#8221;&#8221; seperator_shape_border_width=&#8221;&#8221; icon_type=&#8221;&#8221; icon=&#8221;&#8221; icon_size=&#8221;&#8221; icon_color=&#8221;&#8221; icon_style=&#8221;&#8221; icon_color_bg=&#8221;&#8221; icon_border_style=&#8221;&#8221; icon_color_border=&#8221;&#8221; icon_border_size=&#8221;&#8221; icon_border_radius=&#8221;&#8221; icon_border_spacing=&#8221;&#8221; icon_img=&#8221;&#8221; img_width=&#8221;&#8221; ult_hide_row=&#8221;&#8221; ult_hide_row_large_screen=&#8221;&#8221; ult_hide_row_desktop=&#8221;&#8221; ult_hide_row_tablet=&#8221;&#8221; ult_hide_row_tablet_small=&#8221;&#8221; ult_hide_row_mobile=&#8221;&#8221; ult_hide_row_mobile_large=&#8221;&#8221; notification=&#8221;&#8221; full_width=&#8221;&#8221; equal_height=&#8221;&#8221; content_placement=&#8221;&#8221; design__empty_1=&#8221;&#8221; columns_placement=&#8221;top&#8221; background=&#8221;&#8221; background_image_type=&#8221;static&#8221; background_image__effect=&#8221;&#8221; bg_size=&#8221;initial&#8221; bg_position=&#8221;center-center&#8221; row_bg_image=&#8221;&#8221; bg_repeat=&#8221;no-repeat&#8221; background_image_type__bg_color=&#8221;rgba(255, 255, 255, 1)&#8221; row_bg_parallax_images=&#8221;&#8221; row_bg_slideshow_images=&#8221;&#8221; background_video_type=&#8221;youtube&#8221; background_video__youtube__url=&#8221;&#8221; background_video__youtube__parallax=&#8221;&#8221; background_video__youtube__options=&#8221;&#8221; background_video__youtube__fallback_image=&#8221;&#8221; background_video__hosted__mp4=&#8221;&#8221; background_video__hosted__webm=&#8221;&#8221; background_video__hosted__ogv=&#8221;&#8221; background_video__hosted__parallax=&#8221;&#8221; background_video__hosted__options=&#8221;&#8221; background_video__hosted__fallback_image=&#8221;&#8221; background_color_type=&#8221;color&#8221; bg__empty_1=&#8221;&#8221; background_color_type__gradient_color1=&#8221;rgba(44, 74, 228, 1)&#8221; background_color_type__gradient_color2=&#8221;rgba(44, 74, 228, 1)&#8221; background_color_type__color_color1=&#8221;rgba(44, 74, 228, 1)&#8221; bg__empty_2=&#8221;&#8221; background_color__effect=&#8221;&#8221; background_color__direction=&#8221;left-to-right&#8221; parallax=&#8221;&#8221; parallax_speed_bg=&#8221;1.5&#8243; parallax_image=&#8221;&#8221; video_bg=&#8221;&#8221; video_bg_url=&#8221;https:\/\/www.youtube.com\/watch?v=lMJXxhRFO1k&#8221; video_bg_parallax=&#8221;&#8221; el_id=&#8221;&#8221; gap=&#8221;0&#8243; disable_element=&#8221;yes&#8221; settings__tag_1=&#8221;&#8221; viewport_lg=&#8221;&#8221; viewport_md=&#8221;&#8221; viewport_sm=&#8221;&#8221; viewport_xs=&#8221;&#8221; settings__empty_1=&#8221;&#8221; el_class=&#8221;&#8221; version=&#8221;1&#8243;][vc_column extend=&#8221;false&#8221;][vc_column_text][vcop_heading vcop_heading_text=&#8221;Carmen L\u00e1rrinaga A.&#8221; vcop_heading_text_color=&#8221;#c2b8a8&#8243;][vcop_space vcop_height=&#8221;70px&#8221;][row_scroll entrance=&#8221;content-fly-left&#8221; exit=&#8221;none&#8221;]<div id=\"uvc-type-wrap-4961\"  data-ultimate-target='#uvc-type-wrap-4961'  data-responsive-json-new='{\"font-size\":\"desktop:24px;\",\"line-height\":\"\"}'  class=\"uvc-type-wrap  ult-adjust-bottom-margin ult-responsive  uvc-type-align-center uvc-type-no-prefix uvc-wrap-328473198569efd65c6782f\" style=\"text-align:center;\"><span id=\"typed-328473198569efd65c6782f\" class=\"ultimate-typed-main \" style=\"color:#ffffff; font-weight:normal; text-transform: unset;\"><\/span><script type=\"text\/javascript\">\n\t\t\t\t\t\tjQuery(function($){ \n\t\t\t\t\t\t\t$(document).ready(function(){\n\t\t\t\t\t\t\t\tif( typeof jQuery(\"#typed-328473198569efd65c6782f\").typed == \"function\"){\n\t\t\t\t\t\t\t\t\t$(\"#typed-328473198569efd65c6782f\").typed({\n\t\t\t\t\t\t\t\t\t\tstrings: [\"Este libro en su primera parte no es una confesi\u00f3n sentimental y los poemas no est\u00e1n extra\u00eddos de un sue\u00f1o. El libro trata de penetrar en una aventura personal distanci\u00e1ndose de las emociones, celebrando la amistad en el amor.\",\"La segunda parte del libro capta las im\u00e1genes aut\u00f3ctonas y moment\u00e1neas, llenas de sonido y significaci\u00f3n.\",\"\"],\n\t\t\t\t\t\t\t\t\t\ttypeSpeed: 1,\n\t\t\t\t\t\t\t\t\t\tbackSpeed: 1,\n\t\t\t\t\t\t\t\t\t\tstartDelay: \"200\",\n\t\t\t\t\t\t\t\t\t\tbackDelay: \"1500\",\n\t\t\t\t\t\t\t\t\t\tloop: true,\n\t\t\t\t\t\t\t\t\t\tloopCount: false,\n\t\t\t\t\t\t\t\t\t\tshowCursor: true,\n\t\t\t\t\t\t\t\t\t\tcursorChar: \"|\",\n\t\t\t\t\t\t\t\t\t\tattr: null\n\t\t\t\t\t\t\t\t\t});\n\t\t\t\t\t\t\t\t}\n\t\t\t\t\t\t\t});\n\t\t\t\t\t\t});\n\t\t\t\t\t<\/script><\/div>[vcop_space vcop_height=&#8221;70px&#8221;][\/vc_column_text][\/vc_column][\/vc_row][vc_row a_image_on=&#8221;&#8221; a_video_on=&#8221;&#8221; a_overlay_on=&#8221;&#8221; a_parallax_on=&#8221;&#8221; a_sep_on=&#8221;&#8221; a_full_height_on=&#8221;&#8221; offset_left=&#8221;&#8221; offset_right=&#8221;&#8221; margin_top=&#8221;&#8221; css=&#8221;.vc_custom_1453658997968{margin-top: 0px !important;margin-right: 0px !important;margin-bottom: -50px !important;margin-left: 0px !important;border-top-width: 0px !important;border-right-width: 0px !important;border-bottom-width: 0px !important;border-left-width: 0px !important;padding-top: 0px !important;padding-right: 0px !important;padding-bottom: 0px !important;padding-left: 0px !important;background-color: #b44531 !important;}&#8221;][vc_column extend=&#8221;false&#8221;]<div class=\"gambit_fullheight_row\" data-content-location=\"bottom\" style=\"display: none\"><\/div><div class='gambit_background_row' style='background-image: url(https:\/\/clubdepoesia.com\/carmenlarrinaga\/files\/2016\/01\/64.jpg);background-size: cover;background-position: center;'><\/div><div class=\"essb_links essb_displayed_shortcode essb_share essb_template_metro-retina essb_1198826379 print-no\" id=\"essb_displayed_shortcode_1198826379\" data-essb-postid=\"7\" data-essb-position=\"shortcode\" data-essb-button-style=\"button\" data-essb-template=\"metro-retina\" data-essb-counter-pos=\"left\" data-essb-url=\"https:\/\/clubdepoesia.com\/carmenlarrinaga\/\" data-essb-fullurl=\"https:\/\/clubdepoesia.com\/carmenlarrinaga\/\" data-essb-instance=\"1198826379\"><ul class=\"essb_links_list\"><li class=\"essb_item essb_link_facebook nolightbox essb_link_svg_icon\"> <a href=\"https:\/\/www.facebook.com\/sharer\/sharer.php?u=https%3A%2F%2Fclubdepoesia.com%2Fcarmenlarrinaga%2F&t=Carmen+L%C3%A1rrinaga+%E2%80%93+Escritora\" title=\"Share on Facebook\" onclick=\"essb.window(&#39;https:\/\/www.facebook.com\/sharer\/sharer.php?u=https%3A%2F%2Fclubdepoesia.com%2Fcarmenlarrinaga%2F&t=Carmen+L%C3%A1rrinaga+%E2%80%93+Escritora&#39;,&#39;facebook&#39;,&#39;1198826379&#39;); return false;\" target=\"_blank\" rel=\"nofollow\" class=\"nolightbox essb-s-bg-facebook essb-s-bgh-facebook essb-s-c-light essb-s-hover-effect essb-s-bg-network essb-s-bgh-network\" ><span class=\"essb_icon essb_icon_facebook\"><svg class=\"essb-svg-icon essb-svg-icon-facebook\" aria-hidden=\"true\" role=\"img\" focusable=\"false\" xmlns=\"http:\/\/www.w3.org\/2000\/svg\" width=\"16\" height=\"16\" viewBox=\"0 0 16 16\"><path d=\"M16 8.049c0-4.446-3.582-8.05-8-8.05C3.58 0-.002 3.603-.002 8.05c0 4.017 2.926 7.347 6.75 7.951v-5.625h-2.03V8.05H6.75V6.275c0-2.017 1.195-3.131 3.022-3.131.876 0 1.791.157 1.791.157v1.98h-1.009c-.993 0-1.303.621-1.303 1.258v1.51h2.218l-.354 2.326H9.25V16c3.824-.604 6.75-3.934 6.75-7.951\"><\/path><\/svg><\/span><span class=\"essb_network_name\">Facebook<\/span><\/a><\/li><li class=\"essb_item essb_link_twitter nolightbox essb_link_twitter_x essb_link_svg_icon\"> <a href=\"https:\/\/x.com\/intent\/post?text=Carmen%20L\u00e1rrinaga%20\u2013%20Escritora&amp;url=https%3A%2F%2Fclubdepoesia.com%2Fcarmenlarrinaga%2F\" title=\"Share on Twitter\" onclick=\"essb.window(&#39;https:\/\/x.com\/intent\/post?text=Carmen%20L\u00e1rrinaga%20\u2013%20Escritora&amp;url=https%3A%2F%2Fclubdepoesia.com%2Fcarmenlarrinaga%2F&#39;,&#39;twitter&#39;,&#39;1198826379&#39;); return false;\" target=\"_blank\" rel=\"nofollow\" class=\"nolightbox essb-s-bg-twitter essb-s-bgh-twitter essb-s-c-light essb-s-hover-effect essb-s-bg-network essb-s-bgh-network\" ><span class=\"essb_icon essb_icon_twitter_x\"><svg class=\"essb-svg-icon essb-svg-icon-twitter_x\" aria-hidden=\"true\" role=\"img\" focusable=\"false\" viewBox=\"0 0 24 24\"><path d=\"M18.244 2.25h3.308l-7.227 8.26 8.502 11.24H16.17l-5.214-6.817L4.99 21.75H1.68l7.73-8.835L1.254 2.25H8.08l4.713 6.231zm-1.161 17.52h1.833L7.084 4.126H5.117z\"><\/path><\/svg><\/span><span class=\"essb_network_name\">Twitter<\/span><\/a><\/li><li class=\"essb_item essb_link_pinterest nolightbox essb_link_svg_icon\"> <a href=\"#\" title=\"Share on Pinterest\" onclick=\"essb.pinterest_picker(&#39;1198826379&#39;); return false;\" target=\"_blank\" rel=\"nofollow\" class=\"nolightbox essb-s-bg-pinterest essb-s-bgh-pinterest essb-s-c-light essb-s-hover-effect essb-s-bg-network essb-s-bgh-network\" ><span class=\"essb_icon essb_icon_pinterest\"><svg class=\"essb-svg-icon essb-svg-icon-pinterest\" aria-hidden=\"true\" role=\"img\" focusable=\"false\" width=\"32\" height=\"32\" viewBox=\"0 0 32 32\" xmlns=\"http:\/\/www.w3.org\/2000\/svg\"><path d=\"M10.625 12.25c0-1.375 0.313-2.5 1.063-3.438 0.688-0.938 1.563-1.438 2.563-1.438 0.813 0 1.438 0.25 1.875 0.813s0.688 1.25 0.688 2.063c0 0.5-0.125 1.125-0.313 1.813-0.188 0.75-0.375 1.625-0.688 2.563-0.313 1-0.563 1.75-0.688 2.313-0.25 1-0.063 1.875 0.563 2.625 0.625 0.688 1.438 1.063 2.438 1.063 1.75 0 3.188-1 4.313-2.938 1.125-2 1.688-4.375 1.688-7.188 0-2.125-0.688-3.875-2.063-5.25-1.375-1.313-3.313-2-5.813-2-2.813 0-5.063 0.875-6.75 2.688-1.75 1.75-2.625 3.875-2.625 6.375 0 1.5 0.438 2.75 1.25 3.75 0.313 0.313 0.375 0.688 0.313 1.063-0.125 0.313-0.25 0.813-0.375 1.5-0.063 0.25-0.188 0.438-0.375 0.5s-0.375 0.063-0.563 0c-1.313-0.563-2.25-1.438-2.938-2.75s-1-2.813-1-4.5c0-1.125 0.188-2.188 0.563-3.313s0.875-2.188 1.625-3.188c0.75-1.063 1.688-1.938 2.688-2.75 1.063-0.813 2.313-1.438 3.875-1.938 1.5-0.438 3.125-0.688 4.813-0.688 1.813 0 3.438 0.313 4.938 0.938 1.5 0.563 2.813 1.375 3.813 2.375 1.063 1.063 1.813 2.188 2.438 3.5 0.563 1.313 0.875 2.688 0.875 4.063 0 3.75-0.938 6.875-2.875 9.313-1.938 2.5-4.375 3.688-7.375 3.688-1 0-1.938-0.188-2.813-0.688-0.875-0.438-1.5-1-1.875-1.688-0.688 2.938-1.125 4.688-1.313 5.25-0.375 1.438-1.25 3.188-2.688 5.25h-1.313c-0.25-2.563-0.188-4.688 0.188-6.375l2.438-10.313c-0.375-0.813-0.563-1.813-0.563-3.063z\"><\/path><\/svg><\/span><span class=\"essb_network_name\">Pinterest<\/span><\/a><\/li><li class=\"essb_item essb_link_whatsapp nolightbox essb_link_svg_icon\"> <a href=\"whatsapp:\/\/send?text=Carmen%20L\u00e1rrinaga%20\u2013%20Escritora%20https%3A%2F%2Fclubdepoesia.com%2Fcarmenlarrinaga%2F\" title=\"Share on WhatsApp\" onclick=\"essb.whatsapp('Carmen%20L\u00e1rrinaga%20\u2013%20Escritora%20https%3A%2F%2Fclubdepoesia.com%2Fcarmenlarrinaga%2F', '1198826379'); return false;\" target=\"_blank\" rel=\"nofollow\" class=\"nolightbox essb-s-bg-whatsapp essb-s-bgh-whatsapp essb-s-c-light essb-s-hover-effect essb-s-bg-network essb-s-bgh-network\" ><span class=\"essb_icon essb_icon_whatsapp\"><svg class=\"essb-svg-icon essb-svg-icon-whatsapp\" aria-hidden=\"true\" role=\"img\" focusable=\"false\" width=\"32\" height=\"32\" viewBox=\"0 0 32 32\" xmlns=\"http:\/\/www.w3.org\/2000\/svg\"><path d=\"M27.313 4.625c-3-3-7-4.625-11.25-4.625-8.75 0-15.875 7.125-15.875 15.875 0 2.75 0.75 5.5 2.125 7.938l-2.25 8.188 8.438-2.188c2.313 1.25 4.875 1.938 7.563 1.938v0c0 0 0 0 0 0 8.75 0 15.875-7.125 15.875-15.875 0-4.25-1.625-8.25-4.625-11.25zM16.063 29.063v0c-2.375 0-4.688-0.625-6.688-1.875l-0.5-0.25-5 1.313 1.313-4.875-0.313-0.5c-1.313-2.125-2-4.5-2-7 0-7.313 5.938-13.188 13.188-13.188 3.5 0 6.813 1.375 9.313 3.875s3.875 5.813 3.875 9.313c0 7.25-5.938 13.188-13.188 13.188zM23.313 19.188c-0.438-0.188-2.375-1.188-2.75-1.313-0.313-0.125-0.625-0.188-0.875 0.188-0.25 0.438-1 1.313-1.25 1.563s-0.438 0.313-0.875 0.125c-0.375-0.188-1.625-0.625-3.188-2-1.125-1-1.938-2.313-2.188-2.75-0.25-0.375 0-0.563 0.188-0.813 0.188-0.125 0.375-0.438 0.563-0.688 0.25-0.188 0.313-0.375 0.438-0.625s0.063-0.5-0.063-0.688c-0.063-0.188-0.875-2.188-1.188-2.938-0.375-0.813-0.688-0.688-0.938-0.688-0.188 0-0.5 0-0.75 0s-0.688 0.063-1.063 0.438c-0.375 0.438-1.375 1.375-1.375 3.313 0 2 1.438 3.875 1.625 4.125s2.813 4.25 6.75 6c0.938 0.375 1.688 0.625 2.25 0.813 1 0.313 1.813 0.25 2.5 0.188 0.813-0.125 2.375-1 2.688-1.938 0.375-0.875 0.375-1.688 0.25-1.875-0.125-0.125-0.375-0.25-0.75-0.438z\"><\/path><\/svg><\/span><span class=\"essb_network_name\">WhatsApp<\/span><\/a><\/li><\/ul><\/div>[\/vc_column][\/vc_row][vc_row][vc_column extend=&#8221;false&#8221;][vc_column_text css=&#8221;.vc_custom_1502395046260{margin-top: -30000px !important;}&#8221;]\n<h1><img fetchpriority=\"high\" decoding=\"async\" class=\"aligncenter size-full wp-image-66\" src=\"https:\/\/clubdepoesia.com\/carmenlarrinaga\/files\/2016\/01\/0portadaBachWeb.jpg\" alt=\"Carmen Larrinaga es el escritor de Bach o la lampara amarilla. Carmen Larrinaga acaba de publicar un libro: Bach o la lampara amarilla de poes\u00eda con la Editorial Poes\u00eda eres t\u00fa\" width=\"561\" height=\"795\" srcset=\"https:\/\/clubdepoesia.com\/carmenlarrinaga\/files\/2016\/01\/0portadaBachWeb.jpg 561w, https:\/\/clubdepoesia.com\/carmenlarrinaga\/files\/2016\/01\/0portadaBachWeb-212x300.jpg 212w, https:\/\/clubdepoesia.com\/carmenlarrinaga\/files\/2016\/01\/0portadaBachWeb-500x709.jpg 500w\" sizes=\"(max-width: 561px) 100vw, 561px\" \/><\/h1>\n<h3><\/h3>\n<p>&nbsp;<\/p>\n<p><span style=\"text-decoration: underline;\"><em><strong>El <a href=\"http:\/\/grupoeditorialperezayala.com\">Grupo Editorial P\u00e9rez-Ayala<\/a>, est\u00e1 formado por los siguientes sellos <a href=\"http:\/\/editorialpoesia.com\" target=\"_blank\" rel=\"noopener noreferrer\">editoriales<\/a>: <a href=\"http:\/\/poesiaerestu.com\" target=\"_blank\" rel=\"noopener noreferrer\">Editorial Poes\u00eda eres t\u00fa<\/a>, <a href=\"http:\/\/edicionesrilke.com\" target=\"_blank\" rel=\"noopener noreferrer\">Ediciones Rilke<\/a> <a href=\"http:\/\/editorialpoesia.com\" target=\"_blank\" rel=\"noopener noreferrer\">Editorial poes\u00eda<\/a>, <a href=\"http:\/\/editorial.org.es\" target=\"_blank\" rel=\"noopener noreferrer\">Editorial<\/a> <a href=\"http:\/\/edicionesamaniel.com\" target=\"_blank\" rel=\"noopener noreferrer\">Ediciones Amaniel<\/a>, <a href=\"http:\/\/editorial.org.es\" target=\"_blank\" rel=\"noopener noreferrer\">Editorial<\/a> <a href=\"http:\/\/edicionesazorin.com\" target=\"_blank\" rel=\"noopener noreferrer\">Ediciones Azor\u00edn un sello regional para Alicante y Murcia<\/a>.<\/strong><\/em><\/span><\/p>\n<p><span style=\"text-decoration: underline;\"><em><strong>Para ayudar a la promoci\u00f3n de los libros contamos con diferentes plataformas en internet como <a href=\"http:\/\/poesiatv.com\" target=\"_blank\" rel=\"noopener noreferrer\">Poes\u00eda Televisi\u00f3n<\/a>, <a href=\"http:\/\/librodepoesia.com\" target=\"_blank\" rel=\"noopener noreferrer\">libro de poes\u00eda<\/a>, Club de poes\u00eda, Blog de escritor, Blog de poes\u00eda, <a href=\"https:\/\/agenciadellibro.com\" target=\"_blank\" rel=\"noopener noreferrer\">Agencia del libro<\/a>, Plataforma IV Centenario, Primer centenario, Nuestras librerias, <a href=\"http:\/\/publicarlibro.com.es\" target=\"_blank\" rel=\"noopener noreferrer\">Publicar libro<\/a> &#8211; <a href=\"http:\/\/publicarlibro.es\" target=\"_blank\" rel=\"noopener noreferrer\">Publicar un libro<\/a>, Revista Poes\u00eda eres t\u00fa, Antolog\u00edas po\u00e9ticas, <a href=\"http:\/\/poesiapoetas.com\" target=\"_blank\" rel=\"noopener noreferrer\">Poes\u00eda y poetas<\/a>, Gloria Fuertes, Blas de Otero, Rub\u00e9n Dar\u00edo<\/strong><\/em><\/span><\/p>\n<p><span style=\"text-decoration: underline;\"><em><strong>Trabajamos con distribuidoras de libros que acercan los libros a las librer\u00edas, pero contamos tambi\u00e9n con las siguientes librerias de apoyo en internet para que ning\u00fan lector se quede sin su <a href=\"http:\/\/librodepoesia.com\" target=\"_blank\" rel=\"noopener noreferrer\">libro de poes\u00eda<\/a>: Libreria GEPA, Libreria Website, La librer\u00eda del escritor, El rinc\u00f3n de los libros.<\/strong><\/em><\/span><\/p>\n<p><span style=\"text-decoration: underline;\"><em><strong>As\u00ed mismo colaboramos con la <a href=\"http:\/\/editorespoesia.com\">Asociaci\u00f3n de editores de poes\u00eda<\/a> y la <a href=\"http:\/\/escritoresycriticos.com\" target=\"_blank\" rel=\"noopener noreferrer\">Asociaci\u00f3n Madrile\u00f1a de escritores y cr\u00edticos literarios<\/a> (<a href=\"http:\/\/escritoresycriticos.com\" target=\"_blank\" rel=\"noopener noreferrer\">Cr\u00edtica de Madrid<\/a>).<\/strong><\/em><\/span><\/p>\n<p><span style=\"text-decoration: underline;\"><em><strong>Trabajamos con varias imprentas y contamos con nuestra propia <a href=\"http:\/\/artesgraficas.info\/\">imprenta<\/a> Herederos de Izquierdo y Madrid impresores.<\/strong><\/em><\/span><\/p>\n<p><span style=\"text-decoration: underline;\"><em><strong>Puedes conocernos en nuestra p\u00e1gina del Grupo Editorial. Contamos con una sede en Madrid y otra en Jumilla (Murcia)<\/strong><\/em><\/span><\/p>\n<p><span style=\"text-decoration: underline;\"><em><strong>Somos especialitas en la edici\u00f3n del <a href=\"http:\/\/libropoesia.com\/\" target=\"_blank\" rel=\"noopener noreferrer\">libro de poes\u00eda<\/a><\/strong><\/em><\/span><\/p>\n<p>&nbsp;<\/p>\n<h2><em><strong>Carmen Larrinaga es el escritor de <\/strong><\/em><em><strong><a href=\"https:\/\/clubdepoesia.com\/carmenlarrinaga\/bach-la-lampara-amarilla\/\">Bach o la lampara amarilla<\/a>.\u00a0<\/strong><\/em><strong><em>Carmen Larrinaga acaba de <a href=\"https:\/\/agenciadellibro.com\"><span style=\"text-decoration: underline;\">publicar un libro<\/span><\/a> de poes\u00eda con la Editorial Poes\u00eda eres t\u00fa<\/em><\/strong><\/h2>\n<h3><em><strong>Carmen Larrinaga es el escritor de <\/strong><\/em><em><a href=\"https:\/\/clubdepoesia.com\/carmenlarrinaga\/bach-la-lampara-amarilla\/\"><strong>Bach o la lampara amarilla<\/strong><\/a><\/em><em><strong>.\u00a0<\/strong><\/em><em><strong>Carmen Larrinaga <\/strong><\/em><em><strong>acaba de <a href=\"http:\/\/poesiaerestu.com\"><span style=\"text-decoration: underline;\">publicar un libro<\/span><\/a> de poes\u00eda con la Editorial Poes\u00eda eres t\u00fa<\/strong><\/em><\/h3>\n<h3><em><strong>Carmen Larrinaga es el escritor de <\/strong><\/em><em><strong><a href=\"https:\/\/clubdepoesia.com\/carmenlarrinaga\/bach-la-lampara-amarilla\/\">Bach o la lampara amarilla<\/a>.\u00a0<\/strong><\/em><em><strong>Carmen Larrinaga <\/strong><\/em><em><strong>acaba de <a href=\"http:\/\/edicionesamaniel.com\"><span style=\"text-decoration: underline;\">publicar un libro<\/span><\/a> de poes\u00eda con la Editorial Poes\u00eda eres t\u00fa<\/strong><\/em><\/h3>\n<h3><em><strong>Carmen Larrinaga es el escritor de <\/strong><\/em><em><strong><a href=\"https:\/\/clubdepoesia.com\/carmenlarrinaga\/bach-la-lampara-amarilla\/\">Bach o la lampara amarilla<\/a>.\u00a0<\/strong><\/em><em><strong>Carmen Larrinaga <\/strong><\/em><em><strong>acaba de <span style=\"text-decoration: underline;\"><a href=\"http:\/\/edicionesazorin.com\">publicar un libro<\/a><\/span> de poes\u00eda con la Editorial Poes\u00eda eres t\u00fa<\/strong><\/em><\/h3>\n<h3><em><strong>Carmen Larrinaga es el escritor de <\/strong><\/em><em><strong><a href=\"https:\/\/clubdepoesia.com\/carmenlarrinaga\/bach-la-lampara-amarilla\/\">Bach o la lampara amarilla<\/a>.\u00a0<\/strong><\/em><em><strong>Carmen Larrinaga <\/strong><\/em><em><strong>acaba de <span style=\"text-decoration: underline;\"><a href=\"http:\/\/edicionesrilke.com\">publicar un libro<\/a><\/span> de poes\u00eda con la Editorial Poes\u00eda eres t\u00fa<\/strong><\/em><\/h3>\n[\/vc_column_text][\/vc_column][\/vc_row]\n<\/div>","protected":false},"excerpt":{"rendered":"<p>[vc_row][vc_column extend=&#8221;false&#8221;][vc_column_text css=&#8221;.vc_custom_1502394839462{margin-top: -30000px !important;}&#8221;]Carmen Larrinaga es el escritor de Bach o la lampara amarilla.\u00a0Carmen Larrinaga acaba de publicar un libro de poes\u00eda con la Editorial Poes\u00eda eres t\u00fa &nbsp; Carmen Larrinaga es el escritor de Bach o la lampara amarilla.\u00a0Carmen Larrinaga acaba de publicar un libro de poes\u00eda con la Editorial Poes\u00eda eres t\u00fa [&hellip;]<\/p>\n","protected":false},"author":24,"featured_media":4,"parent":0,"menu_order":0,"comment_status":"closed","ping_status":"closed","template":"","meta":{"footnotes":"","_links_to":"","_links_to_target":""},"class_list":["post-7","page","type-page","status-publish","has-post-thumbnail","hentry"],"_links":{"self":[{"href":"https:\/\/clubdepoesia.com\/carmenlarrinaga\/wp-json\/wp\/v2\/pages\/7","targetHints":{"allow":["GET"]}}],"collection":[{"href":"https:\/\/clubdepoesia.com\/carmenlarrinaga\/wp-json\/wp\/v2\/pages"}],"about":[{"href":"https:\/\/clubdepoesia.com\/carmenlarrinaga\/wp-json\/wp\/v2\/types\/page"}],"author":[{"embeddable":true,"href":"https:\/\/clubdepoesia.com\/carmenlarrinaga\/wp-json\/wp\/v2\/users\/24"}],"replies":[{"embeddable":true,"href":"https:\/\/clubdepoesia.com\/carmenlarrinaga\/wp-json\/wp\/v2\/comments?post=7"}],"version-history":[{"count":6,"href":"https:\/\/clubdepoesia.com\/carmenlarrinaga\/wp-json\/wp\/v2\/pages\/7\/revisions"}],"predecessor-version":[{"id":118,"href":"https:\/\/clubdepoesia.com\/carmenlarrinaga\/wp-json\/wp\/v2\/pages\/7\/revisions\/118"}],"wp:featuredmedia":[{"embeddable":true,"href":"https:\/\/clubdepoesia.com\/carmenlarrinaga\/wp-json\/wp\/v2\/media\/4"}],"wp:attachment":[{"href":"https:\/\/clubdepoesia.com\/carmenlarrinaga\/wp-json\/wp\/v2\/media?parent=7"}],"curies":[{"name":"wp","href":"https:\/\/api.w.org\/{rel}","templated":true}]}}