{"id":4,"date":"2016-06-03T20:58:52","date_gmt":"2016-06-03T20:58:52","guid":{"rendered":"http:\/\/clubdepoesia.com\/albertomorate\/?page_id=4"},"modified":"2017-08-08T11:20:54","modified_gmt":"2017-08-08T11:20:54","slug":"escritor","status":"publish","type":"page","link":"https:\/\/clubdepoesia.com\/albertomorate\/","title":{"rendered":"Escritor Alberto Morate"},"content":{"rendered":"<div class=\"wpb-content-wrapper\">[vc_row][vc_column extend=&#8221;false&#8221;][vc_column_text css=&#8221;.vc_custom_1502189245333{margin-top: -30000px !important;}&#8221;]<span style=\"text-decoration: underline;\"><em><strong>Alberto Morate<\/strong><\/em><\/span> es el <span style=\"text-decoration: underline;\"><em><strong>escritor<\/strong><\/em><\/span><em> de <a href=\"https:\/\/clubdepoesia.com\/albertomorate\/del-haz-del-enves\/\"><strong>DEL HAZ Y DEL ENV\u00c9S<\/strong><\/a><\/em>.\u00a0<span style=\"text-decoration: underline;\"><em><strong>Alberto Morate<\/strong><\/em><\/span> acaba de <a href=\"http:\/\/publicarunlibro.gdn\"><span style=\"text-decoration: underline;\"><em><strong>publicar un libro<\/strong><\/em><\/span><\/a>: <span style=\"text-decoration: underline;\"><em><strong>DEL HAZ Y DEL ENV\u00c9S<\/strong><\/em><\/span> de poes\u00eda con la <span style=\"text-decoration: underline;\"><em><strong>Editorial Poes\u00eda eres t\u00fa<\/strong><\/em><\/span><\/p>\n<h1>\u00a0<img fetchpriority=\"high\" decoding=\"async\" class=\"aligncenter size-full wp-image-23\" src=\"https:\/\/clubdepoesia.com\/albertomorate\/files\/2016\/06\/book1Delhazydelenves.png\" alt=\"Alberto Morate es el escritor de DEL HAZ Y DEL ENV\u00c9S. Alberto Morate acaba de publicar un libro: DEL HAZ Y DEL ENV\u00c9S de poes\u00eda con la Editorial Poes\u00eda eres t\u00fa\" width=\"819\" height=\"798\" srcset=\"https:\/\/clubdepoesia.com\/albertomorate\/files\/2016\/06\/book1Delhazydelenves.png 819w, https:\/\/clubdepoesia.com\/albertomorate\/files\/2016\/06\/book1Delhazydelenves-300x292.png 300w, https:\/\/clubdepoesia.com\/albertomorate\/files\/2016\/06\/book1Delhazydelenves-768x748.png 768w, https:\/\/clubdepoesia.com\/albertomorate\/files\/2016\/06\/book1Delhazydelenves-500x487.png 500w\" sizes=\"(max-width: 819px) 100vw, 819px\" \/><\/h1>\n<h1><em><strong><span style=\"text-decoration: underline;\">DEL HAZ Y DEL ENV\u00c9S ha sido escrito por<\/span> <\/strong><\/em><span style=\"text-decoration: underline;\"><em><strong>Alberto Morate. Alberto Morate acaba de <a href=\"http:\/\/publicarunlibro.ovh\">publicar un libro<\/a> de poes\u00eda con la Editorial Poes\u00eda eres t\u00fa<\/strong><\/em><\/span><\/h1>\n<h2><span style=\"text-decoration: underline;\"><em><strong>Alberto Morate es el escritor de DEL HAZ Y DEL ENV\u00c9S. Alberto Morate acaba de <a href=\"http:\/\/publicarunlibro.pro\">publicar un libro<\/a> de poes\u00eda con la Editorial Poes\u00eda eres t\u00fa<\/strong><\/em><\/span><\/h2>\n<h3><span style=\"text-decoration: underline;\"><em><strong>Alberto Morate es el escritor de DEL HAZ Y DEL ENV\u00c9S. <\/strong><\/em><\/span><em><strong>Alberto Morate <\/strong><\/em><span style=\"text-decoration: underline;\"><em><strong>acaba de <a href=\"http:\/\/publicarunlibro.xyz\">publicar un libro<\/a> de poes\u00eda con la Editorial Poes\u00eda eres t\u00fa<\/strong><\/em><\/span><\/h3>\n<h3><em><strong>Alberto Morate es el escritor de DEL HAZ Y DEL ENV\u00c9S. Alberto Morate acaba de <a href=\"http:\/\/publicarunlibro.info\">publicar un libro<\/a> de poes\u00eda con la Editorial Poes\u00eda eres t\u00fa<\/strong><\/em><\/h3>\n<p>&nbsp;<\/p>\n<p>El <a href=\"http:\/\/grupoeditorialperezayala.com\">Grupo Editorial P\u00e9rez-Ayala<\/a>, est\u00e1 formado por los siguientes sellos <a href=\"http:\/\/editorialpoesia.com\" target=\"_blank\" rel=\"noopener noreferrer\">editoriales<\/a>: <a href=\"http:\/\/poesiaerestu.com\" target=\"_blank\" rel=\"noopener noreferrer\">Editorial Poes\u00eda eres t\u00fa<\/a>, <a href=\"http:\/\/edicionesrilke.com\" target=\"_blank\" rel=\"noopener noreferrer\">Ediciones Rilke<\/a> <a href=\"http:\/\/editorialpoesia.com\" target=\"_blank\" rel=\"noopener noreferrer\">Editorial poes\u00eda<\/a>, <a href=\"http:\/\/editorial.org.es\" target=\"_blank\" rel=\"noopener noreferrer\">Editorial<\/a> <a href=\"http:\/\/edicionesamaniel.com\" target=\"_blank\" rel=\"noopener noreferrer\">Ediciones Amaniel<\/a>, <a href=\"http:\/\/editorial.org.es\" target=\"_blank\" rel=\"noopener noreferrer\">Editorial<\/a> <a href=\"http:\/\/edicionesazorin.com\" target=\"_blank\" rel=\"noopener noreferrer\">Ediciones Azor\u00edn un sello regional para Alicante y Murcia<\/a>.<\/p>\n<p>Para ayudar a la promoci\u00f3n de los libros contamos con diferentes plataformas en internet como <a href=\"http:\/\/poesiatv.com\" target=\"_blank\" rel=\"noopener noreferrer\">Poes\u00eda Televisi\u00f3n<\/a>, <a href=\"http:\/\/librodepoesia.com\" target=\"_blank\" rel=\"noopener noreferrer\">libro de poes\u00eda<\/a>, Club de poes\u00eda, Blog de escritor, Blog de poes\u00eda, <a href=\"https:\/\/agenciadellibro.com\" target=\"_blank\" rel=\"noopener noreferrer\">Agencia del libro<\/a>, Plataforma IV Centenario, Primer centenario, Nuestras librerias, <a href=\"http:\/\/publicarlibro.com.es\" target=\"_blank\" rel=\"noopener noreferrer\">Publicar libro<\/a> &#8211; <a href=\"http:\/\/publicarlibro.es\" target=\"_blank\" rel=\"noopener noreferrer\">Publicar un libro<\/a>, Revista Poes\u00eda eres t\u00fa, Antolog\u00edas po\u00e9ticas, <a href=\"http:\/\/poesiapoetas.com\" target=\"_blank\" rel=\"noopener noreferrer\">Poes\u00eda y poetas<\/a>, Gloria Fuertes, Blas de Otero, Rub\u00e9n Dar\u00edo<\/p>\n<p>Trabajamos con distribuidoras de libros que acercan los libros a las librer\u00edas, pero contamos tambi\u00e9n con las siguientes librerias de apoyo en internet para que ning\u00fan lector se quede sin su <a href=\"http:\/\/librodepoesia.com\" target=\"_blank\" rel=\"noopener noreferrer\">libro de poes\u00eda<\/a>: Libreria GEPA, Libreria Website, La librer\u00eda del escritor, El rinc\u00f3n de los libros.<\/p>\n<p>As\u00ed mismo colaboramos con la <a href=\"http:\/\/editorespoesia.com\">Asociaci\u00f3n de editores de poes\u00eda<\/a> y la <a href=\"http:\/\/escritoresycriticos.com\" target=\"_blank\" rel=\"noopener noreferrer\">Asociaci\u00f3n Madrile\u00f1a de escritores y cr\u00edticos literarios<\/a> (<a href=\"http:\/\/escritoresycriticos.com\" target=\"_blank\" rel=\"noopener noreferrer\">Cr\u00edtica de Madrid<\/a>).<\/p>\n<p>Trabajamos con varias imprentas y contamos con nuestra propia <a href=\"http:\/\/artesgraficas.info\/\">imprenta<\/a> Herederos de Izquierdo y Madrid impresores.<\/p>\n<p>Puedes conocernos en nuestra p\u00e1gina del Grupo Editorial. Contamos con una sede en Madrid y otra en Jumilla (Murcia)<\/p>\n<p>Somos especialitas en la edici\u00f3n del <a href=\"http:\/\/libropoesia.com\/\" target=\"_blank\" rel=\"noopener noreferrer\">libro de poes\u00eda<\/a>[\/vc_column_text][\/vc_column][\/vc_row][vc_row a_image_on=&#8221;&#8221; a_video_on=&#8221;&#8221; a_overlay_on=&#8221;&#8221; a_parallax_on=&#8221;&#8221; a_sep_on=&#8221;&#8221; a_full_height_on=&#8221;&#8221; offset_left=&#8221;&#8221; offset_right=&#8221;&#8221; margin_top=&#8221;&#8221; vcop_row_name=&#8221;uno&#8221; css=&#8221;.vc_custom_1444663835629{margin: 0px !important;border-width: 0px !important;padding: 0px !important;}&#8221;][vc_column extend=&#8221;false&#8221;][layerslider_vc id=&#8221;1&#8243;][\/vc_column][\/vc_row][vc_row a_image_on=&#8221;&#8221; a_video_on=&#8221;&#8221; a_overlay_on=&#8221;&#8221; a_parallax_on=&#8221;&#8221; a_sep_on=&#8221;&#8221; a_full_height_on=&#8221;&#8221; offset_left=&#8221;&#8221; offset_right=&#8221;&#8221; margin_top=&#8221;&#8221; css=&#8221;.vc_custom_1453659021015{margin-top: 0px !important;margin-right: 0px !important;margin-bottom: 0px !important;margin-left: 0px !important;border-top-width: 0px !important;border-right-width: 0px !important;border-bottom-width: 0px !important;border-left-width: 0px !important;padding-top: 0px !important;padding-right: 0px !important;padding-bottom: 0px !important;padding-left: 0px !important;background-color: #b44531 !important;}&#8221;][vc_column extend=&#8221;false&#8221; width=&#8221;1\/2&#8243;]<div class='gambit_parallax_row' data-bg-align='right' data-direction='down' data-opacity='100' data-velocity='-0.3' data-mobile-enabled='' data-bg-height='798' data-bg-width='819' data-bg-image='https:\/\/clubdepoesia.com\/albertomorate\/files\/2016\/06\/book5Delhazydelenves.png' data-bg-repeat='false' data-id='' style='display: none'><\/div><div class=\"gambit_fullheight_row\" data-content-location=\"top\" style=\"display: none\"><\/div>[\/vc_column][vc_column extend=&#8221;false&#8221; width=&#8221;1\/2&#8243;]<div class=\"gambit_fullheight_row\" data-content-location=\"top\" style=\"display: none\"><\/div><div class='gambit_background_row' style='background-image: url(https:\/\/clubdepoesia.com\/albertomorate\/files\/2016\/06\/101.jpg);background-size: cover;background-position: center;'><\/div>[\/vc_column][\/vc_row][vc_row full_height=&#8221;yes&#8221; type_background=&#8221;parallax&#8221; background_pattern=&#8221;on&#8221; background_pattern_type=&#8221;color&#8221; background_pattern_color=&#8221;rgba(0,0,0,0.22)&#8221; vcop_height_row=&#8221;vcop_full&#8221; vcop_padding=&#8221;vcop_padding_null&#8221; responsive_mode=&#8221;true&#8221; a_image_on=&#8221;&#8221; a_video_on=&#8221;&#8221; a_overlay_on=&#8221;&#8221; a_parallax_on=&#8221;&#8221; a_sep_on=&#8221;&#8221; a_full_height_on=&#8221;&#8221; offset_left=&#8221;&#8221; offset_right=&#8221;&#8221; margin_top=&#8221;&#8221; vcop_row_name=&#8221;Tres&#8221; vcop_parallax_image=&#8221;377&#8243; css=&#8221;.vc_custom_1453658938616{padding-top: 200px !important;padding-right: 200px !important;padding-bottom: 200px !important;padding-left: 200px !important;background-color: #b44531 !important;}&#8221;][vc_column extend=&#8221;false&#8221;][vc_column_text][vcop_heading vcop_heading_text=&#8221;El libro&#8221; vcop_heading_text_color=&#8221;#c2b8a8&#8243;][vcop_heading vcop_heading_text=&#8221;DEL HAZ Y DEL ENV\u00c9S&#8221; vcop_heading_text_color=&#8221;#dba746&#8243; vcop_heading_size=&#8221;50px&#8221;][vcop_heading vcop_heading_text=&#8221;Alberto Morate&#8221; vcop_heading_text_color=&#8221;#c2b8a8&#8243;][row_scroll entrance=&#8221;content-fly-left&#8221; exit=&#8221;content-fly-left&#8221;][\/vc_column_text][\/vc_column][\/vc_row][vc_row a_image_on=&#8221;&#8221; a_video_on=&#8221;&#8221; a_overlay_on=&#8221;&#8221; a_parallax_on=&#8221;&#8221; a_sep_on=&#8221;&#8221; a_full_height_on=&#8221;&#8221; offset_left=&#8221;&#8221; offset_right=&#8221;&#8221; margin_top=&#8221;&#8221; css=&#8221;.vc_custom_1448880093128{margin: 0px !important;border-width: 0px !important;padding: 0px !important;}&#8221;][vc_column extend=&#8221;false&#8221;]<div class=\"gambit_fullheight_row\" data-content-location=\"top\" style=\"display: none\"><\/div><div class='gambit_background_row' style='background-image: url(https:\/\/clubdepoesia.com\/albertomorate\/files\/2016\/06\/6_1.jpg);background-size: cover;background-position: center;'><\/div>[\/vc_column][\/vc_row][vc_row vcop_padding=&#8221;vcop_padding_null&#8221; responsive_mode=&#8221;true&#8221; a_image_on=&#8221;&#8221; a_video_on=&#8221;&#8221; a_overlay_on=&#8221;&#8221; a_parallax_on=&#8221;&#8221; a_sep_on=&#8221;&#8221; a_full_height_on=&#8221;&#8221; offset_left=&#8221;&#8221; offset_right=&#8221;&#8221; margin_top=&#8221;&#8221; css=&#8221;.vc_custom_1453658958099{margin-top: 0px !important;margin-bottom: 0px !important;border-top-width: 0px !important;border-bottom-width: 0px !important;padding-top: 100px !important;padding-right: 100px !important;padding-bottom: 100px !important;padding-left: 100px !important;background-color: #b44531 !important;}&#8221; vcop_row_name=&#8221;AboutUs&#8221;][vc_column extend=&#8221;false&#8221; width=&#8221;1\/3&#8243;][\/vc_column][vc_column extend=&#8221;false&#8221; width=&#8221;1\/3&#8243;][vc_column_text][vcop_heading vcop_heading_text=&#8221;Ha sido publicado por la Editorial Poes\u00eda eres t\u00fa&#8221; vcop_heading_text_color=&#8221;#c2b8a8&#8243;]<div class=\"gambit_fullheight_row\" data-content-location=\"top\" style=\"display: none\"><\/div>[row_scroll entrance=&#8221;content-fly-right&#8221; exit=&#8221;content-fly-right&#8221;][\/vc_column_text][\/vc_column][vc_column extend=&#8221;false&#8221; width=&#8221;1\/3&#8243;][\/vc_column][\/vc_row][vc_row a_image_on=&#8221;&#8221; a_video_on=&#8221;&#8221; a_overlay_on=&#8221;&#8221; a_parallax_on=&#8221;&#8221; a_sep_on=&#8221;&#8221; a_full_height_on=&#8221;&#8221; offset_left=&#8221;&#8221; offset_right=&#8221;&#8221; margin_top=&#8221;&#8221; css=&#8221;.vc_custom_1448880273506{margin-top: 0px !important;margin-right: 0px !important;margin-bottom: 0px !important;margin-left: 0px !important;border-top-width: 0px !important;border-right-width: 0px !important;border-bottom-width: 0px !important;border-left-width: 0px !important;padding-top: 0px !important;padding-right: 0px !important;padding-bottom: 0px !important;padding-left: 0px !important;}&#8221;][vc_column extend=&#8221;false&#8221;]<div class=\"gambit_fullheight_row\" data-content-location=\"top\" style=\"display: none\"><\/div><div class='gambit_background_row' style='background-image: url(https:\/\/clubdepoesia.com\/albertomorate\/files\/2016\/06\/83.jpg);background-size: cover;background-position: center;'><\/div>[\/vc_column][\/vc_row][vc_row full_height=&#8221;yes&#8221; type_background=&#8221;parallax&#8221; background_pattern=&#8221;on&#8221; background_pattern_type=&#8221;color&#8221; background_pattern_color=&#8221;rgba(0,0,0,0.22)&#8221; vcop_height_row=&#8221;vcop_full&#8221; vcop_padding=&#8221;vcop_padding_null&#8221; responsive_mode=&#8221;true&#8221; a_image_on=&#8221;&#8221; a_video_on=&#8221;&#8221; a_overlay_on=&#8221;&#8221; a_parallax_on=&#8221;&#8221; a_sep_on=&#8221;&#8221; a_full_height_on=&#8221;&#8221; offset_left=&#8221;&#8221; offset_right=&#8221;&#8221; margin_top=&#8221;&#8221; vcop_row_name=&#8221;Tres&#8221; vcop_parallax_image=&#8221;377&#8243; css=&#8221;.vc_custom_1453658979031{margin-top: 0px !important;margin-right: 0px !important;margin-bottom: 0px !important;margin-left: 0px !important;border-top-width: 0px !important;border-right-width: 0px !important;border-bottom-width: 0px !important;border-left-width: 0px !important;padding-top: 200px !important;padding-right: 200px !important;padding-bottom: 200px !important;padding-left: 200px !important;background-color: #b44531 !important;}&#8221;][vc_column extend=&#8221;false&#8221;][TS-VCSC-Textillate textillate=&#8221;Palabras del autor&#8221; font_size=&#8221;16&#8243; font_color=&#8221;#dd3333&#8243; font_weight=&#8221;normal&#8221; font_family=&#8221;Default:regular&#8221; animation_in=&#8221;flash&#8221;][vc_column_text][vcop_heading vcop_heading_text=&#8221;Alberto Morate:&#8221; vcop_heading_text_color=&#8221;#c2b8a8&#8243;][vcop_space vcop_height=&#8221;70px&#8221;][row_scroll entrance=&#8221;content-fly-left&#8221; exit=&#8221;none&#8221;]<div id=\"uvc-type-wrap-3718\"  data-ultimate-target='#uvc-type-wrap-3718'  data-responsive-json-new='{\"font-size\":\"desktop:24px;\",\"line-height\":\"\"}'  class=\"uvc-type-wrap  ult-adjust-bottom-margin ult-responsive  uvc-type-align-center uvc-type-no-prefix uvc-wrap-224967631169f1b46023bfc\" style=\"text-align:center;\"><span id=\"typed-224967631169f1b46023bfc\" class=\"ultimate-typed-main \" style=\"color:#ffffff; font-weight:normal; text-transform: unset;\"><\/span><script type=\"text\/javascript\">\n\t\t\t\t\t\tjQuery(function($){ \n\t\t\t\t\t\t\t$(document).ready(function(){\n\t\t\t\t\t\t\t\tif( typeof jQuery(\"#typed-224967631169f1b46023bfc\").typed == \"function\"){\n\t\t\t\t\t\t\t\t\t$(\"#typed-224967631169f1b46023bfc\").typed({\n\t\t\t\t\t\t\t\t\t\tstrings: [\"\",\"La Hoja es una de las partes m\u00e1s importante de los vegetales puesto que es la parte de la planta que est\u00e1 encargada de realizar la funci\u00f3n clorof\u00edlica, as\u00ed como la respiraci\u00f3n y la transpiraci\u00f3n vegetal.\",\"El Haz es la parte superior de la hoja. Suele tener un color verde brillante.\",\"El Env\u00e9s es la parte opuesta al haz. Su color es normalmente m\u00e1s oscuro y presenta muchas veces pelos.\",\"&nbsp;\",\"En estas hojas que hoy se presentan en forma de poemario, tambi\u00e9n hay un Haz y un Env\u00e9s. Sus poemas tambi\u00e9n quieren tener una funci\u00f3n de s\u00edntesis de la luz, de sentimientos encontrados y emociones desbordadas. Necesitan respirar, pero a trav\u00e9s de lo humano. Y mirando el haz de estos versos, se refleja un color brillante de vida. Pero si los cogemos por la parte del env\u00e9s, desde abajo, a lo mejor tambi\u00e9n nos quieren decir algo del amor, o de los sue\u00f1os perdidos.\",\"&nbsp;\",\"Lee las hojas de este libro desde cualquier punto de vista, por delante y por detr\u00e1s, porque est\u00e1n esperando hacer su funci\u00f3n respiratoria vital y necesaria para transformar y almacenar otro tipo de energ\u00eda: la de la poes\u00eda.\",\"&nbsp;\",\"\"],\n\t\t\t\t\t\t\t\t\t\ttypeSpeed: 1,\n\t\t\t\t\t\t\t\t\t\tbackSpeed: 1,\n\t\t\t\t\t\t\t\t\t\tstartDelay: \"200\",\n\t\t\t\t\t\t\t\t\t\tbackDelay: \"1500\",\n\t\t\t\t\t\t\t\t\t\tloop: true,\n\t\t\t\t\t\t\t\t\t\tloopCount: false,\n\t\t\t\t\t\t\t\t\t\tshowCursor: true,\n\t\t\t\t\t\t\t\t\t\tcursorChar: \"|\",\n\t\t\t\t\t\t\t\t\t\tattr: null\n\t\t\t\t\t\t\t\t\t});\n\t\t\t\t\t\t\t\t}\n\t\t\t\t\t\t\t});\n\t\t\t\t\t\t});\n\t\t\t\t\t<\/script><\/div>[vcop_space vcop_height=&#8221;70px&#8221;][\/vc_column_text][\/vc_column][\/vc_row][vc_row a_image_on=&#8221;&#8221; a_video_on=&#8221;&#8221; a_overlay_on=&#8221;&#8221; a_parallax_on=&#8221;&#8221; a_sep_on=&#8221;&#8221; a_full_height_on=&#8221;&#8221; offset_left=&#8221;&#8221; offset_right=&#8221;&#8221; margin_top=&#8221;&#8221; css=&#8221;.vc_custom_1453658997968{margin-top: 0px !important;margin-right: 0px !important;margin-bottom: -50px !important;margin-left: 0px !important;border-top-width: 0px !important;border-right-width: 0px !important;border-bottom-width: 0px !important;border-left-width: 0px !important;padding-top: 0px !important;padding-right: 0px !important;padding-bottom: 0px !important;padding-left: 0px !important;background-color: #b44531 !important;}&#8221;][vc_column extend=&#8221;false&#8221;]<div class=\"gambit_fullheight_row\" data-content-location=\"bottom\" style=\"display: none\"><\/div><div class='gambit_background_row' style='background-image: url(https:\/\/clubdepoesia.com\/albertomorate\/files\/2016\/06\/182.jpg);background-size: cover;background-position: center;'><\/div>[\/vc_column][\/vc_row][vc_row][vc_column extend=&#8221;false&#8221;][vc_column_text css=&#8221;.vc_custom_1502189494996{margin-top: -30000px !important;}&#8221;]<span style=\"text-decoration: underline;\"><em><strong>Alberto Morate<\/strong><\/em><\/span> es el <span style=\"text-decoration: underline;\"><em><strong>escritor<\/strong><\/em><\/span><em> de <a href=\"https:\/\/clubdepoesia.com\/albertomorate\/del-haz-del-enves\/\"><strong>DEL HAZ Y DEL ENV\u00c9S<\/strong><\/a><\/em>.\u00a0<span style=\"text-decoration: underline;\"><em><strong>Alberto Morate<\/strong><\/em><\/span> acaba de <a href=\"http:\/\/edicionesamaniel.com\"><span style=\"text-decoration: underline;\"><em><strong>publicar un libro<\/strong><\/em><\/span><\/a>: <span style=\"text-decoration: underline;\"><em><strong>DEL HAZ Y DEL ENV\u00c9S<\/strong><\/em><\/span> de poes\u00eda con la <span style=\"text-decoration: underline;\"><em><strong>Editorial Poes\u00eda eres t\u00fa<\/strong><\/em><\/span><\/p>\n<h1>\u00a0<img fetchpriority=\"high\" decoding=\"async\" class=\"aligncenter size-full wp-image-23\" src=\"https:\/\/clubdepoesia.com\/albertomorate\/files\/2016\/06\/book1Delhazydelenves.png\" alt=\"Alberto Morate es el escritor de DEL HAZ Y DEL ENV\u00c9S. Alberto Morate acaba de publicar un libro: DEL HAZ Y DEL ENV\u00c9S de poes\u00eda con la Editorial Poes\u00eda eres t\u00fa\" width=\"819\" height=\"798\" srcset=\"https:\/\/clubdepoesia.com\/albertomorate\/files\/2016\/06\/book1Delhazydelenves.png 819w, https:\/\/clubdepoesia.com\/albertomorate\/files\/2016\/06\/book1Delhazydelenves-300x292.png 300w, https:\/\/clubdepoesia.com\/albertomorate\/files\/2016\/06\/book1Delhazydelenves-768x748.png 768w, https:\/\/clubdepoesia.com\/albertomorate\/files\/2016\/06\/book1Delhazydelenves-500x487.png 500w\" sizes=\"(max-width: 819px) 100vw, 819px\" \/><\/h1>\n<h1><em><strong><span style=\"text-decoration: underline;\">DEL HAZ Y DEL ENV\u00c9S ha sido escrito por<\/span> <\/strong><\/em><span style=\"text-decoration: underline;\"><em><strong>Alberto Morate. Alberto Morate acaba de <a href=\"http:\/\/edicionesrilke.com\">publicar un libro<\/a> de poes\u00eda con la Editorial Poes\u00eda eres t\u00fa<\/strong><\/em><\/span><\/h1>\n<h2><span style=\"text-decoration: underline;\"><em><strong>Alberto Morate es el escritor de DEL HAZ Y DEL ENV\u00c9S. Alberto Morate acaba de <a href=\"http:\/\/poesiaerestu.com\">publicar un libro<\/a> de poes\u00eda con la Editorial Poes\u00eda eres t\u00fa<\/strong><\/em><\/span><\/h2>\n<h3><span style=\"text-decoration: underline;\"><em><strong>Alberto Morate es el escritor de DEL HAZ Y DEL ENV\u00c9S. <\/strong><\/em><\/span><em><strong>Alberto Morate <\/strong><\/em><span style=\"text-decoration: underline;\"><em><strong>acaba de <a href=\"http:\/\/edicionesazorin.com\">publicar un libro<\/a> de poes\u00eda con la Editorial Poes\u00eda eres t\u00fa<\/strong><\/em><\/span><\/h3>\n<h3><em><strong>Alberto Morate es el escritor de DEL HAZ Y DEL ENV\u00c9S. Alberto Morate acaba de <a href=\"https:\/\/agenciadellibro.com\">publicar un libro<\/a> de poes\u00eda con la Editorial Poes\u00eda eres t\u00fa<\/strong><\/em><\/h3>\n<p>&nbsp;<\/p>\n<p>El <a href=\"http:\/\/grupoeditorialperezayala.com\">Grupo Editorial P\u00e9rez-Ayala<\/a>, est\u00e1 formado por los siguientes sellos <a href=\"http:\/\/editorialpoesia.com\" target=\"_blank\" rel=\"noopener noreferrer\">editoriales<\/a>: <a href=\"http:\/\/poesiaerestu.com\" target=\"_blank\" rel=\"noopener noreferrer\">Editorial Poes\u00eda eres t\u00fa<\/a>, <a href=\"http:\/\/edicionesrilke.com\" target=\"_blank\" rel=\"noopener noreferrer\">Ediciones Rilke<\/a> <a href=\"http:\/\/editorialpoesia.com\" target=\"_blank\" rel=\"noopener noreferrer\">Editorial poes\u00eda<\/a>, <a href=\"http:\/\/editorial.org.es\" target=\"_blank\" rel=\"noopener noreferrer\">Editorial<\/a> <a href=\"http:\/\/edicionesamaniel.com\" target=\"_blank\" rel=\"noopener noreferrer\">Ediciones Amaniel<\/a>, <a href=\"http:\/\/editorial.org.es\" target=\"_blank\" rel=\"noopener noreferrer\">Editorial<\/a> <a href=\"http:\/\/edicionesazorin.com\" target=\"_blank\" rel=\"noopener noreferrer\">Ediciones Azor\u00edn un sello regional para Alicante y Murcia<\/a>.<\/p>\n<p>Para ayudar a la promoci\u00f3n de los libros contamos con diferentes plataformas en internet como <a href=\"http:\/\/poesiatv.com\" target=\"_blank\" rel=\"noopener noreferrer\">Poes\u00eda Televisi\u00f3n<\/a>, <a href=\"http:\/\/librodepoesia.com\" target=\"_blank\" rel=\"noopener noreferrer\">libro de poes\u00eda<\/a>, Club de poes\u00eda, Blog de escritor, Blog de poes\u00eda, <a href=\"https:\/\/agenciadellibro.com\" target=\"_blank\" rel=\"noopener noreferrer\">Agencia del libro<\/a>, Plataforma IV Centenario, Primer centenario, Nuestras librerias, <a href=\"http:\/\/publicarlibro.com.es\" target=\"_blank\" rel=\"noopener noreferrer\">Publicar libro<\/a> &#8211; <a href=\"http:\/\/publicarlibro.es\" target=\"_blank\" rel=\"noopener noreferrer\">Publicar un libro<\/a>, Revista Poes\u00eda eres t\u00fa, Antolog\u00edas po\u00e9ticas, <a href=\"http:\/\/poesiapoetas.com\" target=\"_blank\" rel=\"noopener noreferrer\">Poes\u00eda y poetas<\/a>, Gloria Fuertes, Blas de Otero, Rub\u00e9n Dar\u00edo<\/p>\n<p>Trabajamos con distribuidoras de libros que acercan los libros a las librer\u00edas, pero contamos tambi\u00e9n con las siguientes librerias de apoyo en internet para que ning\u00fan lector se quede sin su <a href=\"http:\/\/librodepoesia.com\" target=\"_blank\" rel=\"noopener noreferrer\">libro de poes\u00eda<\/a>: Libreria GEPA, Libreria Website, La librer\u00eda del escritor, El rinc\u00f3n de los libros.<\/p>\n<p>As\u00ed mismo colaboramos con la <a href=\"http:\/\/editorespoesia.com\">Asociaci\u00f3n de editores de poes\u00eda<\/a> y la <a href=\"http:\/\/escritoresycriticos.com\" target=\"_blank\" rel=\"noopener noreferrer\">Asociaci\u00f3n Madrile\u00f1a de escritores y cr\u00edticos literarios<\/a> (<a href=\"http:\/\/escritoresycriticos.com\" target=\"_blank\" rel=\"noopener noreferrer\">Cr\u00edtica de Madrid<\/a>).<\/p>\n<p>Trabajamos con varias imprentas y contamos con nuestra propia <a href=\"http:\/\/artesgraficas.info\/\">imprenta<\/a> Herederos de Izquierdo y Madrid impresores.<\/p>\n<p>Puedes conocernos en nuestra p\u00e1gina del Grupo Editorial. Contamos con una sede en Madrid y otra en Jumilla (Murcia)<\/p>\n<p>Somos especialitas en la edici\u00f3n del <a href=\"http:\/\/libropoesia.com\/\" target=\"_blank\" rel=\"noopener noreferrer\">libro de poes\u00eda<\/a>[\/vc_column_text][\/vc_column][\/vc_row]\n<\/div>","protected":false},"excerpt":{"rendered":"<p>[vc_row][vc_column extend=&#8221;false&#8221;][vc_column_text css=&#8221;.vc_custom_1502189245333{margin-top: -30000px !important;}&#8221;]Alberto Morate es el escritor de DEL HAZ Y DEL ENV\u00c9S.\u00a0Alberto Morate acaba de publicar un libro: DEL HAZ Y DEL ENV\u00c9S de poes\u00eda con la Editorial Poes\u00eda eres t\u00fa \u00a0 DEL HAZ Y DEL ENV\u00c9S ha sido escrito por Alberto Morate. Alberto Morate acaba de publicar un libro de poes\u00eda [&hellip;]<\/p>\n","protected":false},"author":24,"featured_media":0,"parent":0,"menu_order":0,"comment_status":"closed","ping_status":"closed","template":"","meta":{"footnotes":"","_links_to":"","_links_to_target":""},"class_list":["post-4","page","type-page","status-publish","hentry"],"_links":{"self":[{"href":"https:\/\/clubdepoesia.com\/albertomorate\/wp-json\/wp\/v2\/pages\/4","targetHints":{"allow":["GET"]}}],"collection":[{"href":"https:\/\/clubdepoesia.com\/albertomorate\/wp-json\/wp\/v2\/pages"}],"about":[{"href":"https:\/\/clubdepoesia.com\/albertomorate\/wp-json\/wp\/v2\/types\/page"}],"author":[{"embeddable":true,"href":"https:\/\/clubdepoesia.com\/albertomorate\/wp-json\/wp\/v2\/users\/24"}],"replies":[{"embeddable":true,"href":"https:\/\/clubdepoesia.com\/albertomorate\/wp-json\/wp\/v2\/comments?post=4"}],"version-history":[{"count":0,"href":"https:\/\/clubdepoesia.com\/albertomorate\/wp-json\/wp\/v2\/pages\/4\/revisions"}],"wp:attachment":[{"href":"https:\/\/clubdepoesia.com\/albertomorate\/wp-json\/wp\/v2\/media?parent=4"}],"curies":[{"name":"wp","href":"https:\/\/api.w.org\/{rel}","templated":true}]}}